{"id":7470,"date":"2011-01-28T00:54:00","date_gmt":"2011-01-27T23:54:00","guid":{"rendered":"https:\/\/www.arnaudfonquerne.com\/series\/cuba-the-second-revolution\/"},"modified":"2026-08-11T14:27:09","modified_gmt":"2026-08-11T12:27:09","slug":"cuba-the-second-revolution","status":"publish","type":"series","link":"https:\/\/www.arnaudfonquerne.com\/en\/series\/cuba-the-second-revolution\/","title":{"rendered":"Cuba : The Second Revolution"},"content":{"rendered":"<p>La paire Castro l\u00e2che peu \u00e0 peu du lest : poudre aux yeux ou lueur d\u2019espoir ? Les jeunes s\u2019expriment sur leur difficult\u00e9s, mais aussi sur leur vision de l\u2019avenir dans ce pays o\u00f9 les droits humains sont toujours viol\u00e9s.<\/p>\n\n<!-- SERIES-GALLERY-START -->\n<div class=\"gspb_id-gsbp-169372c822ee6 gspb-dynamic-acf-gallery wp-block-greenshift-blocks-dynamicgallery\"><div class=\"gspb_gallery_grid gspb_gallery_lightbox\"><a href=\"https:\/\/www.arnaudfonquerne.com\/wp-content\/uploads\/2011\/01\/af-13012011-dsc-0361.jpg\" class=\"imagelink\" title=\"Santiago de Cuba, January 2011.\nSantiago de Cuba, janvier 2011.\"><img decoding=\"async\" width=\"1920\" height=\"1275\" src=\"https:\/\/www.arnaudfonquerne.com\/wp-content\/uploads\/2011\/01\/af-13012011-dsc-0361.jpg\" class=\"attachment-full size-full\" alt=\"\" loading=\"lazy\" srcset=\"https:\/\/www.arnaudfonquerne.com\/wp-content\/uploads\/2011\/01\/af-13012011-dsc-0361.jpg 1920w, https:\/\/www.arnaudfonquerne.com\/wp-content\/uploads\/2011\/01\/af-13012011-dsc-0361-1280x850.jpg 1280w, https:\/\/www.arnaudfonquerne.com\/wp-content\/uploads\/2011\/01\/af-13012011-dsc-0361-768x510.jpg 768w, https:\/\/www.arnaudfonquerne.com\/wp-content\/uploads\/2011\/01\/af-13012011-dsc-0361-1536x1020.jpg 1536w, https:\/\/www.arnaudfonquerne.com\/wp-content\/uploads\/2011\/01\/af-13012011-dsc-0361-600x398.jpg 600w\" sizes=\"auto, (max-width: 1920px) 100vw, 1920px\" \/><\/a><a href=\"https:\/\/www.arnaudfonquerne.com\/wp-content\/uploads\/2011\/01\/af-17012011-dsc-0516.jpg\" class=\"imagelink\" title=\"Santiago de Cuba, January 2011.\rSantiago de Cuba, janvier 2011.\"><img decoding=\"async\" width=\"1920\" height=\"1275\" src=\"https:\/\/www.arnaudfonquerne.com\/wp-content\/uploads\/2011\/01\/af-17012011-dsc-0516.jpg\" class=\"attachment-full size-full\" alt=\"\" loading=\"lazy\" srcset=\"https:\/\/www.arnaudfonquerne.com\/wp-content\/uploads\/2011\/01\/af-17012011-dsc-0516.jpg 1920w, https:\/\/www.arnaudfonquerne.com\/wp-content\/uploads\/2011\/01\/af-17012011-dsc-0516-1280x850.jpg 1280w, https:\/\/www.arnaudfonquerne.com\/wp-content\/uploads\/2011\/01\/af-17012011-dsc-0516-768x510.jpg 768w, https:\/\/www.arnaudfonquerne.com\/wp-content\/uploads\/2011\/01\/af-17012011-dsc-0516-1536x1020.jpg 1536w, https:\/\/www.arnaudfonquerne.com\/wp-content\/uploads\/2011\/01\/af-17012011-dsc-0516-600x398.jpg 600w\" sizes=\"auto, (max-width: 1920px) 100vw, 1920px\" \/><\/a><a href=\"https:\/\/www.arnaudfonquerne.com\/wp-content\/uploads\/2011\/01\/af-10012011-dsc-0225.jpg\" class=\"imagelink\" title=\"Baracoa, Cuba. January 2011.\rBaracoa, Cuba. Janvier 2011.\"><img decoding=\"async\" width=\"1920\" height=\"1275\" src=\"https:\/\/www.arnaudfonquerne.com\/wp-content\/uploads\/2011\/01\/af-10012011-dsc-0225.jpg\" class=\"attachment-full size-full\" alt=\"\" loading=\"lazy\" srcset=\"https:\/\/www.arnaudfonquerne.com\/wp-content\/uploads\/2011\/01\/af-10012011-dsc-0225.jpg 1920w, https:\/\/www.arnaudfonquerne.com\/wp-content\/uploads\/2011\/01\/af-10012011-dsc-0225-1280x850.jpg 1280w, https:\/\/www.arnaudfonquerne.com\/wp-content\/uploads\/2011\/01\/af-10012011-dsc-0225-768x510.jpg 768w, https:\/\/www.arnaudfonquerne.com\/wp-content\/uploads\/2011\/01\/af-10012011-dsc-0225-1536x1020.jpg 1536w, https:\/\/www.arnaudfonquerne.com\/wp-content\/uploads\/2011\/01\/af-10012011-dsc-0225-600x398.jpg 600w\" sizes=\"auto, (max-width: 1920px) 100vw, 1920px\" \/><\/a><a href=\"https:\/\/www.arnaudfonquerne.com\/wp-content\/uploads\/2011\/01\/af-24012011-dsc-0832.jpg\" class=\"imagelink\" title=\"Havana, Cuba. January 2011.\nLa Havane, Cuba. Janvier 2011.\"><img decoding=\"async\" width=\"1920\" height=\"1275\" src=\"https:\/\/www.arnaudfonquerne.com\/wp-content\/uploads\/2011\/01\/af-24012011-dsc-0832.jpg\" class=\"attachment-full size-full\" alt=\"\" loading=\"lazy\" srcset=\"https:\/\/www.arnaudfonquerne.com\/wp-content\/uploads\/2011\/01\/af-24012011-dsc-0832.jpg 1920w, https:\/\/www.arnaudfonquerne.com\/wp-content\/uploads\/2011\/01\/af-24012011-dsc-0832-1280x850.jpg 1280w, https:\/\/www.arnaudfonquerne.com\/wp-content\/uploads\/2011\/01\/af-24012011-dsc-0832-768x510.jpg 768w, https:\/\/www.arnaudfonquerne.com\/wp-content\/uploads\/2011\/01\/af-24012011-dsc-0832-1536x1020.jpg 1536w, https:\/\/www.arnaudfonquerne.com\/wp-content\/uploads\/2011\/01\/af-24012011-dsc-0832-600x398.jpg 600w\" sizes=\"auto, (max-width: 1920px) 100vw, 1920px\" \/><\/a><a href=\"https:\/\/www.arnaudfonquerne.com\/wp-content\/uploads\/2011\/01\/af-19012011-dsc-0607.jpg\" class=\"imagelink\" title=\"Vinales, Cuba. January 2011.\rVinales, Cuba. Janvier 2011.\"><img decoding=\"async\" width=\"1920\" height=\"1275\" src=\"https:\/\/www.arnaudfonquerne.com\/wp-content\/uploads\/2011\/01\/af-19012011-dsc-0607.jpg\" class=\"attachment-full size-full\" alt=\"\" loading=\"lazy\" srcset=\"https:\/\/www.arnaudfonquerne.com\/wp-content\/uploads\/2011\/01\/af-19012011-dsc-0607.jpg 1920w, https:\/\/www.arnaudfonquerne.com\/wp-content\/uploads\/2011\/01\/af-19012011-dsc-0607-1280x850.jpg 1280w, https:\/\/www.arnaudfonquerne.com\/wp-content\/uploads\/2011\/01\/af-19012011-dsc-0607-768x510.jpg 768w, https:\/\/www.arnaudfonquerne.com\/wp-content\/uploads\/2011\/01\/af-19012011-dsc-0607-1536x1020.jpg 1536w, https:\/\/www.arnaudfonquerne.com\/wp-content\/uploads\/2011\/01\/af-19012011-dsc-0607-600x398.jpg 600w\" sizes=\"auto, (max-width: 1920px) 100vw, 1920px\" \/><\/a><a href=\"https:\/\/www.arnaudfonquerne.com\/wp-content\/uploads\/2011\/01\/af-05012011-dsc-0058.jpg\" class=\"imagelink\" title=\"Havana, Cuba. January 2011.\rLa Havane, Cuba. Janvier 2011.\"><img decoding=\"async\" width=\"1920\" height=\"1275\" src=\"https:\/\/www.arnaudfonquerne.com\/wp-content\/uploads\/2011\/01\/af-05012011-dsc-0058.jpg\" class=\"attachment-full size-full\" alt=\"\" loading=\"lazy\" srcset=\"https:\/\/www.arnaudfonquerne.com\/wp-content\/uploads\/2011\/01\/af-05012011-dsc-0058.jpg 1920w, https:\/\/www.arnaudfonquerne.com\/wp-content\/uploads\/2011\/01\/af-05012011-dsc-0058-1280x850.jpg 1280w, https:\/\/www.arnaudfonquerne.com\/wp-content\/uploads\/2011\/01\/af-05012011-dsc-0058-768x510.jpg 768w, https:\/\/www.arnaudfonquerne.com\/wp-content\/uploads\/2011\/01\/af-05012011-dsc-0058-1536x1020.jpg 1536w, https:\/\/www.arnaudfonquerne.com\/wp-content\/uploads\/2011\/01\/af-05012011-dsc-0058-600x398.jpg 600w\" sizes=\"auto, (max-width: 1920px) 100vw, 1920px\" \/><\/a><a href=\"https:\/\/www.arnaudfonquerne.com\/wp-content\/uploads\/2011\/01\/af-05012011-dsc-0035.jpg\" class=\"imagelink\" title=\"Havana, Cuba. January 2011.\nLa Havane, Cuba. Janvier 2011.\"><img decoding=\"async\" width=\"1920\" height=\"1275\" src=\"https:\/\/www.arnaudfonquerne.com\/wp-content\/uploads\/2011\/01\/af-05012011-dsc-0035.jpg\" class=\"attachment-full size-full\" alt=\"\" loading=\"lazy\" srcset=\"https:\/\/www.arnaudfonquerne.com\/wp-content\/uploads\/2011\/01\/af-05012011-dsc-0035.jpg 1920w, https:\/\/www.arnaudfonquerne.com\/wp-content\/uploads\/2011\/01\/af-05012011-dsc-0035-1280x850.jpg 1280w, https:\/\/www.arnaudfonquerne.com\/wp-content\/uploads\/2011\/01\/af-05012011-dsc-0035-768x510.jpg 768w, https:\/\/www.arnaudfonquerne.com\/wp-content\/uploads\/2011\/01\/af-05012011-dsc-0035-1536x1020.jpg 1536w, https:\/\/www.arnaudfonquerne.com\/wp-content\/uploads\/2011\/01\/af-05012011-dsc-0035-600x398.jpg 600w\" sizes=\"auto, (max-width: 1920px) 100vw, 1920px\" \/><\/a><a href=\"https:\/\/www.arnaudfonquerne.com\/wp-content\/uploads\/2011\/01\/af-08012011-dsc-0180.jpg\" class=\"imagelink\" title=\"Baracoa, Cuba. January 2011.\nBaracoa, Cuba. Janvier 2011.\"><img decoding=\"async\" width=\"1920\" height=\"1275\" src=\"https:\/\/www.arnaudfonquerne.com\/wp-content\/uploads\/2011\/01\/af-08012011-dsc-0180.jpg\" class=\"attachment-full size-full\" alt=\"\" loading=\"lazy\" srcset=\"https:\/\/www.arnaudfonquerne.com\/wp-content\/uploads\/2011\/01\/af-08012011-dsc-0180.jpg 1920w, https:\/\/www.arnaudfonquerne.com\/wp-content\/uploads\/2011\/01\/af-08012011-dsc-0180-1280x850.jpg 1280w, https:\/\/www.arnaudfonquerne.com\/wp-content\/uploads\/2011\/01\/af-08012011-dsc-0180-768x510.jpg 768w, https:\/\/www.arnaudfonquerne.com\/wp-content\/uploads\/2011\/01\/af-08012011-dsc-0180-1536x1020.jpg 1536w, https:\/\/www.arnaudfonquerne.com\/wp-content\/uploads\/2011\/01\/af-08012011-dsc-0180-600x398.jpg 600w\" sizes=\"auto, (max-width: 1920px) 100vw, 1920px\" \/><\/a><a href=\"https:\/\/www.arnaudfonquerne.com\/wp-content\/uploads\/2011\/01\/af-24012011-dsc-0830.jpg\" class=\"imagelink\" title=\"Movie theatre of Havana, Cuba. January 2011.\rCin\u00e9ma de La Havane, Cuba. Janvier 2011.\"><img decoding=\"async\" width=\"1920\" height=\"1275\" src=\"https:\/\/www.arnaudfonquerne.com\/wp-content\/uploads\/2011\/01\/af-24012011-dsc-0830.jpg\" class=\"attachment-full size-full\" alt=\"\" loading=\"lazy\" srcset=\"https:\/\/www.arnaudfonquerne.com\/wp-content\/uploads\/2011\/01\/af-24012011-dsc-0830.jpg 1920w, https:\/\/www.arnaudfonquerne.com\/wp-content\/uploads\/2011\/01\/af-24012011-dsc-0830-1280x850.jpg 1280w, https:\/\/www.arnaudfonquerne.com\/wp-content\/uploads\/2011\/01\/af-24012011-dsc-0830-768x510.jpg 768w, https:\/\/www.arnaudfonquerne.com\/wp-content\/uploads\/2011\/01\/af-24012011-dsc-0830-1536x1020.jpg 1536w, https:\/\/www.arnaudfonquerne.com\/wp-content\/uploads\/2011\/01\/af-24012011-dsc-0830-600x398.jpg 600w\" sizes=\"auto, (max-width: 1920px) 100vw, 1920px\" \/><\/a><a href=\"https:\/\/www.arnaudfonquerne.com\/wp-content\/uploads\/2011\/01\/af-13012011-dsc-0384.jpg\" class=\"imagelink\" title=\"Santiago de Cuba, January 2011.\rSantiago de Cuba, janvier 2011.\"><img decoding=\"async\" width=\"1920\" height=\"1275\" src=\"https:\/\/www.arnaudfonquerne.com\/wp-content\/uploads\/2011\/01\/af-13012011-dsc-0384.jpg\" class=\"attachment-full size-full\" alt=\"\" loading=\"lazy\" srcset=\"https:\/\/www.arnaudfonquerne.com\/wp-content\/uploads\/2011\/01\/af-13012011-dsc-0384.jpg 1920w, https:\/\/www.arnaudfonquerne.com\/wp-content\/uploads\/2011\/01\/af-13012011-dsc-0384-1280x850.jpg 1280w, https:\/\/www.arnaudfonquerne.com\/wp-content\/uploads\/2011\/01\/af-13012011-dsc-0384-768x510.jpg 768w, https:\/\/www.arnaudfonquerne.com\/wp-content\/uploads\/2011\/01\/af-13012011-dsc-0384-1536x1020.jpg 1536w, https:\/\/www.arnaudfonquerne.com\/wp-content\/uploads\/2011\/01\/af-13012011-dsc-0384-600x398.jpg 600w\" sizes=\"auto, (max-width: 1920px) 100vw, 1920px\" \/><\/a><a href=\"https:\/\/www.arnaudfonquerne.com\/wp-content\/uploads\/2011\/01\/af-11012011-csc-0335.jpg\" class=\"imagelink\" title=\"Baracoa Baseball Stadium. Cuba. January 2011.\rStade de baseball de Baracoa. Cuba. Janvier 2011.\"><img decoding=\"async\" width=\"1920\" height=\"1279\" src=\"https:\/\/www.arnaudfonquerne.com\/wp-content\/uploads\/2011\/01\/af-11012011-csc-0335.jpg\" class=\"attachment-full size-full\" alt=\"\" loading=\"lazy\" srcset=\"https:\/\/www.arnaudfonquerne.com\/wp-content\/uploads\/2011\/01\/af-11012011-csc-0335.jpg 1920w, https:\/\/www.arnaudfonquerne.com\/wp-content\/uploads\/2011\/01\/af-11012011-csc-0335-1280x853.jpg 1280w, https:\/\/www.arnaudfonquerne.com\/wp-content\/uploads\/2011\/01\/af-11012011-csc-0335-768x512.jpg 768w, https:\/\/www.arnaudfonquerne.com\/wp-content\/uploads\/2011\/01\/af-11012011-csc-0335-1536x1023.jpg 1536w, https:\/\/www.arnaudfonquerne.com\/wp-content\/uploads\/2011\/01\/af-11012011-csc-0335-600x400.jpg 600w\" sizes=\"auto, (max-width: 1920px) 100vw, 1920px\" \/><\/a><a href=\"https:\/\/www.arnaudfonquerne.com\/wp-content\/uploads\/2011\/01\/af-10012011-dsc-0232.jpg\" class=\"imagelink\" title=\"Baracoa, Cuba. January 2011.\rBaracoa, Cuba. Janvier 2011.\"><img decoding=\"async\" width=\"1920\" height=\"1275\" src=\"https:\/\/www.arnaudfonquerne.com\/wp-content\/uploads\/2011\/01\/af-10012011-dsc-0232.jpg\" class=\"attachment-full size-full\" alt=\"\" loading=\"lazy\" srcset=\"https:\/\/www.arnaudfonquerne.com\/wp-content\/uploads\/2011\/01\/af-10012011-dsc-0232.jpg 1920w, https:\/\/www.arnaudfonquerne.com\/wp-content\/uploads\/2011\/01\/af-10012011-dsc-0232-1280x850.jpg 1280w, https:\/\/www.arnaudfonquerne.com\/wp-content\/uploads\/2011\/01\/af-10012011-dsc-0232-768x510.jpg 768w, https:\/\/www.arnaudfonquerne.com\/wp-content\/uploads\/2011\/01\/af-10012011-dsc-0232-1536x1020.jpg 1536w, https:\/\/www.arnaudfonquerne.com\/wp-content\/uploads\/2011\/01\/af-10012011-dsc-0232-600x398.jpg 600w\" sizes=\"auto, (max-width: 1920px) 100vw, 1920px\" \/><\/a><a href=\"https:\/\/www.arnaudfonquerne.com\/wp-content\/uploads\/2011\/01\/af-05012011-dsc-0029.jpg\" class=\"imagelink\" title=\"Havana, Cuba. January 2011.\nLa Havane, Cuba. Janvier 2011.\"><img decoding=\"async\" width=\"1920\" height=\"1275\" src=\"https:\/\/www.arnaudfonquerne.com\/wp-content\/uploads\/2011\/01\/af-05012011-dsc-0029.jpg\" class=\"attachment-full size-full\" alt=\"\" loading=\"lazy\" srcset=\"https:\/\/www.arnaudfonquerne.com\/wp-content\/uploads\/2011\/01\/af-05012011-dsc-0029.jpg 1920w, https:\/\/www.arnaudfonquerne.com\/wp-content\/uploads\/2011\/01\/af-05012011-dsc-0029-1280x850.jpg 1280w, https:\/\/www.arnaudfonquerne.com\/wp-content\/uploads\/2011\/01\/af-05012011-dsc-0029-768x510.jpg 768w, https:\/\/www.arnaudfonquerne.com\/wp-content\/uploads\/2011\/01\/af-05012011-dsc-0029-1536x1020.jpg 1536w, https:\/\/www.arnaudfonquerne.com\/wp-content\/uploads\/2011\/01\/af-05012011-dsc-0029-600x398.jpg 600w\" sizes=\"auto, (max-width: 1920px) 100vw, 1920px\" \/><\/a><a href=\"https:\/\/www.arnaudfonquerne.com\/wp-content\/uploads\/2011\/01\/af-10012011-dsc-0236.jpg\" class=\"imagelink\" title=\"Baracoa, Cuba. January 2011.\rBaracoa, Cuba. Janvier 2011.\"><img decoding=\"async\" width=\"1920\" height=\"1275\" src=\"https:\/\/www.arnaudfonquerne.com\/wp-content\/uploads\/2011\/01\/af-10012011-dsc-0236.jpg\" class=\"attachment-full size-full\" alt=\"\" loading=\"lazy\" srcset=\"https:\/\/www.arnaudfonquerne.com\/wp-content\/uploads\/2011\/01\/af-10012011-dsc-0236.jpg 1920w, https:\/\/www.arnaudfonquerne.com\/wp-content\/uploads\/2011\/01\/af-10012011-dsc-0236-1280x850.jpg 1280w, https:\/\/www.arnaudfonquerne.com\/wp-content\/uploads\/2011\/01\/af-10012011-dsc-0236-768x510.jpg 768w, https:\/\/www.arnaudfonquerne.com\/wp-content\/uploads\/2011\/01\/af-10012011-dsc-0236-1536x1020.jpg 1536w, https:\/\/www.arnaudfonquerne.com\/wp-content\/uploads\/2011\/01\/af-10012011-dsc-0236-600x398.jpg 600w\" sizes=\"auto, (max-width: 1920px) 100vw, 1920px\" \/><\/a><a href=\"https:\/\/www.arnaudfonquerne.com\/wp-content\/uploads\/2011\/01\/af-11012011-dsc-0261.jpg\" class=\"imagelink\" title=\"Baracoa, Cuba. January 2011.\nBaracoa, Cuba. Janvier 2011.\"><img decoding=\"async\" width=\"1920\" height=\"1275\" src=\"https:\/\/www.arnaudfonquerne.com\/wp-content\/uploads\/2011\/01\/af-11012011-dsc-0261.jpg\" class=\"attachment-full size-full\" alt=\"\" loading=\"lazy\" srcset=\"https:\/\/www.arnaudfonquerne.com\/wp-content\/uploads\/2011\/01\/af-11012011-dsc-0261.jpg 1920w, https:\/\/www.arnaudfonquerne.com\/wp-content\/uploads\/2011\/01\/af-11012011-dsc-0261-1280x850.jpg 1280w, https:\/\/www.arnaudfonquerne.com\/wp-content\/uploads\/2011\/01\/af-11012011-dsc-0261-768x510.jpg 768w, https:\/\/www.arnaudfonquerne.com\/wp-content\/uploads\/2011\/01\/af-11012011-dsc-0261-1536x1020.jpg 1536w, https:\/\/www.arnaudfonquerne.com\/wp-content\/uploads\/2011\/01\/af-11012011-dsc-0261-600x398.jpg 600w\" sizes=\"auto, (max-width: 1920px) 100vw, 1920px\" \/><\/a><a href=\"https:\/\/www.arnaudfonquerne.com\/wp-content\/uploads\/2011\/01\/af-11012011-dsc-0320.jpg\" class=\"imagelink\" title=\"Baracoa Baseball Stadium. Cuba. January 2011.\nStade de baseball de Baracoa. Cuba. Janvier 2011.\"><img decoding=\"async\" width=\"1920\" height=\"1280\" src=\"https:\/\/www.arnaudfonquerne.com\/wp-content\/uploads\/2011\/01\/af-11012011-dsc-0320.jpg\" class=\"attachment-full size-full\" alt=\"\" loading=\"lazy\" srcset=\"https:\/\/www.arnaudfonquerne.com\/wp-content\/uploads\/2011\/01\/af-11012011-dsc-0320.jpg 1920w, https:\/\/www.arnaudfonquerne.com\/wp-content\/uploads\/2011\/01\/af-11012011-dsc-0320-1280x853.jpg 1280w, https:\/\/www.arnaudfonquerne.com\/wp-content\/uploads\/2011\/01\/af-11012011-dsc-0320-768x512.jpg 768w, https:\/\/www.arnaudfonquerne.com\/wp-content\/uploads\/2011\/01\/af-11012011-dsc-0320-1536x1024.jpg 1536w, https:\/\/www.arnaudfonquerne.com\/wp-content\/uploads\/2011\/01\/af-11012011-dsc-0320-600x400.jpg 600w\" sizes=\"auto, (max-width: 1920px) 100vw, 1920px\" \/><\/a><a href=\"https:\/\/www.arnaudfonquerne.com\/wp-content\/uploads\/2011\/01\/af-10012011-dsc-0242.jpg\" class=\"imagelink\" title=\"Baracoa, Cuba. January 2011.\nBaracoa, Cuba. Janvier 2011.\"><img decoding=\"async\" width=\"1920\" height=\"1275\" src=\"https:\/\/www.arnaudfonquerne.com\/wp-content\/uploads\/2011\/01\/af-10012011-dsc-0242.jpg\" class=\"attachment-full size-full\" alt=\"\" loading=\"lazy\" srcset=\"https:\/\/www.arnaudfonquerne.com\/wp-content\/uploads\/2011\/01\/af-10012011-dsc-0242.jpg 1920w, https:\/\/www.arnaudfonquerne.com\/wp-content\/uploads\/2011\/01\/af-10012011-dsc-0242-1280x850.jpg 1280w, https:\/\/www.arnaudfonquerne.com\/wp-content\/uploads\/2011\/01\/af-10012011-dsc-0242-768x510.jpg 768w, https:\/\/www.arnaudfonquerne.com\/wp-content\/uploads\/2011\/01\/af-10012011-dsc-0242-1536x1020.jpg 1536w, https:\/\/www.arnaudfonquerne.com\/wp-content\/uploads\/2011\/01\/af-10012011-dsc-0242-600x398.jpg 600w\" sizes=\"auto, (max-width: 1920px) 100vw, 1920px\" \/><\/a><a href=\"https:\/\/www.arnaudfonquerne.com\/wp-content\/uploads\/2011\/01\/af-11012011-dsc-0251.jpg\" class=\"imagelink\" title=\"A CDR (Comit\u00e9s de Defensa de la Revoluci\u00f3n). Baracoa, Cuba, January 2011.\rUn CDR (comit\u00e9 de d\u00e9fense de la R\u00e9volution). Baracoa, Cuba, janvier 2011.\"><img decoding=\"async\" width=\"1920\" height=\"1275\" src=\"https:\/\/www.arnaudfonquerne.com\/wp-content\/uploads\/2011\/01\/af-11012011-dsc-0251.jpg\" class=\"attachment-full size-full\" alt=\"\" loading=\"lazy\" srcset=\"https:\/\/www.arnaudfonquerne.com\/wp-content\/uploads\/2011\/01\/af-11012011-dsc-0251.jpg 1920w, https:\/\/www.arnaudfonquerne.com\/wp-content\/uploads\/2011\/01\/af-11012011-dsc-0251-1280x850.jpg 1280w, https:\/\/www.arnaudfonquerne.com\/wp-content\/uploads\/2011\/01\/af-11012011-dsc-0251-768x510.jpg 768w, https:\/\/www.arnaudfonquerne.com\/wp-content\/uploads\/2011\/01\/af-11012011-dsc-0251-1536x1020.jpg 1536w, https:\/\/www.arnaudfonquerne.com\/wp-content\/uploads\/2011\/01\/af-11012011-dsc-0251-600x398.jpg 600w\" sizes=\"auto, (max-width: 1920px) 100vw, 1920px\" \/><\/a><a href=\"https:\/\/www.arnaudfonquerne.com\/wp-content\/uploads\/2011\/01\/af-11012011-dsc-0264.jpg\" class=\"imagelink\" title=\"A CDR (Comit\u00e9s de Defensa de la Revoluci\u00f3n). Baracoa, Cuba, January 2011.\nUn CDR (comit\u00e9 de d\u00e9fense de la R\u00e9volution). Baracoa, Cuba, janvier 2011.\"><img decoding=\"async\" width=\"1920\" height=\"1275\" src=\"https:\/\/www.arnaudfonquerne.com\/wp-content\/uploads\/2011\/01\/af-11012011-dsc-0264.jpg\" class=\"attachment-full size-full\" alt=\"\" loading=\"lazy\" srcset=\"https:\/\/www.arnaudfonquerne.com\/wp-content\/uploads\/2011\/01\/af-11012011-dsc-0264.jpg 1920w, https:\/\/www.arnaudfonquerne.com\/wp-content\/uploads\/2011\/01\/af-11012011-dsc-0264-1280x850.jpg 1280w, https:\/\/www.arnaudfonquerne.com\/wp-content\/uploads\/2011\/01\/af-11012011-dsc-0264-768x510.jpg 768w, https:\/\/www.arnaudfonquerne.com\/wp-content\/uploads\/2011\/01\/af-11012011-dsc-0264-1536x1020.jpg 1536w, https:\/\/www.arnaudfonquerne.com\/wp-content\/uploads\/2011\/01\/af-11012011-dsc-0264-600x398.jpg 600w\" sizes=\"auto, (max-width: 1920px) 100vw, 1920px\" \/><\/a><a href=\"https:\/\/www.arnaudfonquerne.com\/wp-content\/uploads\/2011\/01\/af-24012011-dsc-0821.jpg\" class=\"imagelink\" title=\"Propaganda panel for the 52nd anniversary of the Cuban Revolution. Havana, January 2011.\nPanneau de propagande pour le 52e anniversaire de la R\u00e9volution cubaine. La Havane, janvier 2011.\"><img decoding=\"async\" width=\"1920\" height=\"1275\" src=\"https:\/\/www.arnaudfonquerne.com\/wp-content\/uploads\/2011\/01\/af-24012011-dsc-0821.jpg\" class=\"attachment-full size-full\" alt=\"\" loading=\"lazy\" srcset=\"https:\/\/www.arnaudfonquerne.com\/wp-content\/uploads\/2011\/01\/af-24012011-dsc-0821.jpg 1920w, https:\/\/www.arnaudfonquerne.com\/wp-content\/uploads\/2011\/01\/af-24012011-dsc-0821-1280x850.jpg 1280w, https:\/\/www.arnaudfonquerne.com\/wp-content\/uploads\/2011\/01\/af-24012011-dsc-0821-768x510.jpg 768w, https:\/\/www.arnaudfonquerne.com\/wp-content\/uploads\/2011\/01\/af-24012011-dsc-0821-1536x1020.jpg 1536w, https:\/\/www.arnaudfonquerne.com\/wp-content\/uploads\/2011\/01\/af-24012011-dsc-0821-600x398.jpg 600w\" sizes=\"auto, (max-width: 1920px) 100vw, 1920px\" \/><\/a><a href=\"https:\/\/www.arnaudfonquerne.com\/wp-content\/uploads\/2011\/01\/af-13012011-dsc-0379.jpg\" class=\"imagelink\" title=\"Santiago de Cuba, January 2011.\rSantiago de Cuba, janvier 2011.\"><img decoding=\"async\" width=\"1920\" height=\"1275\" src=\"https:\/\/www.arnaudfonquerne.com\/wp-content\/uploads\/2011\/01\/af-13012011-dsc-0379.jpg\" class=\"attachment-full size-full\" alt=\"\" loading=\"lazy\" srcset=\"https:\/\/www.arnaudfonquerne.com\/wp-content\/uploads\/2011\/01\/af-13012011-dsc-0379.jpg 1920w, https:\/\/www.arnaudfonquerne.com\/wp-content\/uploads\/2011\/01\/af-13012011-dsc-0379-1280x850.jpg 1280w, https:\/\/www.arnaudfonquerne.com\/wp-content\/uploads\/2011\/01\/af-13012011-dsc-0379-768x510.jpg 768w, https:\/\/www.arnaudfonquerne.com\/wp-content\/uploads\/2011\/01\/af-13012011-dsc-0379-1536x1020.jpg 1536w, https:\/\/www.arnaudfonquerne.com\/wp-content\/uploads\/2011\/01\/af-13012011-dsc-0379-600x398.jpg 600w\" sizes=\"auto, (max-width: 1920px) 100vw, 1920px\" \/><\/a><\/div><\/div>\n<!-- SERIES-GALLERY-END -->\n\n","protected":false},"featured_media":4334,"template":"","meta":{"_acf_changed":false,"_gspb_post_css":""},"categorie-series":[205],"class_list":["post-7470","series","type-series","status-publish","has-post-thumbnail","hentry","categorie-series-personnel"],"acf":[],"_links":{"self":[{"href":"https:\/\/www.arnaudfonquerne.com\/en\/wp-json\/wp\/v2\/series\/7470","targetHints":{"allow":["GET"]}}],"collection":[{"href":"https:\/\/www.arnaudfonquerne.com\/en\/wp-json\/wp\/v2\/series"}],"about":[{"href":"https:\/\/www.arnaudfonquerne.com\/en\/wp-json\/wp\/v2\/types\/series"}],"wp:featuredmedia":[{"embeddable":true,"href":"https:\/\/www.arnaudfonquerne.com\/en\/wp-json\/wp\/v2\/media\/4334"}],"wp:attachment":[{"href":"https:\/\/www.arnaudfonquerne.com\/en\/wp-json\/wp\/v2\/media?parent=7470"}],"wp:term":[{"taxonomy":"categorie-series","embeddable":true,"href":"https:\/\/www.arnaudfonquerne.com\/en\/wp-json\/wp\/v2\/categorie-series?post=7470"}],"curies":[{"name":"wp","href":"https:\/\/api.w.org\/{rel}","templated":true}]}}