{"id":7474,"date":"2015-12-13T09:50:24","date_gmt":"2015-12-13T08:50:24","guid":{"rendered":"https:\/\/www.arnaudfonquerne.com\/series\/cop21-the-last-push\/"},"modified":"2026-08-11T14:27:10","modified_gmt":"2026-08-11T12:27:10","slug":"cop21-the-last-push","status":"publish","type":"series","link":"https:\/\/www.arnaudfonquerne.com\/en\/series\/cop21-the-last-push\/","title":{"rendered":"COP21, The Last Push"},"content":{"rendered":"<p>Des milliers de militants \u00e9cologistes se sont rassembl\u00e9s samedi 12 d\u00e9cembre sur le Champ-de-Mars, au pied de la tour Eiffel, pour marquer la fin de la COP21. Paris, 12 d\u00e9cembre 2015.<\/p>\n\n<!-- SERIES-GALLERY-START -->\n<div class=\"gspb_id-gsbp-fdbb8b0a4dffc gspb-dynamic-acf-gallery wp-block-greenshift-blocks-dynamicgallery\"><div class=\"gspb_gallery_grid gspb_gallery_lightbox\"><a href=\"https:\/\/www.arnaudfonquerne.com\/wp-content\/uploads\/2015\/12\/af-12122015-dsc6626.jpg\" class=\"imagelink\" title=\"Thousands of environmental activists gathered on the Champ-de-Mars at the foot of the Eiffel Tower to mark the end of the COP21. Paris, 12 December 2015.\nDes milliers de militants \u00e9cologistes se sont rassembl\u00e9s sur le Champ-de-Mars, au pied de la tour Eiffel, pour marquer la fin de la COP21. Paris, 12 d\u00e9cembre 2015.\"><img decoding=\"async\" width=\"1920\" height=\"1920\" src=\"https:\/\/www.arnaudfonquerne.com\/wp-content\/uploads\/2015\/12\/af-12122015-dsc6626.jpg\" class=\"attachment-full size-full\" alt=\"\" loading=\"lazy\" srcset=\"https:\/\/www.arnaudfonquerne.com\/wp-content\/uploads\/2015\/12\/af-12122015-dsc6626.jpg 1920w, https:\/\/www.arnaudfonquerne.com\/wp-content\/uploads\/2015\/12\/af-12122015-dsc6626-720x720.jpg 720w, https:\/\/www.arnaudfonquerne.com\/wp-content\/uploads\/2015\/12\/af-12122015-dsc6626-1280x1280.jpg 1280w, https:\/\/www.arnaudfonquerne.com\/wp-content\/uploads\/2015\/12\/af-12122015-dsc6626-768x768.jpg 768w, https:\/\/www.arnaudfonquerne.com\/wp-content\/uploads\/2015\/12\/af-12122015-dsc6626-1536x1536.jpg 1536w, https:\/\/www.arnaudfonquerne.com\/wp-content\/uploads\/2015\/12\/af-12122015-dsc6626-300x300.jpg 300w, https:\/\/www.arnaudfonquerne.com\/wp-content\/uploads\/2015\/12\/af-12122015-dsc6626-600x600.jpg 600w, https:\/\/www.arnaudfonquerne.com\/wp-content\/uploads\/2015\/12\/af-12122015-dsc6626-100x100.jpg 100w\" sizes=\"auto, (max-width: 1920px) 100vw, 1920px\" \/><\/a><a href=\"https:\/\/www.arnaudfonquerne.com\/wp-content\/uploads\/2015\/12\/af-12122015-dsc6621.jpg\" class=\"imagelink\" title=\"Thousands of environmental activists gathered on the Champ-de-Mars at the foot of the Eiffel Tower to mark the end of the COP21. Paris, 12 December 2015.\rDes milliers de militants \u00e9cologistes se sont rassembl\u00e9s sur le Champ-de-Mars, au pied de la tour Eiffel, pour marquer la fin de la COP21. Paris, 12 d\u00e9cembre 2015.\"><img decoding=\"async\" width=\"1920\" height=\"1920\" src=\"https:\/\/www.arnaudfonquerne.com\/wp-content\/uploads\/2015\/12\/af-12122015-dsc6621.jpg\" class=\"attachment-full size-full\" alt=\"\" loading=\"lazy\" srcset=\"https:\/\/www.arnaudfonquerne.com\/wp-content\/uploads\/2015\/12\/af-12122015-dsc6621.jpg 1920w, https:\/\/www.arnaudfonquerne.com\/wp-content\/uploads\/2015\/12\/af-12122015-dsc6621-720x720.jpg 720w, https:\/\/www.arnaudfonquerne.com\/wp-content\/uploads\/2015\/12\/af-12122015-dsc6621-1280x1280.jpg 1280w, https:\/\/www.arnaudfonquerne.com\/wp-content\/uploads\/2015\/12\/af-12122015-dsc6621-768x768.jpg 768w, https:\/\/www.arnaudfonquerne.com\/wp-content\/uploads\/2015\/12\/af-12122015-dsc6621-1536x1536.jpg 1536w, https:\/\/www.arnaudfonquerne.com\/wp-content\/uploads\/2015\/12\/af-12122015-dsc6621-300x300.jpg 300w, https:\/\/www.arnaudfonquerne.com\/wp-content\/uploads\/2015\/12\/af-12122015-dsc6621-600x600.jpg 600w, https:\/\/www.arnaudfonquerne.com\/wp-content\/uploads\/2015\/12\/af-12122015-dsc6621-100x100.jpg 100w\" sizes=\"auto, (max-width: 1920px) 100vw, 1920px\" \/><\/a><a href=\"https:\/\/www.arnaudfonquerne.com\/wp-content\/uploads\/2015\/12\/af-12122015-dsc6574.jpg\" class=\"imagelink\" title=\"Thousands of environmental activists gathered on the Champ-de-Mars at the foot of the Eiffel Tower to mark the end of the COP21. Paris, 12 December 2015.\nDes milliers de militants \u00e9cologistes se sont rassembl\u00e9s sur le Champ-de-Mars, au pied de la tour Eiffel, pour marquer la fin de la COP21. Paris, 12 d\u00e9cembre 2015.\"><img decoding=\"async\" width=\"1920\" height=\"1920\" src=\"https:\/\/www.arnaudfonquerne.com\/wp-content\/uploads\/2015\/12\/af-12122015-dsc6574.jpg\" class=\"attachment-full size-full\" alt=\"\" loading=\"lazy\" srcset=\"https:\/\/www.arnaudfonquerne.com\/wp-content\/uploads\/2015\/12\/af-12122015-dsc6574.jpg 1920w, https:\/\/www.arnaudfonquerne.com\/wp-content\/uploads\/2015\/12\/af-12122015-dsc6574-720x720.jpg 720w, https:\/\/www.arnaudfonquerne.com\/wp-content\/uploads\/2015\/12\/af-12122015-dsc6574-1280x1280.jpg 1280w, https:\/\/www.arnaudfonquerne.com\/wp-content\/uploads\/2015\/12\/af-12122015-dsc6574-768x768.jpg 768w, https:\/\/www.arnaudfonquerne.com\/wp-content\/uploads\/2015\/12\/af-12122015-dsc6574-1536x1536.jpg 1536w, https:\/\/www.arnaudfonquerne.com\/wp-content\/uploads\/2015\/12\/af-12122015-dsc6574-300x300.jpg 300w, https:\/\/www.arnaudfonquerne.com\/wp-content\/uploads\/2015\/12\/af-12122015-dsc6574-600x600.jpg 600w, https:\/\/www.arnaudfonquerne.com\/wp-content\/uploads\/2015\/12\/af-12122015-dsc6574-100x100.jpg 100w\" sizes=\"auto, (max-width: 1920px) 100vw, 1920px\" \/><\/a><a href=\"https:\/\/www.arnaudfonquerne.com\/wp-content\/uploads\/2015\/12\/af-12122015-dsc6481.jpg\" class=\"imagelink\" title=\"Thousands of environmental activists gathered on the Champ-de-Mars at the foot of the Eiffel Tower to mark the end of the COP21. Paris, 12 December 2015.\nDes milliers de militants \u00e9cologistes se sont rassembl\u00e9s sur le Champ-de-Mars, au pied de la tour Eiffel, pour marquer la fin de la COP21. Paris, 12 d\u00e9cembre 2015.\"><img decoding=\"async\" width=\"1920\" height=\"1920\" src=\"https:\/\/www.arnaudfonquerne.com\/wp-content\/uploads\/2015\/12\/af-12122015-dsc6481.jpg\" class=\"attachment-full size-full\" alt=\"\" loading=\"lazy\" srcset=\"https:\/\/www.arnaudfonquerne.com\/wp-content\/uploads\/2015\/12\/af-12122015-dsc6481.jpg 1920w, https:\/\/www.arnaudfonquerne.com\/wp-content\/uploads\/2015\/12\/af-12122015-dsc6481-720x720.jpg 720w, https:\/\/www.arnaudfonquerne.com\/wp-content\/uploads\/2015\/12\/af-12122015-dsc6481-1280x1280.jpg 1280w, https:\/\/www.arnaudfonquerne.com\/wp-content\/uploads\/2015\/12\/af-12122015-dsc6481-768x768.jpg 768w, https:\/\/www.arnaudfonquerne.com\/wp-content\/uploads\/2015\/12\/af-12122015-dsc6481-1536x1536.jpg 1536w, https:\/\/www.arnaudfonquerne.com\/wp-content\/uploads\/2015\/12\/af-12122015-dsc6481-300x300.jpg 300w, https:\/\/www.arnaudfonquerne.com\/wp-content\/uploads\/2015\/12\/af-12122015-dsc6481-600x600.jpg 600w, https:\/\/www.arnaudfonquerne.com\/wp-content\/uploads\/2015\/12\/af-12122015-dsc6481-100x100.jpg 100w\" sizes=\"auto, (max-width: 1920px) 100vw, 1920px\" \/><\/a><a href=\"https:\/\/www.arnaudfonquerne.com\/wp-content\/uploads\/2015\/12\/af-12122015-dsc6537.jpg\" class=\"imagelink\" title=\"Thousands of environmental activists gathered on the Champ-de-Mars at the foot of the Eiffel Tower to mark the end of the COP21. Paris, 12 December 2015.\rDes milliers de militants \u00e9cologistes se sont rassembl\u00e9s sur le Champ-de-Mars, au pied de la tour Eiffel, pour marquer la fin de la COP21. Paris, 12 d\u00e9cembre 2015.\"><img decoding=\"async\" width=\"1920\" height=\"1920\" src=\"https:\/\/www.arnaudfonquerne.com\/wp-content\/uploads\/2015\/12\/af-12122015-dsc6537.jpg\" class=\"attachment-full size-full\" alt=\"\" loading=\"lazy\" srcset=\"https:\/\/www.arnaudfonquerne.com\/wp-content\/uploads\/2015\/12\/af-12122015-dsc6537.jpg 1920w, https:\/\/www.arnaudfonquerne.com\/wp-content\/uploads\/2015\/12\/af-12122015-dsc6537-720x720.jpg 720w, https:\/\/www.arnaudfonquerne.com\/wp-content\/uploads\/2015\/12\/af-12122015-dsc6537-1280x1280.jpg 1280w, https:\/\/www.arnaudfonquerne.com\/wp-content\/uploads\/2015\/12\/af-12122015-dsc6537-768x768.jpg 768w, https:\/\/www.arnaudfonquerne.com\/wp-content\/uploads\/2015\/12\/af-12122015-dsc6537-1536x1536.jpg 1536w, https:\/\/www.arnaudfonquerne.com\/wp-content\/uploads\/2015\/12\/af-12122015-dsc6537-300x300.jpg 300w, https:\/\/www.arnaudfonquerne.com\/wp-content\/uploads\/2015\/12\/af-12122015-dsc6537-600x600.jpg 600w, https:\/\/www.arnaudfonquerne.com\/wp-content\/uploads\/2015\/12\/af-12122015-dsc6537-100x100.jpg 100w\" sizes=\"auto, (max-width: 1920px) 100vw, 1920px\" \/><\/a><a href=\"https:\/\/www.arnaudfonquerne.com\/wp-content\/uploads\/2015\/12\/af-12122015-dsc6526.jpg\" class=\"imagelink\" title=\"Thousands of environmental activists gathered on the Champ-de-Mars at the foot of the Eiffel Tower to mark the end of the COP21. Paris, 12 December 2015.\rDes milliers de militants \u00e9cologistes se sont rassembl\u00e9s sur le Champ-de-Mars, au pied de la tour Eiffel, pour marquer la fin de la COP21. Paris, 12 d\u00e9cembre 2015.\"><img decoding=\"async\" width=\"1920\" height=\"1920\" src=\"https:\/\/www.arnaudfonquerne.com\/wp-content\/uploads\/2015\/12\/af-12122015-dsc6526.jpg\" class=\"attachment-full size-full\" alt=\"\" loading=\"lazy\" srcset=\"https:\/\/www.arnaudfonquerne.com\/wp-content\/uploads\/2015\/12\/af-12122015-dsc6526.jpg 1920w, https:\/\/www.arnaudfonquerne.com\/wp-content\/uploads\/2015\/12\/af-12122015-dsc6526-720x720.jpg 720w, https:\/\/www.arnaudfonquerne.com\/wp-content\/uploads\/2015\/12\/af-12122015-dsc6526-1280x1280.jpg 1280w, https:\/\/www.arnaudfonquerne.com\/wp-content\/uploads\/2015\/12\/af-12122015-dsc6526-768x768.jpg 768w, https:\/\/www.arnaudfonquerne.com\/wp-content\/uploads\/2015\/12\/af-12122015-dsc6526-1536x1536.jpg 1536w, https:\/\/www.arnaudfonquerne.com\/wp-content\/uploads\/2015\/12\/af-12122015-dsc6526-300x300.jpg 300w, https:\/\/www.arnaudfonquerne.com\/wp-content\/uploads\/2015\/12\/af-12122015-dsc6526-600x600.jpg 600w, https:\/\/www.arnaudfonquerne.com\/wp-content\/uploads\/2015\/12\/af-12122015-dsc6526-100x100.jpg 100w\" sizes=\"auto, (max-width: 1920px) 100vw, 1920px\" \/><\/a><a href=\"https:\/\/www.arnaudfonquerne.com\/wp-content\/uploads\/2015\/12\/af-12122015-dsc6528.jpg\" class=\"imagelink\" title=\"Thousands of environmental activists gathered on the Champ-de-Mars at the foot of the Eiffel Tower to mark the end of the COP21. Paris, 12 December 2015.\rDes milliers de militants \u00e9cologistes se sont rassembl\u00e9s sur le Champ-de-Mars, au pied de la tour Eiffel, pour marquer la fin de la COP21. Paris, 12 d\u00e9cembre 2015.\"><img decoding=\"async\" width=\"1920\" height=\"1920\" src=\"https:\/\/www.arnaudfonquerne.com\/wp-content\/uploads\/2015\/12\/af-12122015-dsc6528.jpg\" class=\"attachment-full size-full\" alt=\"\" loading=\"lazy\" srcset=\"https:\/\/www.arnaudfonquerne.com\/wp-content\/uploads\/2015\/12\/af-12122015-dsc6528.jpg 1920w, https:\/\/www.arnaudfonquerne.com\/wp-content\/uploads\/2015\/12\/af-12122015-dsc6528-720x720.jpg 720w, https:\/\/www.arnaudfonquerne.com\/wp-content\/uploads\/2015\/12\/af-12122015-dsc6528-1280x1280.jpg 1280w, https:\/\/www.arnaudfonquerne.com\/wp-content\/uploads\/2015\/12\/af-12122015-dsc6528-768x768.jpg 768w, https:\/\/www.arnaudfonquerne.com\/wp-content\/uploads\/2015\/12\/af-12122015-dsc6528-1536x1536.jpg 1536w, https:\/\/www.arnaudfonquerne.com\/wp-content\/uploads\/2015\/12\/af-12122015-dsc6528-300x300.jpg 300w, https:\/\/www.arnaudfonquerne.com\/wp-content\/uploads\/2015\/12\/af-12122015-dsc6528-600x600.jpg 600w, https:\/\/www.arnaudfonquerne.com\/wp-content\/uploads\/2015\/12\/af-12122015-dsc6528-100x100.jpg 100w\" sizes=\"auto, (max-width: 1920px) 100vw, 1920px\" \/><\/a><a href=\"https:\/\/www.arnaudfonquerne.com\/wp-content\/uploads\/2015\/12\/af-12122015-dsc6532.jpg\" class=\"imagelink\" title=\"Thousands of environmental activists gathered on the Champ-de-Mars at the foot of the Eiffel Tower to mark the end of the COP21. Paris, 12 December 2015.\nDes milliers de militants \u00e9cologistes se sont rassembl\u00e9s sur le Champ-de-Mars, au pied de la tour Eiffel, pour marquer la fin de la COP21. Paris, 12 d\u00e9cembre 2015.\"><img decoding=\"async\" width=\"1920\" height=\"1920\" src=\"https:\/\/www.arnaudfonquerne.com\/wp-content\/uploads\/2015\/12\/af-12122015-dsc6532.jpg\" class=\"attachment-full size-full\" alt=\"\" loading=\"lazy\" srcset=\"https:\/\/www.arnaudfonquerne.com\/wp-content\/uploads\/2015\/12\/af-12122015-dsc6532.jpg 1920w, https:\/\/www.arnaudfonquerne.com\/wp-content\/uploads\/2015\/12\/af-12122015-dsc6532-720x720.jpg 720w, https:\/\/www.arnaudfonquerne.com\/wp-content\/uploads\/2015\/12\/af-12122015-dsc6532-1280x1280.jpg 1280w, https:\/\/www.arnaudfonquerne.com\/wp-content\/uploads\/2015\/12\/af-12122015-dsc6532-768x768.jpg 768w, https:\/\/www.arnaudfonquerne.com\/wp-content\/uploads\/2015\/12\/af-12122015-dsc6532-1536x1536.jpg 1536w, https:\/\/www.arnaudfonquerne.com\/wp-content\/uploads\/2015\/12\/af-12122015-dsc6532-300x300.jpg 300w, https:\/\/www.arnaudfonquerne.com\/wp-content\/uploads\/2015\/12\/af-12122015-dsc6532-600x600.jpg 600w, https:\/\/www.arnaudfonquerne.com\/wp-content\/uploads\/2015\/12\/af-12122015-dsc6532-100x100.jpg 100w\" sizes=\"auto, (max-width: 1920px) 100vw, 1920px\" \/><\/a><a href=\"https:\/\/www.arnaudfonquerne.com\/wp-content\/uploads\/2015\/12\/af-12122015-dsc6610.jpg\" class=\"imagelink\" title=\"Thousands of environmental activists gathered on the Champ-de-Mars at the foot of the Eiffel Tower to mark the end of the COP21. Paris, 12 December 2015.\rDes milliers de militants \u00e9cologistes se sont rassembl\u00e9s sur le Champ-de-Mars, au pied de la tour Eiffel, pour marquer la fin de la COP21. Paris, 12 d\u00e9cembre 2015.\"><img decoding=\"async\" width=\"1920\" height=\"1920\" src=\"https:\/\/www.arnaudfonquerne.com\/wp-content\/uploads\/2015\/12\/af-12122015-dsc6610.jpg\" class=\"attachment-full size-full\" alt=\"\" loading=\"lazy\" srcset=\"https:\/\/www.arnaudfonquerne.com\/wp-content\/uploads\/2015\/12\/af-12122015-dsc6610.jpg 1920w, https:\/\/www.arnaudfonquerne.com\/wp-content\/uploads\/2015\/12\/af-12122015-dsc6610-720x720.jpg 720w, https:\/\/www.arnaudfonquerne.com\/wp-content\/uploads\/2015\/12\/af-12122015-dsc6610-1280x1280.jpg 1280w, https:\/\/www.arnaudfonquerne.com\/wp-content\/uploads\/2015\/12\/af-12122015-dsc6610-768x768.jpg 768w, https:\/\/www.arnaudfonquerne.com\/wp-content\/uploads\/2015\/12\/af-12122015-dsc6610-1536x1536.jpg 1536w, https:\/\/www.arnaudfonquerne.com\/wp-content\/uploads\/2015\/12\/af-12122015-dsc6610-300x300.jpg 300w, https:\/\/www.arnaudfonquerne.com\/wp-content\/uploads\/2015\/12\/af-12122015-dsc6610-600x600.jpg 600w, https:\/\/www.arnaudfonquerne.com\/wp-content\/uploads\/2015\/12\/af-12122015-dsc6610-100x100.jpg 100w\" sizes=\"auto, (max-width: 1920px) 100vw, 1920px\" \/><\/a><a href=\"https:\/\/www.arnaudfonquerne.com\/wp-content\/uploads\/2015\/12\/af-12122015-dsc6487.jpg\" class=\"imagelink\" title=\"Thousands of environmental activists gathered on the Champ-de-Mars at the foot of the Eiffel Tower to mark the end of the COP21. Paris, 12 December 2015.\rDes milliers de militants \u00e9cologistes se sont rassembl\u00e9s sur le Champ-de-Mars, au pied de la tour Eiffel, pour marquer la fin de la COP21. Paris, 12 d\u00e9cembre 2015.\"><img decoding=\"async\" width=\"1920\" height=\"1920\" src=\"https:\/\/www.arnaudfonquerne.com\/wp-content\/uploads\/2015\/12\/af-12122015-dsc6487.jpg\" class=\"attachment-full size-full\" alt=\"\" loading=\"lazy\" srcset=\"https:\/\/www.arnaudfonquerne.com\/wp-content\/uploads\/2015\/12\/af-12122015-dsc6487.jpg 1920w, https:\/\/www.arnaudfonquerne.com\/wp-content\/uploads\/2015\/12\/af-12122015-dsc6487-720x720.jpg 720w, https:\/\/www.arnaudfonquerne.com\/wp-content\/uploads\/2015\/12\/af-12122015-dsc6487-1280x1280.jpg 1280w, https:\/\/www.arnaudfonquerne.com\/wp-content\/uploads\/2015\/12\/af-12122015-dsc6487-768x768.jpg 768w, https:\/\/www.arnaudfonquerne.com\/wp-content\/uploads\/2015\/12\/af-12122015-dsc6487-1536x1536.jpg 1536w, https:\/\/www.arnaudfonquerne.com\/wp-content\/uploads\/2015\/12\/af-12122015-dsc6487-300x300.jpg 300w, https:\/\/www.arnaudfonquerne.com\/wp-content\/uploads\/2015\/12\/af-12122015-dsc6487-600x600.jpg 600w, https:\/\/www.arnaudfonquerne.com\/wp-content\/uploads\/2015\/12\/af-12122015-dsc6487-100x100.jpg 100w\" sizes=\"auto, (max-width: 1920px) 100vw, 1920px\" \/><\/a><a href=\"https:\/\/www.arnaudfonquerne.com\/wp-content\/uploads\/2015\/12\/af-12122015-dsc6561.jpg\" class=\"imagelink\" title=\"Thousands of environmental activists gathered on the Champ-de-Mars at the foot of the Eiffel Tower to mark the end of the COP21. Paris, 12 December 2015.\nDes milliers de militants \u00e9cologistes se sont rassembl\u00e9s sur le Champ-de-Mars, au pied de la tour Eiffel, pour marquer la fin de la COP21. Paris, 12 d\u00e9cembre 2015.\"><img decoding=\"async\" width=\"1920\" height=\"1920\" src=\"https:\/\/www.arnaudfonquerne.com\/wp-content\/uploads\/2015\/12\/af-12122015-dsc6561.jpg\" class=\"attachment-full size-full\" alt=\"\" loading=\"lazy\" srcset=\"https:\/\/www.arnaudfonquerne.com\/wp-content\/uploads\/2015\/12\/af-12122015-dsc6561.jpg 1920w, https:\/\/www.arnaudfonquerne.com\/wp-content\/uploads\/2015\/12\/af-12122015-dsc6561-720x720.jpg 720w, https:\/\/www.arnaudfonquerne.com\/wp-content\/uploads\/2015\/12\/af-12122015-dsc6561-1280x1280.jpg 1280w, https:\/\/www.arnaudfonquerne.com\/wp-content\/uploads\/2015\/12\/af-12122015-dsc6561-768x768.jpg 768w, https:\/\/www.arnaudfonquerne.com\/wp-content\/uploads\/2015\/12\/af-12122015-dsc6561-1536x1536.jpg 1536w, https:\/\/www.arnaudfonquerne.com\/wp-content\/uploads\/2015\/12\/af-12122015-dsc6561-300x300.jpg 300w, https:\/\/www.arnaudfonquerne.com\/wp-content\/uploads\/2015\/12\/af-12122015-dsc6561-600x600.jpg 600w, https:\/\/www.arnaudfonquerne.com\/wp-content\/uploads\/2015\/12\/af-12122015-dsc6561-100x100.jpg 100w\" sizes=\"auto, (max-width: 1920px) 100vw, 1920px\" \/><\/a><a href=\"https:\/\/www.arnaudfonquerne.com\/wp-content\/uploads\/2015\/12\/af-12122015-dsc6556.jpg\" class=\"imagelink\" title=\"Thousands of environmental activists gathered on the Champ-de-Mars at the foot of the Eiffel Tower to mark the end of the COP21. Paris, 12 December 2015.\nDes milliers de militants \u00e9cologistes se sont rassembl\u00e9s sur le Champ-de-Mars, au pied de la tour Eiffel, pour marquer la fin de la COP21. Paris, 12 d\u00e9cembre 2015.\"><img decoding=\"async\" width=\"1920\" height=\"1920\" src=\"https:\/\/www.arnaudfonquerne.com\/wp-content\/uploads\/2015\/12\/af-12122015-dsc6556.jpg\" class=\"attachment-full size-full\" alt=\"\" loading=\"lazy\" srcset=\"https:\/\/www.arnaudfonquerne.com\/wp-content\/uploads\/2015\/12\/af-12122015-dsc6556.jpg 1920w, https:\/\/www.arnaudfonquerne.com\/wp-content\/uploads\/2015\/12\/af-12122015-dsc6556-720x720.jpg 720w, https:\/\/www.arnaudfonquerne.com\/wp-content\/uploads\/2015\/12\/af-12122015-dsc6556-1280x1280.jpg 1280w, https:\/\/www.arnaudfonquerne.com\/wp-content\/uploads\/2015\/12\/af-12122015-dsc6556-768x768.jpg 768w, https:\/\/www.arnaudfonquerne.com\/wp-content\/uploads\/2015\/12\/af-12122015-dsc6556-1536x1536.jpg 1536w, https:\/\/www.arnaudfonquerne.com\/wp-content\/uploads\/2015\/12\/af-12122015-dsc6556-300x300.jpg 300w, https:\/\/www.arnaudfonquerne.com\/wp-content\/uploads\/2015\/12\/af-12122015-dsc6556-600x600.jpg 600w, https:\/\/www.arnaudfonquerne.com\/wp-content\/uploads\/2015\/12\/af-12122015-dsc6556-100x100.jpg 100w\" sizes=\"auto, (max-width: 1920px) 100vw, 1920px\" \/><\/a><\/div><\/div>\n<!-- SERIES-GALLERY-END -->\n\n","protected":false},"featured_media":4356,"template":"","meta":{"_acf_changed":false,"_gspb_post_css":""},"categorie-series":[207],"class_list":["post-7474","series","type-series","status-publish","has-post-thumbnail","hentry","categorie-series-news"],"acf":[],"_links":{"self":[{"href":"https:\/\/www.arnaudfonquerne.com\/en\/wp-json\/wp\/v2\/series\/7474","targetHints":{"allow":["GET"]}}],"collection":[{"href":"https:\/\/www.arnaudfonquerne.com\/en\/wp-json\/wp\/v2\/series"}],"about":[{"href":"https:\/\/www.arnaudfonquerne.com\/en\/wp-json\/wp\/v2\/types\/series"}],"wp:featuredmedia":[{"embeddable":true,"href":"https:\/\/www.arnaudfonquerne.com\/en\/wp-json\/wp\/v2\/media\/4356"}],"wp:attachment":[{"href":"https:\/\/www.arnaudfonquerne.com\/en\/wp-json\/wp\/v2\/media?parent=7474"}],"wp:term":[{"taxonomy":"categorie-series","embeddable":true,"href":"https:\/\/www.arnaudfonquerne.com\/en\/wp-json\/wp\/v2\/categorie-series?post=7474"}],"curies":[{"name":"wp","href":"https:\/\/api.w.org\/{rel}","templated":true}]}}