{"id":7476,"date":"2016-03-20T10:02:44","date_gmt":"2016-03-20T09:02:44","guid":{"rendered":"https:\/\/www.arnaudfonquerne.com\/series\/the-thanksless-journey\/"},"modified":"2026-08-11T14:27:10","modified_gmt":"2026-08-11T12:27:10","slug":"the-thanksless-journey","status":"publish","type":"series","link":"https:\/\/www.arnaudfonquerne.com\/en\/series\/the-thanksless-journey\/","title":{"rendered":"The Thanksless Journey"},"content":{"rendered":"<p>Les \u00eeles grecques restent la principale porte d\u2019entr\u00e9e des migrants en Europe. Apr\u00e8s leur enregistrement sur les \u00eeles, ils se rendent au Pir\u00e9e, port d\u2019Ath\u00e8nes, o\u00f9 ils prennent le car&nbsp;pour aller \u00e0 Idomeni avant de quitter la Gr\u00e8ce.&nbsp;La fermeture progressive&nbsp;des passages sur la route des balkans cr\u00e9e un v\u00e9ritable cul-de-sac pour les r\u00e9fugi\u00e9s qui restent&nbsp;bloqu\u00e9s sur le territoire grec, en particulier \u00e0 Ath\u00e8nes o\u00f9 une \u00e9conomie parall\u00e8le appara\u00eet. Une crise de plus \u00e0 g\u00e9rer pour la Gr\u00e8ce.<\/p>\n\n\n\n<p>N.B : Le 21 f\u00e9vrier 2016, la fronti\u00e8re entre Gr\u00e8ce et Mac\u00e9doine a \u00e9t\u00e9 ferm\u00e9e pour les migrants afghans.&nbsp;Les autorit\u00e9s mac\u00e9doniennes laissent cependant toujours passer les syriens et les irakiens.&nbsp;Le rythme de passage s\u2019est fortement ralenti.<\/p>\n\n<!-- SERIES-GALLERY-START -->\n<div class=\"gspb_id-gsbp-f5362db5c879b gspb-dynamic-acf-gallery wp-block-greenshift-blocks-dynamicgallery\"><div class=\"gspb_gallery_grid gspb_gallery_lightbox\"><a href=\"https:\/\/www.arnaudfonquerne.com\/wp-content\/uploads\/2016\/03\/af-12022016-dsc9003.jpg\" class=\"imagelink\" title=\"A craft stranded on the island of Lesbos. This boat left Turkey with 300 migrants aboard crashed a month ago against the rocks of the port of this small village. The fishermen recover some of the pieces from the wreckage. Lesbos, Greece. February 2016.\nUne embarcation \u00e9chou\u00e9e sur l&#039;\u00eele de Lesbos. Ce bateau parti de Turquie avec 300 migrants \u00e0 bord s&#039;est \u00e9cras\u00e9 il y a un mois contre les rochers du port de ce petit village. Les p\u00eacheurs r\u00e9cup\u00e8rent certaines pi\u00e8ces d\u00e9tach\u00e9es de l&#039;\u00e9pave. Lesbos, Gr\u00e8ce. F\u00e9vrier 2016.\"><img decoding=\"async\" width=\"1920\" height=\"1281\" src=\"https:\/\/www.arnaudfonquerne.com\/wp-content\/uploads\/2016\/03\/af-12022016-dsc9003.jpg\" class=\"attachment-full size-full\" alt=\"\" loading=\"lazy\" srcset=\"https:\/\/www.arnaudfonquerne.com\/wp-content\/uploads\/2016\/03\/af-12022016-dsc9003.jpg 1920w, https:\/\/www.arnaudfonquerne.com\/wp-content\/uploads\/2016\/03\/af-12022016-dsc9003-1280x854.jpg 1280w, https:\/\/www.arnaudfonquerne.com\/wp-content\/uploads\/2016\/03\/af-12022016-dsc9003-768x512.jpg 768w, https:\/\/www.arnaudfonquerne.com\/wp-content\/uploads\/2016\/03\/af-12022016-dsc9003-1536x1025.jpg 1536w, https:\/\/www.arnaudfonquerne.com\/wp-content\/uploads\/2016\/03\/af-12022016-dsc9003-600x400.jpg 600w\" sizes=\"auto, (max-width: 1920px) 100vw, 1920px\" \/><\/a><a href=\"https:\/\/www.arnaudfonquerne.com\/wp-content\/uploads\/2016\/03\/af-10022016-dsc8746.jpg\" class=\"imagelink\" title=\"Moria Migrant Registration Center. Half of the migrants who enter Europe pass through this place. Those who remain are mainly Moroccans, Pakistanis and Iranians. Lesbos, Greece. February 2016.\rCentre d&#039;enregistrement de migrants (ou hot spot) de Moria. La moiti\u00e9 des migrants qui entrent en Europe transitent par ce lieu. Ceux qui restent sont en majorit\u00e9 Marocains, Pakistanais et Iraniens. Lesbos, Gr\u00e8ce. F\u00e9vrier 2016.\"><img decoding=\"async\" width=\"1920\" height=\"1281\" src=\"https:\/\/www.arnaudfonquerne.com\/wp-content\/uploads\/2016\/03\/af-10022016-dsc8746.jpg\" class=\"attachment-full size-full\" alt=\"\" loading=\"lazy\" srcset=\"https:\/\/www.arnaudfonquerne.com\/wp-content\/uploads\/2016\/03\/af-10022016-dsc8746.jpg 1920w, https:\/\/www.arnaudfonquerne.com\/wp-content\/uploads\/2016\/03\/af-10022016-dsc8746-1280x854.jpg 1280w, https:\/\/www.arnaudfonquerne.com\/wp-content\/uploads\/2016\/03\/af-10022016-dsc8746-768x512.jpg 768w, https:\/\/www.arnaudfonquerne.com\/wp-content\/uploads\/2016\/03\/af-10022016-dsc8746-1536x1025.jpg 1536w, https:\/\/www.arnaudfonquerne.com\/wp-content\/uploads\/2016\/03\/af-10022016-dsc8746-600x400.jpg 600w\" sizes=\"auto, (max-width: 1920px) 100vw, 1920px\" \/><\/a><a href=\"https:\/\/www.arnaudfonquerne.com\/wp-content\/uploads\/2016\/03\/af-10022016-dsc8758.jpg\" class=\"imagelink\" title=\"Moria Migrant Registration Center. Half of the migrants who enter Europe pass through this place. Those who remain are mainly Moroccans, Pakistanis and Iranians. Lesbos, Greece. February 2016.\rCentre d&#039;enregistrement de migrants (ou hot spot) de Moria. La moiti\u00e9 des migrants qui entrent en Europe transitent par ce lieu. Ceux qui restent sont en majorit\u00e9 Marocains, Pakistanais et Iraniens. Lesbos, Gr\u00e8ce. F\u00e9vrier 2016.\"><img decoding=\"async\" width=\"1920\" height=\"1281\" src=\"https:\/\/www.arnaudfonquerne.com\/wp-content\/uploads\/2016\/03\/af-10022016-dsc8758.jpg\" class=\"attachment-full size-full\" alt=\"\" loading=\"lazy\" srcset=\"https:\/\/www.arnaudfonquerne.com\/wp-content\/uploads\/2016\/03\/af-10022016-dsc8758.jpg 1920w, https:\/\/www.arnaudfonquerne.com\/wp-content\/uploads\/2016\/03\/af-10022016-dsc8758-1280x854.jpg 1280w, https:\/\/www.arnaudfonquerne.com\/wp-content\/uploads\/2016\/03\/af-10022016-dsc8758-768x512.jpg 768w, https:\/\/www.arnaudfonquerne.com\/wp-content\/uploads\/2016\/03\/af-10022016-dsc8758-1536x1025.jpg 1536w, https:\/\/www.arnaudfonquerne.com\/wp-content\/uploads\/2016\/03\/af-10022016-dsc8758-600x400.jpg 600w\" sizes=\"auto, (max-width: 1920px) 100vw, 1920px\" \/><\/a><a href=\"https:\/\/www.arnaudfonquerne.com\/wp-content\/uploads\/2016\/03\/af-12022016-dsc9087.jpg\" class=\"imagelink\" title=\"Twelve kilometers separate the port of Mytilene from the camp of Moria. A distance that costs ten euros for the premises, but the taxi drivers show a tariff that can amount to 90 euros for the migrants. Lesbos, Greece. February 2016.\rDouze kilom\u00e8tres s\u00e9parent le port de Mytil\u00e8ne du camp de Moria. Une distance qui co\u00fbte dix euros pour les locaux, mais les chauffeurs de taxi affichent un tarif qui peut s&#039;\u00e9lever \u00e0 90 euros pour les migrants. Lesbos, Gr\u00e8ce. F\u00e9vrier 2016.\"><img decoding=\"async\" width=\"1920\" height=\"1281\" src=\"https:\/\/www.arnaudfonquerne.com\/wp-content\/uploads\/2016\/03\/af-12022016-dsc9087.jpg\" class=\"attachment-full size-full\" alt=\"\" loading=\"lazy\" srcset=\"https:\/\/www.arnaudfonquerne.com\/wp-content\/uploads\/2016\/03\/af-12022016-dsc9087.jpg 1920w, https:\/\/www.arnaudfonquerne.com\/wp-content\/uploads\/2016\/03\/af-12022016-dsc9087-1280x854.jpg 1280w, https:\/\/www.arnaudfonquerne.com\/wp-content\/uploads\/2016\/03\/af-12022016-dsc9087-768x512.jpg 768w, https:\/\/www.arnaudfonquerne.com\/wp-content\/uploads\/2016\/03\/af-12022016-dsc9087-1536x1025.jpg 1536w, https:\/\/www.arnaudfonquerne.com\/wp-content\/uploads\/2016\/03\/af-12022016-dsc9087-600x400.jpg 600w\" sizes=\"auto, (max-width: 1920px) 100vw, 1920px\" \/><\/a><a href=\"https:\/\/www.arnaudfonquerne.com\/wp-content\/uploads\/2016\/03\/af-12022016-dsc9198.jpg\" class=\"imagelink\" title=\"A woman sits in a Greek ferry before embarking on a long road to Macedonia. To reach Austria, it takes on average fifty hours. February 2016.\rUne femme se repose dans un ferry grec avant d&#039;entamer une longue route pour la Mac\u00e9doine. Pour arriver jusqu&#039;en Autriche, il faut en moyenne cinquante heures. F\u00e9vrier 2016.\"><img decoding=\"async\" width=\"1920\" height=\"1281\" src=\"https:\/\/www.arnaudfonquerne.com\/wp-content\/uploads\/2016\/03\/af-12022016-dsc9198.jpg\" class=\"attachment-full size-full\" alt=\"\" loading=\"lazy\" srcset=\"https:\/\/www.arnaudfonquerne.com\/wp-content\/uploads\/2016\/03\/af-12022016-dsc9198.jpg 1920w, https:\/\/www.arnaudfonquerne.com\/wp-content\/uploads\/2016\/03\/af-12022016-dsc9198-1280x854.jpg 1280w, https:\/\/www.arnaudfonquerne.com\/wp-content\/uploads\/2016\/03\/af-12022016-dsc9198-768x512.jpg 768w, https:\/\/www.arnaudfonquerne.com\/wp-content\/uploads\/2016\/03\/af-12022016-dsc9198-1536x1025.jpg 1536w, https:\/\/www.arnaudfonquerne.com\/wp-content\/uploads\/2016\/03\/af-12022016-dsc9198-600x400.jpg 600w\" sizes=\"auto, (max-width: 1920px) 100vw, 1920px\" \/><\/a><a href=\"https:\/\/www.arnaudfonquerne.com\/wp-content\/uploads\/2016\/03\/af-12022016-dsc9232.jpg\" class=\"imagelink\" title=\"Migrants from the Greek island of Kos embark on a Greek ferry to Athens. February 2016.\rDes migrants venus de l&#039;\u00eele grec de Kos embarquent sur un ferry grec \u00e0 destination d&#039;Ath\u00e8nes. F\u00e9vrier 2016.\"><img decoding=\"async\" width=\"1920\" height=\"1281\" src=\"https:\/\/www.arnaudfonquerne.com\/wp-content\/uploads\/2016\/03\/af-12022016-dsc9232.jpg\" class=\"attachment-full size-full\" alt=\"\" loading=\"lazy\" srcset=\"https:\/\/www.arnaudfonquerne.com\/wp-content\/uploads\/2016\/03\/af-12022016-dsc9232.jpg 1920w, https:\/\/www.arnaudfonquerne.com\/wp-content\/uploads\/2016\/03\/af-12022016-dsc9232-1280x854.jpg 1280w, https:\/\/www.arnaudfonquerne.com\/wp-content\/uploads\/2016\/03\/af-12022016-dsc9232-768x512.jpg 768w, https:\/\/www.arnaudfonquerne.com\/wp-content\/uploads\/2016\/03\/af-12022016-dsc9232-1536x1025.jpg 1536w, https:\/\/www.arnaudfonquerne.com\/wp-content\/uploads\/2016\/03\/af-12022016-dsc9232-600x400.jpg 600w\" sizes=\"auto, (max-width: 1920px) 100vw, 1920px\" \/><\/a><a href=\"https:\/\/www.arnaudfonquerne.com\/wp-content\/uploads\/2016\/03\/af-13022016-dsc9259.jpg\" class=\"imagelink\" title=\"Migrants from the Greek island of Kos embark on a Greek ferry to Athens. February 2016.\rDes migrants venus de l&#039;\u00eele grec de Kos embarquent sur un ferry grec \u00e0 destination d&#039;Ath\u00e8nes. F\u00e9vrier 2016.\"><img decoding=\"async\" width=\"1920\" height=\"1281\" src=\"https:\/\/www.arnaudfonquerne.com\/wp-content\/uploads\/2016\/03\/af-13022016-dsc9259.jpg\" class=\"attachment-full size-full\" alt=\"\" loading=\"lazy\" srcset=\"https:\/\/www.arnaudfonquerne.com\/wp-content\/uploads\/2016\/03\/af-13022016-dsc9259.jpg 1920w, https:\/\/www.arnaudfonquerne.com\/wp-content\/uploads\/2016\/03\/af-13022016-dsc9259-1280x854.jpg 1280w, https:\/\/www.arnaudfonquerne.com\/wp-content\/uploads\/2016\/03\/af-13022016-dsc9259-768x512.jpg 768w, https:\/\/www.arnaudfonquerne.com\/wp-content\/uploads\/2016\/03\/af-13022016-dsc9259-1536x1025.jpg 1536w, https:\/\/www.arnaudfonquerne.com\/wp-content\/uploads\/2016\/03\/af-13022016-dsc9259-600x400.jpg 600w\" sizes=\"auto, (max-width: 1920px) 100vw, 1920px\" \/><\/a><a href=\"https:\/\/www.arnaudfonquerne.com\/wp-content\/uploads\/2016\/03\/af-13022016-dsc9310.jpg\" class=\"imagelink\" title=\"A ferry has just landed in Athens with about 250 migrants, including many children and elderly people, with their suitcases and their survival blankets. Greece, February 2016.\rUn ferry vient d\u2019accoster \u00e0 Ath\u00e8nes avec \u00e0 son bord environ 250 migrants parmi lesquels beaucoup d\u2019enfants et de personnes \u00e2g\u00e9es, avec leurs valises et leurs couvertures de survie. Gr\u00e8ce, f\u00e9vrier 2016.\"><img decoding=\"async\" width=\"1920\" height=\"1281\" src=\"https:\/\/www.arnaudfonquerne.com\/wp-content\/uploads\/2016\/03\/af-13022016-dsc9310.jpg\" class=\"attachment-full size-full\" alt=\"\" loading=\"lazy\" srcset=\"https:\/\/www.arnaudfonquerne.com\/wp-content\/uploads\/2016\/03\/af-13022016-dsc9310.jpg 1920w, https:\/\/www.arnaudfonquerne.com\/wp-content\/uploads\/2016\/03\/af-13022016-dsc9310-1280x854.jpg 1280w, https:\/\/www.arnaudfonquerne.com\/wp-content\/uploads\/2016\/03\/af-13022016-dsc9310-768x512.jpg 768w, https:\/\/www.arnaudfonquerne.com\/wp-content\/uploads\/2016\/03\/af-13022016-dsc9310-1536x1025.jpg 1536w, https:\/\/www.arnaudfonquerne.com\/wp-content\/uploads\/2016\/03\/af-13022016-dsc9310-600x400.jpg 600w\" sizes=\"auto, (max-width: 1920px) 100vw, 1920px\" \/><\/a><a href=\"https:\/\/www.arnaudfonquerne.com\/wp-content\/uploads\/2016\/03\/af-13022016-dsc9359.jpg\" class=\"imagelink\" title=\"A ferry has just landed in Athens with about 250 migrants, including many children and elderly people, with their suitcases and their survival blankets. Greece, February 2016.\rUn ferry vient d\u2019accoster \u00e0 Ath\u00e8nes avec \u00e0 son bord environ 250 migrants parmi lesquels beaucoup d\u2019enfants et de personnes \u00e2g\u00e9es, avec leurs valises et leurs couvertures de survie. Gr\u00e8ce, f\u00e9vrier 2016.\"><img decoding=\"async\" width=\"1920\" height=\"1281\" src=\"https:\/\/www.arnaudfonquerne.com\/wp-content\/uploads\/2016\/03\/af-13022016-dsc9359.jpg\" class=\"attachment-full size-full\" alt=\"\" loading=\"lazy\" srcset=\"https:\/\/www.arnaudfonquerne.com\/wp-content\/uploads\/2016\/03\/af-13022016-dsc9359.jpg 1920w, https:\/\/www.arnaudfonquerne.com\/wp-content\/uploads\/2016\/03\/af-13022016-dsc9359-1280x854.jpg 1280w, https:\/\/www.arnaudfonquerne.com\/wp-content\/uploads\/2016\/03\/af-13022016-dsc9359-768x512.jpg 768w, https:\/\/www.arnaudfonquerne.com\/wp-content\/uploads\/2016\/03\/af-13022016-dsc9359-1536x1025.jpg 1536w, https:\/\/www.arnaudfonquerne.com\/wp-content\/uploads\/2016\/03\/af-13022016-dsc9359-600x400.jpg 600w\" sizes=\"auto, (max-width: 1920px) 100vw, 1920px\" \/><\/a><a href=\"https:\/\/www.arnaudfonquerne.com\/wp-content\/uploads\/2016\/03\/af-16022016-dsc0174.jpg\" class=\"imagelink\" title=\"In Athens, on the Port of Piraeus, volunteers and NGOs are busy distributing water and food. Greece, February 2016.\rA Ath\u00e8nes, sur le Port de Pyr\u00e9e, les b\u00e9n\u00e9voles et les ONGs s\u2019activent pour distribuer de l\u2019eau et de la nourriture. Gr\u00e8ce, f\u00e9vrier 2016.\"><img decoding=\"async\" width=\"1920\" height=\"1282\" src=\"https:\/\/www.arnaudfonquerne.com\/wp-content\/uploads\/2016\/03\/af-16022016-dsc0174.jpg\" class=\"attachment-full size-full\" alt=\"\" loading=\"lazy\" srcset=\"https:\/\/www.arnaudfonquerne.com\/wp-content\/uploads\/2016\/03\/af-16022016-dsc0174.jpg 1920w, https:\/\/www.arnaudfonquerne.com\/wp-content\/uploads\/2016\/03\/af-16022016-dsc0174-1280x855.jpg 1280w, https:\/\/www.arnaudfonquerne.com\/wp-content\/uploads\/2016\/03\/af-16022016-dsc0174-768x513.jpg 768w, https:\/\/www.arnaudfonquerne.com\/wp-content\/uploads\/2016\/03\/af-16022016-dsc0174-1536x1026.jpg 1536w, https:\/\/www.arnaudfonquerne.com\/wp-content\/uploads\/2016\/03\/af-16022016-dsc0174-600x401.jpg 600w\" sizes=\"auto, (max-width: 1920px) 100vw, 1920px\" \/><\/a><a href=\"https:\/\/www.arnaudfonquerne.com\/wp-content\/uploads\/2016\/03\/af-12022016-dsc9102.jpg\" class=\"imagelink\" title=\"Moria Migrant Registration Center. Half of the migrants who enter Europe pass through this place. Those who remain are mainly Moroccans, Pakistanis and Iranians. Lesbos, Greece. February 2016.\rCentre d&#039;enregistrement de migrants (ou hot spot) de Moria. La moiti\u00e9 des migrants qui entrent en Europe transitent par ce lieu. Ceux qui restent sont en majorit\u00e9 Marocains, Pakistanais et Iraniens. Lesbos, Gr\u00e8ce. F\u00e9vrier 2016.\"><img decoding=\"async\" width=\"1920\" height=\"1281\" src=\"https:\/\/www.arnaudfonquerne.com\/wp-content\/uploads\/2016\/03\/af-12022016-dsc9102.jpg\" class=\"attachment-full size-full\" alt=\"\" loading=\"lazy\" srcset=\"https:\/\/www.arnaudfonquerne.com\/wp-content\/uploads\/2016\/03\/af-12022016-dsc9102.jpg 1920w, https:\/\/www.arnaudfonquerne.com\/wp-content\/uploads\/2016\/03\/af-12022016-dsc9102-1280x854.jpg 1280w, https:\/\/www.arnaudfonquerne.com\/wp-content\/uploads\/2016\/03\/af-12022016-dsc9102-768x512.jpg 768w, https:\/\/www.arnaudfonquerne.com\/wp-content\/uploads\/2016\/03\/af-12022016-dsc9102-1536x1025.jpg 1536w, https:\/\/www.arnaudfonquerne.com\/wp-content\/uploads\/2016\/03\/af-12022016-dsc9102-600x400.jpg 600w\" sizes=\"auto, (max-width: 1920px) 100vw, 1920px\" \/><\/a><a href=\"https:\/\/www.arnaudfonquerne.com\/wp-content\/uploads\/2016\/03\/af-16022016-dsc0267.jpg\" class=\"imagelink\" title=\"Zaki, Afghan, is 42 years old. He arrived on the Greek island of Samos after spending 2h30 on the Aegean Sea. He now wants to join his friends in Hamburg, Germany. Here on a bus to the Macedonian border. February 2016.\rZaki, afghan, a 42 ans. Il est arriv\u00e9 sur l&#039;\u00eele grec de Samos apr\u00e8s avoir pass\u00e9 2h30 sur la mer Eg\u00e9e. Il souhaite maintenant rejoindre ses amis install\u00e9s \u00e0 Hambourg, en Allemagne. Ici dans un bus en direction de la fronti\u00e8re mac\u00e9donienne. F\u00e9vrier 2016.\"><img decoding=\"async\" width=\"1920\" height=\"1281\" src=\"https:\/\/www.arnaudfonquerne.com\/wp-content\/uploads\/2016\/03\/af-16022016-dsc0267.jpg\" class=\"attachment-full size-full\" alt=\"\" loading=\"lazy\" srcset=\"https:\/\/www.arnaudfonquerne.com\/wp-content\/uploads\/2016\/03\/af-16022016-dsc0267.jpg 1920w, https:\/\/www.arnaudfonquerne.com\/wp-content\/uploads\/2016\/03\/af-16022016-dsc0267-1280x854.jpg 1280w, https:\/\/www.arnaudfonquerne.com\/wp-content\/uploads\/2016\/03\/af-16022016-dsc0267-768x512.jpg 768w, https:\/\/www.arnaudfonquerne.com\/wp-content\/uploads\/2016\/03\/af-16022016-dsc0267-1536x1025.jpg 1536w, https:\/\/www.arnaudfonquerne.com\/wp-content\/uploads\/2016\/03\/af-16022016-dsc0267-600x400.jpg 600w\" sizes=\"auto, (max-width: 1920px) 100vw, 1920px\" \/><\/a><a href=\"https:\/\/www.arnaudfonquerne.com\/wp-content\/uploads\/2016\/03\/af-16022016-dsc0291.jpg\" class=\"imagelink\" title=\"10 hours bus ride. This is the average time it takes to reach the Macedonian border. All are exhausted but know that the road is still long. February 2016.\r10 heures de route en car. C\u2019est le temps qu\u2019il faut en moyenne pour atteindre la fronti\u00e8re mac\u00e9donienne. Tous sont \u00e9puis\u00e9s mais savent que la route est encore longue. F\u00e9vrier 2016.\"><img decoding=\"async\" width=\"1920\" height=\"1281\" src=\"https:\/\/www.arnaudfonquerne.com\/wp-content\/uploads\/2016\/03\/af-16022016-dsc0291.jpg\" class=\"attachment-full size-full\" alt=\"\" loading=\"lazy\" srcset=\"https:\/\/www.arnaudfonquerne.com\/wp-content\/uploads\/2016\/03\/af-16022016-dsc0291.jpg 1920w, https:\/\/www.arnaudfonquerne.com\/wp-content\/uploads\/2016\/03\/af-16022016-dsc0291-1280x854.jpg 1280w, https:\/\/www.arnaudfonquerne.com\/wp-content\/uploads\/2016\/03\/af-16022016-dsc0291-768x512.jpg 768w, https:\/\/www.arnaudfonquerne.com\/wp-content\/uploads\/2016\/03\/af-16022016-dsc0291-1536x1025.jpg 1536w, https:\/\/www.arnaudfonquerne.com\/wp-content\/uploads\/2016\/03\/af-16022016-dsc0291-600x400.jpg 600w\" sizes=\"auto, (max-width: 1920px) 100vw, 1920px\" \/><\/a><a href=\"https:\/\/www.arnaudfonquerne.com\/wp-content\/uploads\/2016\/03\/af-16022016-dsc0324.jpg\" class=\"imagelink\" title=\"A video taken by a refugee during his crossing of the Aegean Sea. A crossing that lasted almost 7:00. February 2016.\rUne vid\u00e9o prise par un r\u00e9fugi\u00e9 lors de sa travers\u00e9e de la mer \u00c9g\u00e9e. Une travers\u00e9e qui aura dur\u00e9 pr\u00e8s de 7h00. F\u00e9vrier 2016.\"><img decoding=\"async\" width=\"1920\" height=\"1281\" src=\"https:\/\/www.arnaudfonquerne.com\/wp-content\/uploads\/2016\/03\/af-16022016-dsc0324.jpg\" class=\"attachment-full size-full\" alt=\"\" loading=\"lazy\" srcset=\"https:\/\/www.arnaudfonquerne.com\/wp-content\/uploads\/2016\/03\/af-16022016-dsc0324.jpg 1920w, https:\/\/www.arnaudfonquerne.com\/wp-content\/uploads\/2016\/03\/af-16022016-dsc0324-1280x854.jpg 1280w, https:\/\/www.arnaudfonquerne.com\/wp-content\/uploads\/2016\/03\/af-16022016-dsc0324-768x512.jpg 768w, https:\/\/www.arnaudfonquerne.com\/wp-content\/uploads\/2016\/03\/af-16022016-dsc0324-1536x1025.jpg 1536w, https:\/\/www.arnaudfonquerne.com\/wp-content\/uploads\/2016\/03\/af-16022016-dsc0324-600x400.jpg 600w\" sizes=\"auto, (max-width: 1920px) 100vw, 1920px\" \/><\/a><a href=\"https:\/\/www.arnaudfonquerne.com\/wp-content\/uploads\/2016\/03\/af-17022016-dsc0423.jpg\" class=\"imagelink\" title=\"This morning, about a hundred migrants will take the corridor on the border between Macedonia and Greece. Only Syrians, Afghans or Iraqis are allowed to pass. Idomeni, February 2016.\nCe matin l\u00e0, une centaine de migrants emprunteront le corridor situ\u00e9 \u00e0 la fronti\u00e8re entre Mac\u00e9doine et Gr\u00e8ce. Seuls les Syriens, Afghans ou Irakiens sont autoris\u00e9s \u00e0 passer. Idomeni, f\u00e9vrier 2016.\"><img decoding=\"async\" width=\"1920\" height=\"1281\" src=\"https:\/\/www.arnaudfonquerne.com\/wp-content\/uploads\/2016\/03\/af-17022016-dsc0423.jpg\" class=\"attachment-full size-full\" alt=\"\" loading=\"lazy\" srcset=\"https:\/\/www.arnaudfonquerne.com\/wp-content\/uploads\/2016\/03\/af-17022016-dsc0423.jpg 1920w, https:\/\/www.arnaudfonquerne.com\/wp-content\/uploads\/2016\/03\/af-17022016-dsc0423-1280x854.jpg 1280w, https:\/\/www.arnaudfonquerne.com\/wp-content\/uploads\/2016\/03\/af-17022016-dsc0423-768x512.jpg 768w, https:\/\/www.arnaudfonquerne.com\/wp-content\/uploads\/2016\/03\/af-17022016-dsc0423-1536x1025.jpg 1536w, https:\/\/www.arnaudfonquerne.com\/wp-content\/uploads\/2016\/03\/af-17022016-dsc0423-600x400.jpg 600w\" sizes=\"auto, (max-width: 1920px) 100vw, 1920px\" \/><\/a><a href=\"https:\/\/www.arnaudfonquerne.com\/wp-content\/uploads\/2016\/03\/af-17022016-dsc0432.jpg\" class=\"imagelink\" title=\"This morning, about a hundred migrants will take the corridor on the border between Macedonia and Greece. Only Syrians, Afghans or Iraqis are allowed to pass. Idomeni, February 2016.\nCe matin l\u00e0, une centaine de migrants emprunteront le corridor situ\u00e9 \u00e0 la fronti\u00e8re entre Mac\u00e9doine et Gr\u00e8ce. Seuls les Syriens, Afghans ou Irakiens sont autoris\u00e9s \u00e0 passer. Idomeni, f\u00e9vrier 2016.\"><img decoding=\"async\" width=\"1920\" height=\"1281\" src=\"https:\/\/www.arnaudfonquerne.com\/wp-content\/uploads\/2016\/03\/af-17022016-dsc0432.jpg\" class=\"attachment-full size-full\" alt=\"\" loading=\"lazy\" srcset=\"https:\/\/www.arnaudfonquerne.com\/wp-content\/uploads\/2016\/03\/af-17022016-dsc0432.jpg 1920w, https:\/\/www.arnaudfonquerne.com\/wp-content\/uploads\/2016\/03\/af-17022016-dsc0432-1280x854.jpg 1280w, https:\/\/www.arnaudfonquerne.com\/wp-content\/uploads\/2016\/03\/af-17022016-dsc0432-768x512.jpg 768w, https:\/\/www.arnaudfonquerne.com\/wp-content\/uploads\/2016\/03\/af-17022016-dsc0432-1536x1025.jpg 1536w, https:\/\/www.arnaudfonquerne.com\/wp-content\/uploads\/2016\/03\/af-17022016-dsc0432-600x400.jpg 600w\" sizes=\"auto, (max-width: 1920px) 100vw, 1920px\" \/><\/a><a href=\"https:\/\/www.arnaudfonquerne.com\/wp-content\/uploads\/2016\/03\/af-17022016-dsc0445.jpg\" class=\"imagelink\" title=\"The border is closed and then reopened every fifteen minutes. The refugees will have to walk along the railway. Idomeni, February 2016.\nLa fronti\u00e8re est ferm\u00e9e puis r\u00e9ouverte parfois toutes les quinze minutes. Les r\u00e9fugi\u00e9s devront longer la voie de chemin de fer. Idomeni, f\u00e9vrier 2016.\"><img decoding=\"async\" width=\"1920\" height=\"1281\" src=\"https:\/\/www.arnaudfonquerne.com\/wp-content\/uploads\/2016\/03\/af-17022016-dsc0445.jpg\" class=\"attachment-full size-full\" alt=\"\" loading=\"lazy\" srcset=\"https:\/\/www.arnaudfonquerne.com\/wp-content\/uploads\/2016\/03\/af-17022016-dsc0445.jpg 1920w, https:\/\/www.arnaudfonquerne.com\/wp-content\/uploads\/2016\/03\/af-17022016-dsc0445-1280x854.jpg 1280w, https:\/\/www.arnaudfonquerne.com\/wp-content\/uploads\/2016\/03\/af-17022016-dsc0445-768x512.jpg 768w, https:\/\/www.arnaudfonquerne.com\/wp-content\/uploads\/2016\/03\/af-17022016-dsc0445-1536x1025.jpg 1536w, https:\/\/www.arnaudfonquerne.com\/wp-content\/uploads\/2016\/03\/af-17022016-dsc0445-600x400.jpg 600w\" sizes=\"auto, (max-width: 1920px) 100vw, 1920px\" \/><\/a><a href=\"https:\/\/www.arnaudfonquerne.com\/wp-content\/uploads\/2016\/03\/af-17022016-dsc0512.jpg\" class=\"imagelink\" title=\"The translator of the Greek NGO Praksis explains to this man that he will not be able to cross the border because he is Iranian. Idomeni, February 2016.\rThe translator of the Greek NGO Praksis explains to this man that he will not be able to cross the border because he is Iranian. Idomeni, February 2016.\"><img decoding=\"async\" width=\"1920\" height=\"1281\" src=\"https:\/\/www.arnaudfonquerne.com\/wp-content\/uploads\/2016\/03\/af-17022016-dsc0512.jpg\" class=\"attachment-full size-full\" alt=\"\" loading=\"lazy\" srcset=\"https:\/\/www.arnaudfonquerne.com\/wp-content\/uploads\/2016\/03\/af-17022016-dsc0512.jpg 1920w, https:\/\/www.arnaudfonquerne.com\/wp-content\/uploads\/2016\/03\/af-17022016-dsc0512-1280x854.jpg 1280w, https:\/\/www.arnaudfonquerne.com\/wp-content\/uploads\/2016\/03\/af-17022016-dsc0512-768x512.jpg 768w, https:\/\/www.arnaudfonquerne.com\/wp-content\/uploads\/2016\/03\/af-17022016-dsc0512-1536x1025.jpg 1536w, https:\/\/www.arnaudfonquerne.com\/wp-content\/uploads\/2016\/03\/af-17022016-dsc0512-600x400.jpg 600w\" sizes=\"auto, (max-width: 1920px) 100vw, 1920px\" \/><\/a><a href=\"https:\/\/www.arnaudfonquerne.com\/wp-content\/uploads\/2016\/03\/af-17022016-dsc0498.jpg\" class=\"imagelink\" title=\"Migrants who can not cross the Greco-Macedonian border are taken back by the police. They will return to Athens. Idomeni, February 2016.\nLes migrants qui ne peuvent passer la fronti\u00e8re gr\u00e9co-mac\u00e9donienne sont reconduits par la police. Ils retourneront \u00e0 Ath\u00e8nes. Idomeni, f\u00e9vrier 2016.\"><img decoding=\"async\" width=\"1920\" height=\"1282\" src=\"https:\/\/www.arnaudfonquerne.com\/wp-content\/uploads\/2016\/03\/af-17022016-dsc0498.jpg\" class=\"attachment-full size-full\" alt=\"\" loading=\"lazy\" srcset=\"https:\/\/www.arnaudfonquerne.com\/wp-content\/uploads\/2016\/03\/af-17022016-dsc0498.jpg 1920w, https:\/\/www.arnaudfonquerne.com\/wp-content\/uploads\/2016\/03\/af-17022016-dsc0498-1280x855.jpg 1280w, https:\/\/www.arnaudfonquerne.com\/wp-content\/uploads\/2016\/03\/af-17022016-dsc0498-768x513.jpg 768w, https:\/\/www.arnaudfonquerne.com\/wp-content\/uploads\/2016\/03\/af-17022016-dsc0498-1536x1026.jpg 1536w, https:\/\/www.arnaudfonquerne.com\/wp-content\/uploads\/2016\/03\/af-17022016-dsc0498-600x401.jpg 600w\" sizes=\"auto, (max-width: 1920px) 100vw, 1920px\" \/><\/a><a href=\"https:\/\/www.arnaudfonquerne.com\/wp-content\/uploads\/2016\/03\/af-13022016-dsc9637.jpg\" class=\"imagelink\" title=\"Athens city center is the first stop on the European continent for a majority of migrants arriving in Greece. Migrants in transit to the capital have settled in Victoria Square and Pedi\u00f3n tou \u00c1eros Park. These two locations in the center of Athens have been transformed into open-air dormitories. Athens, February 2016.\nLe centre ville d&#039;Ath\u00e8nes est la premi\u00e8re \u00e9tape sur le continent europ\u00e9en pour une majorit\u00e9 de migrants arriv\u00e9s en Gr\u00e8ce. Les migrants en transit dans la capitale se sont install\u00e9s dans le square Victoria et le parc Pedi\u00f3n tou \u00c1eros. Ces deux lieux situ\u00e9s dans le centre d\u2019Ath\u00e8nes se sont transform\u00e9s en dortoirs \u00e0 ciel ouvert. Ath\u00e8nes, f\u00e9vrier 2016.\"><img decoding=\"async\" width=\"1920\" height=\"1281\" src=\"https:\/\/www.arnaudfonquerne.com\/wp-content\/uploads\/2016\/03\/af-13022016-dsc9637.jpg\" class=\"attachment-full size-full\" alt=\"\" loading=\"lazy\" srcset=\"https:\/\/www.arnaudfonquerne.com\/wp-content\/uploads\/2016\/03\/af-13022016-dsc9637.jpg 1920w, https:\/\/www.arnaudfonquerne.com\/wp-content\/uploads\/2016\/03\/af-13022016-dsc9637-1280x854.jpg 1280w, https:\/\/www.arnaudfonquerne.com\/wp-content\/uploads\/2016\/03\/af-13022016-dsc9637-768x512.jpg 768w, https:\/\/www.arnaudfonquerne.com\/wp-content\/uploads\/2016\/03\/af-13022016-dsc9637-1536x1025.jpg 1536w, https:\/\/www.arnaudfonquerne.com\/wp-content\/uploads\/2016\/03\/af-13022016-dsc9637-600x400.jpg 600w\" sizes=\"auto, (max-width: 1920px) 100vw, 1920px\" \/><\/a><a href=\"https:\/\/www.arnaudfonquerne.com\/wp-content\/uploads\/2016\/03\/af-17022016-dsc0523.jpg\" class=\"imagelink\" title=\"This morning, about a hundred migrants will take the corridor on the Greek-Macedonian border. Only the Syrians, Afghans and Iraqis could cross it. Passages are slowed down. Idomeni, February 2016.\nCe matin l\u00e0, une centaine de migrants emprunteront le corridor situ\u00e9 \u00e0 la fronti\u00e8re gr\u00e9co-mac\u00e9donienne. Seuls les Syriens, Afghans et Irakiens ont pu la franchir. Les passages se font au ralenti. Idomeni, f\u00e9vrier 2016.\"><img decoding=\"async\" width=\"1920\" height=\"1280\" src=\"https:\/\/www.arnaudfonquerne.com\/wp-content\/uploads\/2016\/03\/af-17022016-dsc0523.jpg\" class=\"attachment-full size-full\" alt=\"\" loading=\"lazy\" srcset=\"https:\/\/www.arnaudfonquerne.com\/wp-content\/uploads\/2016\/03\/af-17022016-dsc0523.jpg 1920w, https:\/\/www.arnaudfonquerne.com\/wp-content\/uploads\/2016\/03\/af-17022016-dsc0523-1280x853.jpg 1280w, https:\/\/www.arnaudfonquerne.com\/wp-content\/uploads\/2016\/03\/af-17022016-dsc0523-768x512.jpg 768w, https:\/\/www.arnaudfonquerne.com\/wp-content\/uploads\/2016\/03\/af-17022016-dsc0523-1536x1024.jpg 1536w, https:\/\/www.arnaudfonquerne.com\/wp-content\/uploads\/2016\/03\/af-17022016-dsc0523-600x400.jpg 600w\" sizes=\"auto, (max-width: 1920px) 100vw, 1920px\" \/><\/a><\/div><\/div>\n<!-- SERIES-GALLERY-END -->\n\n","protected":false},"featured_media":4409,"template":"","meta":{"_acf_changed":false,"_gspb_post_css":""},"categorie-series":[208],"class_list":["post-7476","series","type-series","status-publish","has-post-thumbnail","hentry","categorie-series-stories"],"acf":[],"_links":{"self":[{"href":"https:\/\/www.arnaudfonquerne.com\/en\/wp-json\/wp\/v2\/series\/7476","targetHints":{"allow":["GET"]}}],"collection":[{"href":"https:\/\/www.arnaudfonquerne.com\/en\/wp-json\/wp\/v2\/series"}],"about":[{"href":"https:\/\/www.arnaudfonquerne.com\/en\/wp-json\/wp\/v2\/types\/series"}],"wp:featuredmedia":[{"embeddable":true,"href":"https:\/\/www.arnaudfonquerne.com\/en\/wp-json\/wp\/v2\/media\/4409"}],"wp:attachment":[{"href":"https:\/\/www.arnaudfonquerne.com\/en\/wp-json\/wp\/v2\/media?parent=7476"}],"wp:term":[{"taxonomy":"categorie-series","embeddable":true,"href":"https:\/\/www.arnaudfonquerne.com\/en\/wp-json\/wp\/v2\/categorie-series?post=7476"}],"curies":[{"name":"wp","href":"https:\/\/api.w.org\/{rel}","templated":true}]}}