{"id":7477,"date":"2016-05-22T10:07:42","date_gmt":"2016-05-22T08:07:42","guid":{"rendered":"https:\/\/www.arnaudfonquerne.com\/series\/nuit-debout\/"},"modified":"2026-08-11T14:27:10","modified_gmt":"2026-08-11T12:27:10","slug":"nuit-debout","status":"publish","type":"series","link":"https:\/\/www.arnaudfonquerne.com\/en\/series\/nuit-debout\/","title":{"rendered":"Nuit Debout"},"content":{"rendered":"<p>Rassemblements et d\u00e9bordements Place de la R\u00e9publique \u00e0 Paris. Un besoin de r\u00e9sistance qui n\u00e9cessitait d\u2019inventer de nouvelles formes de militantisme. Des personnes se rencontrent pour d\u00e9battre en se r\u00e9appropriant l\u2019espace public.<\/p>\n\n<hr class=\"wp-block-separator\"\/>\n\n<p>Gatherings and overflows Place de la Republique in Paris. These gatherings express a need for resistance that required the inventing of new forms of activism. People meet to debate and reclaim the public space.<\/p>\n\n<!-- SERIES-GALLERY-START -->\n<div class=\"gspb_id-gsbp-5bfdec70b5406 gspb-dynamic-acf-gallery wp-block-greenshift-blocks-dynamicgallery\"><div class=\"gspb_gallery_grid gspb_gallery_lightbox\"><a href=\"https:\/\/www.arnaudfonquerne.com\/wp-content\/uploads\/2016\/05\/af-11042016-dsc1290.jpg\" class=\"imagelink\" title=\"Place de la R\u00e9publique in Paris on the night of March 11-12, 2016.\nPlace de la R\u00e9publique \u00e0 Paris dans la nuit du 11 au 12 mars 2016.\"><img decoding=\"async\" width=\"1920\" height=\"1281\" src=\"https:\/\/www.arnaudfonquerne.com\/wp-content\/uploads\/2016\/05\/af-11042016-dsc1290.jpg\" class=\"attachment-full size-full\" alt=\"\" loading=\"lazy\" srcset=\"https:\/\/www.arnaudfonquerne.com\/wp-content\/uploads\/2016\/05\/af-11042016-dsc1290.jpg 1920w, https:\/\/www.arnaudfonquerne.com\/wp-content\/uploads\/2016\/05\/af-11042016-dsc1290-1280x854.jpg 1280w, https:\/\/www.arnaudfonquerne.com\/wp-content\/uploads\/2016\/05\/af-11042016-dsc1290-768x512.jpg 768w, https:\/\/www.arnaudfonquerne.com\/wp-content\/uploads\/2016\/05\/af-11042016-dsc1290-1536x1025.jpg 1536w, https:\/\/www.arnaudfonquerne.com\/wp-content\/uploads\/2016\/05\/af-11042016-dsc1290-600x400.jpg 600w\" sizes=\"auto, (max-width: 1920px) 100vw, 1920px\" \/><\/a><a href=\"https:\/\/www.arnaudfonquerne.com\/wp-content\/uploads\/2016\/05\/af-01052016-dsc2417.jpg\" class=\"imagelink\" title=\"At 6:30 pm, armed with stones, burning dustbins, and chairs, militants clash with the forces of order. Paris, May 1, 2016.\nA 18h30, arm\u00e9s de pierres, de poubelle en feu, et de chaises, des militants s&#039;affrontent avec les forces de l\u2019ordre. Paris, le 1er mai 2016.\"><img decoding=\"async\" width=\"1920\" height=\"1281\" src=\"https:\/\/www.arnaudfonquerne.com\/wp-content\/uploads\/2016\/05\/af-01052016-dsc2417.jpg\" class=\"attachment-full size-full\" alt=\"\" loading=\"lazy\" srcset=\"https:\/\/www.arnaudfonquerne.com\/wp-content\/uploads\/2016\/05\/af-01052016-dsc2417.jpg 1920w, https:\/\/www.arnaudfonquerne.com\/wp-content\/uploads\/2016\/05\/af-01052016-dsc2417-1280x854.jpg 1280w, https:\/\/www.arnaudfonquerne.com\/wp-content\/uploads\/2016\/05\/af-01052016-dsc2417-768x512.jpg 768w, https:\/\/www.arnaudfonquerne.com\/wp-content\/uploads\/2016\/05\/af-01052016-dsc2417-1536x1025.jpg 1536w, https:\/\/www.arnaudfonquerne.com\/wp-content\/uploads\/2016\/05\/af-01052016-dsc2417-600x400.jpg 600w\" sizes=\"auto, (max-width: 1920px) 100vw, 1920px\" \/><\/a><a href=\"https:\/\/www.arnaudfonquerne.com\/wp-content\/uploads\/2016\/05\/af-01052016-dsc2106.jpg\" class=\"imagelink\" title=\"At 3:15 pm, the CRS arrived as reinforcements. Protesters of all ages try to turn back but the CRS block the avenue on both sides. Boulevard Diderot, the demonstrators are literally sandwiched. Paris, May 1, 2017.\nA 15h15, les CRS arrivent en renfort. Des manifestants de tous \u00e2ges tentent de rebrousser chemin mais les CRS bloquent l&#039;avenue des deux c\u00f4t\u00e9s. Boulevard Diderot, les manifestants sont litt\u00e9ralement pris en sandwitch. Paris, le 1er mai 2017.\"><img decoding=\"async\" width=\"1920\" height=\"1281\" src=\"https:\/\/www.arnaudfonquerne.com\/wp-content\/uploads\/2016\/05\/af-01052016-dsc2106.jpg\" class=\"attachment-full size-full\" alt=\"\" loading=\"lazy\" srcset=\"https:\/\/www.arnaudfonquerne.com\/wp-content\/uploads\/2016\/05\/af-01052016-dsc2106.jpg 1920w, https:\/\/www.arnaudfonquerne.com\/wp-content\/uploads\/2016\/05\/af-01052016-dsc2106-1280x854.jpg 1280w, https:\/\/www.arnaudfonquerne.com\/wp-content\/uploads\/2016\/05\/af-01052016-dsc2106-768x512.jpg 768w, https:\/\/www.arnaudfonquerne.com\/wp-content\/uploads\/2016\/05\/af-01052016-dsc2106-1536x1025.jpg 1536w, https:\/\/www.arnaudfonquerne.com\/wp-content\/uploads\/2016\/05\/af-01052016-dsc2106-600x400.jpg 600w\" sizes=\"auto, (max-width: 1920px) 100vw, 1920px\" \/><\/a><a href=\"https:\/\/www.arnaudfonquerne.com\/wp-content\/uploads\/2016\/05\/af-01052016-dsc2324.jpg\" class=\"imagelink\" title=\"At 7:00 pm, the Place de la Nation disappears in a cloud of tear gas. The place empties quickly. She is finally taken by assault by the forces of order. Paris, May 1, 2016.\nA 19h00, la place de la Nation dispara\u00eet dans un nuage de gaz lacrymog\u00e8ne. La place se vide rapidement. Elle est finalement prise d&#039;assaut par les forces de l&#039;ordre. Paris, le 1er mai 2016.\"><img decoding=\"async\" width=\"1920\" height=\"1281\" src=\"https:\/\/www.arnaudfonquerne.com\/wp-content\/uploads\/2016\/05\/af-01052016-dsc2324.jpg\" class=\"attachment-full size-full\" alt=\"\" loading=\"lazy\" srcset=\"https:\/\/www.arnaudfonquerne.com\/wp-content\/uploads\/2016\/05\/af-01052016-dsc2324.jpg 1920w, https:\/\/www.arnaudfonquerne.com\/wp-content\/uploads\/2016\/05\/af-01052016-dsc2324-1280x854.jpg 1280w, https:\/\/www.arnaudfonquerne.com\/wp-content\/uploads\/2016\/05\/af-01052016-dsc2324-768x512.jpg 768w, https:\/\/www.arnaudfonquerne.com\/wp-content\/uploads\/2016\/05\/af-01052016-dsc2324-1536x1025.jpg 1536w, https:\/\/www.arnaudfonquerne.com\/wp-content\/uploads\/2016\/05\/af-01052016-dsc2324-600x400.jpg 600w\" sizes=\"auto, (max-width: 1920px) 100vw, 1920px\" \/><\/a><a href=\"https:\/\/www.arnaudfonquerne.com\/wp-content\/uploads\/2016\/05\/af-01052016-dsc2095.jpg\" class=\"imagelink\" title=\"At 3:15 pm, the CRS arrived as reinforcements. Protesters of all ages try to turn back but the CRS block the avenue on both sides. Boulevard Diderot, the demonstrators are literally sandwitched. Paris, May 1, 2016.\nA 15h15, les CRS arrivent en renfort. Des manifestants de tous \u00e2ges tentent de rebrousser chemin mais les CRS bloquent l&#039;avenue des deux c\u00f4t\u00e9s. Boulevard Diderot, les manifestants sont litt\u00e9ralement pris en sandwitch. Paris, le 1er mai 2016.\"><img decoding=\"async\" width=\"1920\" height=\"1282\" src=\"https:\/\/www.arnaudfonquerne.com\/wp-content\/uploads\/2016\/05\/af-01052016-dsc2095.jpg\" class=\"attachment-full size-full\" alt=\"\" loading=\"lazy\" srcset=\"https:\/\/www.arnaudfonquerne.com\/wp-content\/uploads\/2016\/05\/af-01052016-dsc2095.jpg 1920w, https:\/\/www.arnaudfonquerne.com\/wp-content\/uploads\/2016\/05\/af-01052016-dsc2095-1280x855.jpg 1280w, https:\/\/www.arnaudfonquerne.com\/wp-content\/uploads\/2016\/05\/af-01052016-dsc2095-768x513.jpg 768w, https:\/\/www.arnaudfonquerne.com\/wp-content\/uploads\/2016\/05\/af-01052016-dsc2095-1536x1026.jpg 1536w, https:\/\/www.arnaudfonquerne.com\/wp-content\/uploads\/2016\/05\/af-01052016-dsc2095-600x401.jpg 600w\" sizes=\"auto, (max-width: 1920px) 100vw, 1920px\" \/><\/a><a href=\"https:\/\/www.arnaudfonquerne.com\/wp-content\/uploads\/2016\/05\/af-01052016-dsc2193.jpg\" class=\"imagelink\" title=\"A tag made by an opponent of the Labor law : &quot;Economy runs the world, let&#039;s stop everything!&quot; Paris, May 1, 2016.\nUn tag r\u00e9alis\u00e9 par un opposant \u00e0 la loi Travail : &quot;L&#039;\u00e9conomie dirige le monde, bloquons tout !&quot; Paris, le 1er mai 2016.\"><img decoding=\"async\" width=\"1920\" height=\"1281\" src=\"https:\/\/www.arnaudfonquerne.com\/wp-content\/uploads\/2016\/05\/af-01052016-dsc2193.jpg\" class=\"attachment-full size-full\" alt=\"\" loading=\"lazy\" srcset=\"https:\/\/www.arnaudfonquerne.com\/wp-content\/uploads\/2016\/05\/af-01052016-dsc2193.jpg 1920w, https:\/\/www.arnaudfonquerne.com\/wp-content\/uploads\/2016\/05\/af-01052016-dsc2193-1280x854.jpg 1280w, https:\/\/www.arnaudfonquerne.com\/wp-content\/uploads\/2016\/05\/af-01052016-dsc2193-768x512.jpg 768w, https:\/\/www.arnaudfonquerne.com\/wp-content\/uploads\/2016\/05\/af-01052016-dsc2193-1536x1025.jpg 1536w, https:\/\/www.arnaudfonquerne.com\/wp-content\/uploads\/2016\/05\/af-01052016-dsc2193-600x400.jpg 600w\" sizes=\"auto, (max-width: 1920px) 100vw, 1920px\" \/><\/a><a href=\"https:\/\/www.arnaudfonquerne.com\/wp-content\/uploads\/2016\/05\/af-01052016-dsc1876.jpg\" class=\"imagelink\" title=\"The procession has been in motion for a few minutes. He is surrounded by several groups of the national police who follow him. At 2:45 pm, the opportunity is too good: mortar, fireworks, are fired towards the forces of order that replicate with tear gas. A policeman is wounded in the leg, he is helped by a protester. Paris, May 1, 2016. Paris, May 1, 2016.\nLe cort\u00e8ge est en mouvement depuis quelques minutes. Il est entour\u00e9 par plusieurs groupes de la police national qui le longent. A 14h45, l\u2019occasion est trop belle : du mortier, des feux d\u2019artifice, fusent vers les forces de l\u2019ordre qui r\u00e9pliquent avec des gaz lacrymog\u00e8nes. Un policier est bless\u00e9 \u00e0 la jambe, il est aid\u00e9 par un manifestant. Paris, 1er mai 2016. Paris, 1er mai 2016.\"><img decoding=\"async\" width=\"1920\" height=\"1282\" src=\"https:\/\/www.arnaudfonquerne.com\/wp-content\/uploads\/2016\/05\/af-01052016-dsc1876.jpg\" class=\"attachment-full size-full\" alt=\"\" loading=\"lazy\" srcset=\"https:\/\/www.arnaudfonquerne.com\/wp-content\/uploads\/2016\/05\/af-01052016-dsc1876.jpg 1920w, https:\/\/www.arnaudfonquerne.com\/wp-content\/uploads\/2016\/05\/af-01052016-dsc1876-1280x855.jpg 1280w, https:\/\/www.arnaudfonquerne.com\/wp-content\/uploads\/2016\/05\/af-01052016-dsc1876-768x513.jpg 768w, https:\/\/www.arnaudfonquerne.com\/wp-content\/uploads\/2016\/05\/af-01052016-dsc1876-1536x1026.jpg 1536w, https:\/\/www.arnaudfonquerne.com\/wp-content\/uploads\/2016\/05\/af-01052016-dsc1876-600x401.jpg 600w\" sizes=\"auto, (max-width: 1920px) 100vw, 1920px\" \/><\/a><a href=\"https:\/\/www.arnaudfonquerne.com\/wp-content\/uploads\/2016\/05\/af-01052016-dsc2351.jpg\" class=\"imagelink\" title=\"At 7:00 pm, the Place de la Nation disappears in a cloud of tear gas. The place empties quickly. She is finally taken by assault by the forces of order. Paris, May 1, 2016.\nA 19h00, la place de la Nation dispara\u00eet dans un nuage de gaz lacrymog\u00e8ne. La place se vide rapidement. Elle est finalement prise d&#039;assaut par les forces de l&#039;ordre. Paris, le 1er mai 2016.\"><img decoding=\"async\" width=\"1920\" height=\"1281\" src=\"https:\/\/www.arnaudfonquerne.com\/wp-content\/uploads\/2016\/05\/af-01052016-dsc2351.jpg\" class=\"attachment-full size-full\" alt=\"\" loading=\"lazy\" srcset=\"https:\/\/www.arnaudfonquerne.com\/wp-content\/uploads\/2016\/05\/af-01052016-dsc2351.jpg 1920w, https:\/\/www.arnaudfonquerne.com\/wp-content\/uploads\/2016\/05\/af-01052016-dsc2351-1280x854.jpg 1280w, https:\/\/www.arnaudfonquerne.com\/wp-content\/uploads\/2016\/05\/af-01052016-dsc2351-768x512.jpg 768w, https:\/\/www.arnaudfonquerne.com\/wp-content\/uploads\/2016\/05\/af-01052016-dsc2351-1536x1025.jpg 1536w, https:\/\/www.arnaudfonquerne.com\/wp-content\/uploads\/2016\/05\/af-01052016-dsc2351-600x400.jpg 600w\" sizes=\"auto, (max-width: 1920px) 100vw, 1920px\" \/><\/a><a href=\"https:\/\/www.arnaudfonquerne.com\/wp-content\/uploads\/2016\/05\/af-11042016-dsc1297.jpg\" class=\"imagelink\" title=\"Place de la R\u00e9publique in Paris on the night of March 11-12, 2016.\nPlace de la R\u00e9publique \u00e0 Paris dans la nuit du 11 au 12 mars 2016.\"><img decoding=\"async\" width=\"1920\" height=\"1281\" src=\"https:\/\/www.arnaudfonquerne.com\/wp-content\/uploads\/2016\/05\/af-11042016-dsc1297.jpg\" class=\"attachment-full size-full\" alt=\"\" loading=\"lazy\" srcset=\"https:\/\/www.arnaudfonquerne.com\/wp-content\/uploads\/2016\/05\/af-11042016-dsc1297.jpg 1920w, https:\/\/www.arnaudfonquerne.com\/wp-content\/uploads\/2016\/05\/af-11042016-dsc1297-1280x854.jpg 1280w, https:\/\/www.arnaudfonquerne.com\/wp-content\/uploads\/2016\/05\/af-11042016-dsc1297-768x512.jpg 768w, https:\/\/www.arnaudfonquerne.com\/wp-content\/uploads\/2016\/05\/af-11042016-dsc1297-1536x1025.jpg 1536w, https:\/\/www.arnaudfonquerne.com\/wp-content\/uploads\/2016\/05\/af-11042016-dsc1297-600x400.jpg 600w\" sizes=\"auto, (max-width: 1920px) 100vw, 1920px\" \/><\/a><a href=\"https:\/\/www.arnaudfonquerne.com\/wp-content\/uploads\/2016\/05\/af-11042016-dsc1219.jpg\" class=\"imagelink\" title=\"Place de la R\u00e9publique in Paris on the night of March 11-12, 2016.\rPlace de la R\u00e9publique \u00e0 Paris dans la nuit du 11 au 12 mars 2016.\"><img decoding=\"async\" width=\"1920\" height=\"1281\" src=\"https:\/\/www.arnaudfonquerne.com\/wp-content\/uploads\/2016\/05\/af-11042016-dsc1219.jpg\" class=\"attachment-full size-full\" alt=\"\" loading=\"lazy\" srcset=\"https:\/\/www.arnaudfonquerne.com\/wp-content\/uploads\/2016\/05\/af-11042016-dsc1219.jpg 1920w, https:\/\/www.arnaudfonquerne.com\/wp-content\/uploads\/2016\/05\/af-11042016-dsc1219-1280x854.jpg 1280w, https:\/\/www.arnaudfonquerne.com\/wp-content\/uploads\/2016\/05\/af-11042016-dsc1219-768x512.jpg 768w, https:\/\/www.arnaudfonquerne.com\/wp-content\/uploads\/2016\/05\/af-11042016-dsc1219-1536x1025.jpg 1536w, https:\/\/www.arnaudfonquerne.com\/wp-content\/uploads\/2016\/05\/af-11042016-dsc1219-600x400.jpg 600w\" sizes=\"auto, (max-width: 1920px) 100vw, 1920px\" \/><\/a><a href=\"https:\/\/www.arnaudfonquerne.com\/wp-content\/uploads\/2016\/05\/af-11042016-dsc1278.jpg\" class=\"imagelink\" title=\"Place de la R\u00e9publique in Paris on the night of March 11-12, 2016.\nPlace de la R\u00e9publique \u00e0 Paris dans la nuit du 11 au 12 mars 2016.\"><img decoding=\"async\" width=\"1920\" height=\"1281\" src=\"https:\/\/www.arnaudfonquerne.com\/wp-content\/uploads\/2016\/05\/af-11042016-dsc1278.jpg\" class=\"attachment-full size-full\" alt=\"\" loading=\"lazy\" srcset=\"https:\/\/www.arnaudfonquerne.com\/wp-content\/uploads\/2016\/05\/af-11042016-dsc1278.jpg 1920w, https:\/\/www.arnaudfonquerne.com\/wp-content\/uploads\/2016\/05\/af-11042016-dsc1278-1280x854.jpg 1280w, https:\/\/www.arnaudfonquerne.com\/wp-content\/uploads\/2016\/05\/af-11042016-dsc1278-768x512.jpg 768w, https:\/\/www.arnaudfonquerne.com\/wp-content\/uploads\/2016\/05\/af-11042016-dsc1278-1536x1025.jpg 1536w, https:\/\/www.arnaudfonquerne.com\/wp-content\/uploads\/2016\/05\/af-11042016-dsc1278-600x400.jpg 600w\" sizes=\"auto, (max-width: 1920px) 100vw, 1920px\" \/><\/a><a href=\"https:\/\/www.arnaudfonquerne.com\/wp-content\/uploads\/2016\/05\/af-01052016-dsc2811.jpg\" class=\"imagelink\" title=\"The entrance to R\u00e9publique metro station is burnt down. Paris, Republic, 1 May 2016.\rL&#039;entr\u00e9e de la station de m\u00e9tro R\u00e9publique est incendi\u00e9e. Paris, R\u00e9publique, 1er mai 2016.\"><img decoding=\"async\" width=\"1920\" height=\"1281\" src=\"https:\/\/www.arnaudfonquerne.com\/wp-content\/uploads\/2016\/05\/af-01052016-dsc2811.jpg\" class=\"attachment-full size-full\" alt=\"\" loading=\"lazy\" srcset=\"https:\/\/www.arnaudfonquerne.com\/wp-content\/uploads\/2016\/05\/af-01052016-dsc2811.jpg 1920w, https:\/\/www.arnaudfonquerne.com\/wp-content\/uploads\/2016\/05\/af-01052016-dsc2811-1280x854.jpg 1280w, https:\/\/www.arnaudfonquerne.com\/wp-content\/uploads\/2016\/05\/af-01052016-dsc2811-768x512.jpg 768w, https:\/\/www.arnaudfonquerne.com\/wp-content\/uploads\/2016\/05\/af-01052016-dsc2811-1536x1025.jpg 1536w, https:\/\/www.arnaudfonquerne.com\/wp-content\/uploads\/2016\/05\/af-01052016-dsc2811-600x400.jpg 600w\" sizes=\"auto, (max-width: 1920px) 100vw, 1920px\" \/><\/a><a href=\"https:\/\/www.arnaudfonquerne.com\/wp-content\/uploads\/2016\/05\/af-01052016-dsc2593.jpg\" class=\"imagelink\" title=\"At the entrance of the Rue du Faubourg-du-Temple, a human chain of participants at Night Debout is formed against the CRS in order to show the pacifist character of the movement. Tear gas and projectile jets continue. Paris, R\u00e9publique, 1 May 2016.\rA l&#039;entr\u00e9e de la rue du Faubourg-du-Temple, une cha\u00eene humaine des participants \u00e0 Nuit Debout se forme face aux CRS afin de faire valoir le caract\u00e8re pacifiste du mouvement. Les tirs de gaz lacrymog\u00e8nes et les jets de projectiles continuent. Paris, R\u00e9publique, 1er mai 2016.\"><img decoding=\"async\" width=\"1920\" height=\"1281\" src=\"https:\/\/www.arnaudfonquerne.com\/wp-content\/uploads\/2016\/05\/af-01052016-dsc2593.jpg\" class=\"attachment-full size-full\" alt=\"\" loading=\"lazy\" srcset=\"https:\/\/www.arnaudfonquerne.com\/wp-content\/uploads\/2016\/05\/af-01052016-dsc2593.jpg 1920w, https:\/\/www.arnaudfonquerne.com\/wp-content\/uploads\/2016\/05\/af-01052016-dsc2593-1280x854.jpg 1280w, https:\/\/www.arnaudfonquerne.com\/wp-content\/uploads\/2016\/05\/af-01052016-dsc2593-768x512.jpg 768w, https:\/\/www.arnaudfonquerne.com\/wp-content\/uploads\/2016\/05\/af-01052016-dsc2593-1536x1025.jpg 1536w, https:\/\/www.arnaudfonquerne.com\/wp-content\/uploads\/2016\/05\/af-01052016-dsc2593-600x400.jpg 600w\" sizes=\"auto, (max-width: 1920px) 100vw, 1920px\" \/><\/a><a href=\"https:\/\/www.arnaudfonquerne.com\/wp-content\/uploads\/2016\/05\/af-01052016-dsc2539-scaled.jpg\" class=\"imagelink\" title=\"At 8:30 pm, in the middle of the &quot;Nuit Debout&quot; general assembly, activists try to break the store window Go Sport store. CRS encircle the square. First shots of tear gas. Paris, Republique, 1 May 2016. \rA 20h30, en pleine AG de la Nuit Debout, des militants tentent de briser la vitrine du magasin Go Sport. Les CRS encerclent la place. Premiers tirs de gaz lacrymog\u00e8nes. Paris, R\u00e9publique, 1er mai 2016.\"><img decoding=\"async\" width=\"2000\" height=\"1334\" src=\"https:\/\/www.arnaudfonquerne.com\/wp-content\/uploads\/2016\/05\/af-01052016-dsc2539-scaled.jpg\" class=\"attachment-full size-full\" alt=\"\" loading=\"lazy\" srcset=\"https:\/\/www.arnaudfonquerne.com\/wp-content\/uploads\/2016\/05\/af-01052016-dsc2539-scaled.jpg 2000w, https:\/\/www.arnaudfonquerne.com\/wp-content\/uploads\/2016\/05\/af-01052016-dsc2539-scaled-1280x854.jpg 1280w, https:\/\/www.arnaudfonquerne.com\/wp-content\/uploads\/2016\/05\/af-01052016-dsc2539-scaled-1920x1281.jpg 1920w, https:\/\/www.arnaudfonquerne.com\/wp-content\/uploads\/2016\/05\/af-01052016-dsc2539-scaled-768x512.jpg 768w, https:\/\/www.arnaudfonquerne.com\/wp-content\/uploads\/2016\/05\/af-01052016-dsc2539-scaled-1536x1025.jpg 1536w, https:\/\/www.arnaudfonquerne.com\/wp-content\/uploads\/2016\/05\/af-01052016-dsc2539-2048x1366.jpg 2048w, https:\/\/www.arnaudfonquerne.com\/wp-content\/uploads\/2016\/05\/af-01052016-dsc2539-scaled-600x400.jpg 600w\" sizes=\"auto, (max-width: 2000px) 100vw, 2000px\" \/><\/a><a href=\"https:\/\/www.arnaudfonquerne.com\/wp-content\/uploads\/2016\/05\/af-01052016-dsc2603.jpg\" class=\"imagelink\" title=\"At the entrance of the Rue du Faubourg-du-Temple, a human chain of participants at Night Debout is formed against the CRS in order to show the pacifist character of the movement. Tear gas and projectile jets continue. Paris, R\u00e9publique, 1 May 2016.\rA l&#039;entr\u00e9e de la rue du Faubourg-du-Temple, une cha\u00eene humaine des participants \u00e0 Nuit Debout se forme face aux CRS afin de faire valoir le caract\u00e8re pacifiste du mouvement. Les tirs de gaz lacrymog\u00e8nes et les jets de projectiles continuent. Paris, R\u00e9publique, 1er mai 2016.\"><img decoding=\"async\" width=\"1920\" height=\"1281\" src=\"https:\/\/www.arnaudfonquerne.com\/wp-content\/uploads\/2016\/05\/af-01052016-dsc2603.jpg\" class=\"attachment-full size-full\" alt=\"\" loading=\"lazy\" srcset=\"https:\/\/www.arnaudfonquerne.com\/wp-content\/uploads\/2016\/05\/af-01052016-dsc2603.jpg 1920w, https:\/\/www.arnaudfonquerne.com\/wp-content\/uploads\/2016\/05\/af-01052016-dsc2603-1280x854.jpg 1280w, https:\/\/www.arnaudfonquerne.com\/wp-content\/uploads\/2016\/05\/af-01052016-dsc2603-768x512.jpg 768w, https:\/\/www.arnaudfonquerne.com\/wp-content\/uploads\/2016\/05\/af-01052016-dsc2603-1536x1025.jpg 1536w, https:\/\/www.arnaudfonquerne.com\/wp-content\/uploads\/2016\/05\/af-01052016-dsc2603-600x400.jpg 600w\" sizes=\"auto, (max-width: 1920px) 100vw, 1920px\" \/><\/a><a href=\"https:\/\/www.arnaudfonquerne.com\/wp-content\/uploads\/2016\/05\/af-01052016-dsc2727.jpg\" class=\"imagelink\" title=\"The demonstrators set fire to crates and garbage cans in the center of the square. Paris, Republic, 1 May 2016.\nLes manifestants ont mis le feu \u00e0 des cagettes et \u00e0 des poubelles au centre de la place. Paris, R\u00e9publique, 1er mai 2016.\"><img decoding=\"async\" width=\"1920\" height=\"1281\" src=\"https:\/\/www.arnaudfonquerne.com\/wp-content\/uploads\/2016\/05\/af-01052016-dsc2727.jpg\" class=\"attachment-full size-full\" alt=\"\" loading=\"lazy\" srcset=\"https:\/\/www.arnaudfonquerne.com\/wp-content\/uploads\/2016\/05\/af-01052016-dsc2727.jpg 1920w, https:\/\/www.arnaudfonquerne.com\/wp-content\/uploads\/2016\/05\/af-01052016-dsc2727-1280x854.jpg 1280w, https:\/\/www.arnaudfonquerne.com\/wp-content\/uploads\/2016\/05\/af-01052016-dsc2727-768x512.jpg 768w, https:\/\/www.arnaudfonquerne.com\/wp-content\/uploads\/2016\/05\/af-01052016-dsc2727-1536x1025.jpg 1536w, https:\/\/www.arnaudfonquerne.com\/wp-content\/uploads\/2016\/05\/af-01052016-dsc2727-600x400.jpg 600w\" sizes=\"auto, (max-width: 1920px) 100vw, 1920px\" \/><\/a><a href=\"https:\/\/www.arnaudfonquerne.com\/wp-content\/uploads\/2016\/05\/af-11042016-dsc1357.jpg\" class=\"imagelink\" title=\"Place de la R\u00e9publique in Paris on the night of March 11-12, 2016.\rPlace de la R\u00e9publique \u00e0 Paris dans la nuit du 11 au 12 mars 2016.\"><img decoding=\"async\" width=\"1920\" height=\"1281\" src=\"https:\/\/www.arnaudfonquerne.com\/wp-content\/uploads\/2016\/05\/af-11042016-dsc1357.jpg\" class=\"attachment-full size-full\" alt=\"\" loading=\"lazy\" srcset=\"https:\/\/www.arnaudfonquerne.com\/wp-content\/uploads\/2016\/05\/af-11042016-dsc1357.jpg 1920w, https:\/\/www.arnaudfonquerne.com\/wp-content\/uploads\/2016\/05\/af-11042016-dsc1357-1280x854.jpg 1280w, https:\/\/www.arnaudfonquerne.com\/wp-content\/uploads\/2016\/05\/af-11042016-dsc1357-768x512.jpg 768w, https:\/\/www.arnaudfonquerne.com\/wp-content\/uploads\/2016\/05\/af-11042016-dsc1357-1536x1025.jpg 1536w, https:\/\/www.arnaudfonquerne.com\/wp-content\/uploads\/2016\/05\/af-11042016-dsc1357-600x400.jpg 600w\" sizes=\"auto, (max-width: 1920px) 100vw, 1920px\" \/><\/a><a href=\"https:\/\/www.arnaudfonquerne.com\/wp-content\/uploads\/2016\/05\/af-01052016-dsc2783.jpg\" class=\"imagelink\" title=\"At the entrance of the Rue du Faubourg-du-Temple, a human chain of participants at Night Debout is formed against the CRS in order to show the pacifist character of the movement. Tear gas and projectile jets continue. Paris, Republic, 1 May 2016.\nA l&#039;entr\u00e9e de la rue du Faubourg-du-Temple, une cha\u00eene humaine des participants \u00e0 Nuit Debout se forme face aux CRS afin de faire valoir le caract\u00e8re pacifiste du mouvement. Les tirs de gaz lacrymog\u00e8nes et les jets de projectiles continuent. Paris, R\u00e9publique, 1er mai 2016.\"><img decoding=\"async\" width=\"1920\" height=\"1282\" src=\"https:\/\/www.arnaudfonquerne.com\/wp-content\/uploads\/2016\/05\/af-01052016-dsc2783.jpg\" class=\"attachment-full size-full\" alt=\"\" loading=\"lazy\" srcset=\"https:\/\/www.arnaudfonquerne.com\/wp-content\/uploads\/2016\/05\/af-01052016-dsc2783.jpg 1920w, https:\/\/www.arnaudfonquerne.com\/wp-content\/uploads\/2016\/05\/af-01052016-dsc2783-1280x855.jpg 1280w, https:\/\/www.arnaudfonquerne.com\/wp-content\/uploads\/2016\/05\/af-01052016-dsc2783-768x513.jpg 768w, https:\/\/www.arnaudfonquerne.com\/wp-content\/uploads\/2016\/05\/af-01052016-dsc2783-1536x1026.jpg 1536w, https:\/\/www.arnaudfonquerne.com\/wp-content\/uploads\/2016\/05\/af-01052016-dsc2783-600x401.jpg 600w\" sizes=\"auto, (max-width: 1920px) 100vw, 1920px\" \/><\/a><\/div><\/div>\n<!-- SERIES-GALLERY-END -->\n\n","protected":false},"featured_media":4414,"template":"","meta":{"_acf_changed":false,"_gspb_post_css":""},"categorie-series":[207],"class_list":["post-7477","series","type-series","status-publish","has-post-thumbnail","hentry","categorie-series-news"],"acf":[],"_links":{"self":[{"href":"https:\/\/www.arnaudfonquerne.com\/en\/wp-json\/wp\/v2\/series\/7477","targetHints":{"allow":["GET"]}}],"collection":[{"href":"https:\/\/www.arnaudfonquerne.com\/en\/wp-json\/wp\/v2\/series"}],"about":[{"href":"https:\/\/www.arnaudfonquerne.com\/en\/wp-json\/wp\/v2\/types\/series"}],"wp:featuredmedia":[{"embeddable":true,"href":"https:\/\/www.arnaudfonquerne.com\/en\/wp-json\/wp\/v2\/media\/4414"}],"wp:attachment":[{"href":"https:\/\/www.arnaudfonquerne.com\/en\/wp-json\/wp\/v2\/media?parent=7477"}],"wp:term":[{"taxonomy":"categorie-series","embeddable":true,"href":"https:\/\/www.arnaudfonquerne.com\/en\/wp-json\/wp\/v2\/categorie-series?post=7477"}],"curies":[{"name":"wp","href":"https:\/\/api.w.org\/{rel}","templated":true}]}}