{"id":7478,"date":"2016-09-20T10:23:49","date_gmt":"2016-09-20T08:23:49","guid":{"rendered":"https:\/\/www.arnaudfonquerne.com\/series\/6-months-of-social-dispute\/"},"modified":"2026-08-11T14:27:10","modified_gmt":"2026-08-11T12:27:10","slug":"6-months-of-social-dispute","status":"publish","type":"series","link":"https:\/\/www.arnaudfonquerne.com\/en\/series\/6-months-of-social-dispute\/","title":{"rendered":"6 Months Of Social Dispute"},"content":{"rendered":"<p>Apr\u00e8s douze journ\u00e9es de manifestations entre le 9 mars et le 5 juillet 2016 et de divisions politiques, la loi travail est d\u00e9finitivement adopt\u00e9e : Manuel Valls a d\u00e9clench\u00e9 un troisi\u00e8me et ultime recours au 49.3 \u00e0 l\u2019Assembl\u00e9e nationale. Durant plusieurs mois se sont succ\u00e9d\u00e9s de nombreuses manifestations et des actions dans toute la France.<\/p>\n\n<!-- SERIES-GALLERY-START -->\n<div class=\"gspb_id-gsbp-02170edb5385a gspb-dynamic-acf-gallery wp-block-greenshift-blocks-dynamicgallery\"><div class=\"gspb_gallery_grid gspb_gallery_lightbox\"><a href=\"https:\/\/www.arnaudfonquerne.com\/wp-content\/uploads\/2016\/09\/af-29112015-dsc6311.jpg\" class=\"imagelink\" title=\"The ghost of R\u00e9publique, amidst tear gas. Paris, 29 November 2015.\nLe fant\u00f4me de la R\u00e9publique, au milieu des gaz lacrymog\u00e8nes. Paris, 29 novembre 2015.\"><img decoding=\"async\" width=\"1920\" height=\"1282\" src=\"https:\/\/www.arnaudfonquerne.com\/wp-content\/uploads\/2016\/09\/af-29112015-dsc6311.jpg\" class=\"attachment-full size-full\" alt=\"\" loading=\"lazy\" srcset=\"https:\/\/www.arnaudfonquerne.com\/wp-content\/uploads\/2016\/09\/af-29112015-dsc6311.jpg 1920w, https:\/\/www.arnaudfonquerne.com\/wp-content\/uploads\/2016\/09\/af-29112015-dsc6311-1280x855.jpg 1280w, https:\/\/www.arnaudfonquerne.com\/wp-content\/uploads\/2016\/09\/af-29112015-dsc6311-768x513.jpg 768w, https:\/\/www.arnaudfonquerne.com\/wp-content\/uploads\/2016\/09\/af-29112015-dsc6311-1536x1026.jpg 1536w, https:\/\/www.arnaudfonquerne.com\/wp-content\/uploads\/2016\/09\/af-29112015-dsc6311-600x401.jpg 600w\" sizes=\"auto, (max-width: 1920px) 100vw, 1920px\" \/><\/a><a href=\"https:\/\/www.arnaudfonquerne.com\/wp-content\/uploads\/2016\/09\/af-29112015-dsc6319.jpg\" class=\"imagelink\" title=\"COP21, Tense protest. Thousands of militants gathered in the Republic Square, some hooded and armed with projectiles. Place of the Republic, Paris, November 29, 2015.\nCOP21, Manifestation tendue. Des milliers de militants se sont rassembl\u00e9s place de la R\u00e9publique, certains cagoul\u00e9s et arm\u00e9s de projectiles. Place de la R\u00e9publique, Paris, le 29 novembre 2015.\"><img decoding=\"async\" width=\"1920\" height=\"1281\" src=\"https:\/\/www.arnaudfonquerne.com\/wp-content\/uploads\/2016\/09\/af-29112015-dsc6319.jpg\" class=\"attachment-full size-full\" alt=\"\" loading=\"lazy\" srcset=\"https:\/\/www.arnaudfonquerne.com\/wp-content\/uploads\/2016\/09\/af-29112015-dsc6319.jpg 1920w, https:\/\/www.arnaudfonquerne.com\/wp-content\/uploads\/2016\/09\/af-29112015-dsc6319-1280x854.jpg 1280w, https:\/\/www.arnaudfonquerne.com\/wp-content\/uploads\/2016\/09\/af-29112015-dsc6319-768x512.jpg 768w, https:\/\/www.arnaudfonquerne.com\/wp-content\/uploads\/2016\/09\/af-29112015-dsc6319-1536x1025.jpg 1536w, https:\/\/www.arnaudfonquerne.com\/wp-content\/uploads\/2016\/09\/af-29112015-dsc6319-600x400.jpg 600w\" sizes=\"auto, (max-width: 1920px) 100vw, 1920px\" \/><\/a><a href=\"https:\/\/www.arnaudfonquerne.com\/wp-content\/uploads\/2016\/09\/af-28042016-dsc1548.jpg\" class=\"imagelink\" title=\"Young people, trade unionists, FO and CGT. The CRS retaliate Place de la Nation and multiply the strained shots of tear gas grenades. 28 April 2016, Paris.\nDes jeunes, des syndicalistes, FO et CGT. Les CRS ripostent Place de la Nation et multiplient les tirs tendus de grenades lacrymog\u00e8ne. 28 avril 2016, Paris.\"><img decoding=\"async\" width=\"1920\" height=\"1281\" src=\"https:\/\/www.arnaudfonquerne.com\/wp-content\/uploads\/2016\/09\/af-28042016-dsc1548.jpg\" class=\"attachment-full size-full\" alt=\"\" loading=\"lazy\" srcset=\"https:\/\/www.arnaudfonquerne.com\/wp-content\/uploads\/2016\/09\/af-28042016-dsc1548.jpg 1920w, https:\/\/www.arnaudfonquerne.com\/wp-content\/uploads\/2016\/09\/af-28042016-dsc1548-1280x854.jpg 1280w, https:\/\/www.arnaudfonquerne.com\/wp-content\/uploads\/2016\/09\/af-28042016-dsc1548-768x512.jpg 768w, https:\/\/www.arnaudfonquerne.com\/wp-content\/uploads\/2016\/09\/af-28042016-dsc1548-1536x1025.jpg 1536w, https:\/\/www.arnaudfonquerne.com\/wp-content\/uploads\/2016\/09\/af-28042016-dsc1548-600x400.jpg 600w\" sizes=\"auto, (max-width: 1920px) 100vw, 1920px\" \/><\/a><a href=\"https:\/\/www.arnaudfonquerne.com\/wp-content\/uploads\/2016\/09\/af-14062016-dsc-4372.jpg\" class=\"imagelink\" title=\"Several hundred thousand people marched in Paris. A new milestone was reached in the mobilization against the Labor law. Paris, Invalides, June 14, 2016.\nPlusieurs centaines de milliers de personnes ont d\u00e9fil\u00e9 \u00e0 Paris. Un nouveau cap a \u00e9t\u00e9 franchi dans la mobilisation contre la loi Travail. Paris, Invalides, le 14 juin 2016.\"><img decoding=\"async\" width=\"1920\" height=\"1281\" src=\"https:\/\/www.arnaudfonquerne.com\/wp-content\/uploads\/2016\/09\/af-14062016-dsc-4372.jpg\" class=\"attachment-full size-full\" alt=\"\" loading=\"lazy\" srcset=\"https:\/\/www.arnaudfonquerne.com\/wp-content\/uploads\/2016\/09\/af-14062016-dsc-4372.jpg 1920w, https:\/\/www.arnaudfonquerne.com\/wp-content\/uploads\/2016\/09\/af-14062016-dsc-4372-1280x854.jpg 1280w, https:\/\/www.arnaudfonquerne.com\/wp-content\/uploads\/2016\/09\/af-14062016-dsc-4372-768x512.jpg 768w, https:\/\/www.arnaudfonquerne.com\/wp-content\/uploads\/2016\/09\/af-14062016-dsc-4372-1536x1025.jpg 1536w, https:\/\/www.arnaudfonquerne.com\/wp-content\/uploads\/2016\/09\/af-14062016-dsc-4372-600x400.jpg 600w\" sizes=\"auto, (max-width: 1920px) 100vw, 1920px\" \/><\/a><a href=\"https:\/\/www.arnaudfonquerne.com\/wp-content\/uploads\/2016\/09\/af-26052016-dsc3121.jpg\" class=\"imagelink\" title=\"New Day of protest against the Labor Law. Bastille to Nation. Mobilization remained strong. Paris, 26 May 2016.\rNouvelle journ\u00e9e de contestation contre la loi Travail de la Bastille \u00e0 la Nation. La mobilisation est rest\u00e9e forte. Paris, 26 mai 2016.\"><img decoding=\"async\" width=\"1920\" height=\"1281\" src=\"https:\/\/www.arnaudfonquerne.com\/wp-content\/uploads\/2016\/09\/af-26052016-dsc3121.jpg\" class=\"attachment-full size-full\" alt=\"\" loading=\"lazy\" srcset=\"https:\/\/www.arnaudfonquerne.com\/wp-content\/uploads\/2016\/09\/af-26052016-dsc3121.jpg 1920w, https:\/\/www.arnaudfonquerne.com\/wp-content\/uploads\/2016\/09\/af-26052016-dsc3121-1280x854.jpg 1280w, https:\/\/www.arnaudfonquerne.com\/wp-content\/uploads\/2016\/09\/af-26052016-dsc3121-768x512.jpg 768w, https:\/\/www.arnaudfonquerne.com\/wp-content\/uploads\/2016\/09\/af-26052016-dsc3121-1536x1025.jpg 1536w, https:\/\/www.arnaudfonquerne.com\/wp-content\/uploads\/2016\/09\/af-26052016-dsc3121-600x400.jpg 600w\" sizes=\"auto, (max-width: 1920px) 100vw, 1920px\" \/><\/a><a href=\"https:\/\/www.arnaudfonquerne.com\/wp-content\/uploads\/2016\/09\/af-26052016-dsc3079.jpg\" class=\"imagelink\" title=\"New Day of protest against the Labor Law. Bastille to Nation. Mobilization remained strong. Paris, 26 May 2016.\rNouvelle journ\u00e9e de contestation contre la loi Travail de la Bastille \u00e0 la Nation. La mobilisation est rest\u00e9e forte. Paris, 26 mai 2016.\"><img decoding=\"async\" width=\"1920\" height=\"1281\" src=\"https:\/\/www.arnaudfonquerne.com\/wp-content\/uploads\/2016\/09\/af-26052016-dsc3079.jpg\" class=\"attachment-full size-full\" alt=\"\" loading=\"lazy\" srcset=\"https:\/\/www.arnaudfonquerne.com\/wp-content\/uploads\/2016\/09\/af-26052016-dsc3079.jpg 1920w, https:\/\/www.arnaudfonquerne.com\/wp-content\/uploads\/2016\/09\/af-26052016-dsc3079-1280x854.jpg 1280w, https:\/\/www.arnaudfonquerne.com\/wp-content\/uploads\/2016\/09\/af-26052016-dsc3079-768x512.jpg 768w, https:\/\/www.arnaudfonquerne.com\/wp-content\/uploads\/2016\/09\/af-26052016-dsc3079-1536x1025.jpg 1536w, https:\/\/www.arnaudfonquerne.com\/wp-content\/uploads\/2016\/09\/af-26052016-dsc3079-600x400.jpg 600w\" sizes=\"auto, (max-width: 1920px) 100vw, 1920px\" \/><\/a><a href=\"https:\/\/www.arnaudfonquerne.com\/wp-content\/uploads\/2016\/09\/af-05072016-dscf0402.jpg\" class=\"imagelink\" title=\"Demonstrators are gathered around the National Assembly, while the government, using article 49-3, will pass the El Khomri law without passing by the vote of the National Assembly. On July 5, 2016, in Paris.\rDes manifestants sont rassembl\u00e9s aux abords de l\u2019Assembl\u00e9e Nationale alors que le gouvernement, en utilisant l&#039;article 49-3, va adopter la loi El Khomri sans passer par le vote de l&#039;Assembl\u00e9e nationale. Le 5 juillet 2016, \u00e0 Paris.\"><img decoding=\"async\" width=\"1920\" height=\"1280\" src=\"https:\/\/www.arnaudfonquerne.com\/wp-content\/uploads\/2016\/09\/af-05072016-dscf0402.jpg\" class=\"attachment-full size-full\" alt=\"\" loading=\"lazy\" srcset=\"https:\/\/www.arnaudfonquerne.com\/wp-content\/uploads\/2016\/09\/af-05072016-dscf0402.jpg 1920w, https:\/\/www.arnaudfonquerne.com\/wp-content\/uploads\/2016\/09\/af-05072016-dscf0402-1280x853.jpg 1280w, https:\/\/www.arnaudfonquerne.com\/wp-content\/uploads\/2016\/09\/af-05072016-dscf0402-768x512.jpg 768w, https:\/\/www.arnaudfonquerne.com\/wp-content\/uploads\/2016\/09\/af-05072016-dscf0402-1536x1024.jpg 1536w, https:\/\/www.arnaudfonquerne.com\/wp-content\/uploads\/2016\/09\/af-05072016-dscf0402-600x400.jpg 600w\" sizes=\"auto, (max-width: 1920px) 100vw, 1920px\" \/><\/a><a href=\"https:\/\/www.arnaudfonquerne.com\/wp-content\/uploads\/2016\/09\/af-26052016-dsc3003.jpg\" class=\"imagelink\" title=\"New Day of protest against the Labor Law. Bastille to Nation. Mobilization remained strong. Paris, 26 May 2016.\rNouvelle journ\u00e9e de contestation contre la loi Travail de la Bastille \u00e0 la Nation. La mobilisation est rest\u00e9e forte. Paris, 26 mai 2016.\"><img decoding=\"async\" width=\"1920\" height=\"1281\" src=\"https:\/\/www.arnaudfonquerne.com\/wp-content\/uploads\/2016\/09\/af-26052016-dsc3003.jpg\" class=\"attachment-full size-full\" alt=\"\" loading=\"lazy\" srcset=\"https:\/\/www.arnaudfonquerne.com\/wp-content\/uploads\/2016\/09\/af-26052016-dsc3003.jpg 1920w, https:\/\/www.arnaudfonquerne.com\/wp-content\/uploads\/2016\/09\/af-26052016-dsc3003-1280x854.jpg 1280w, https:\/\/www.arnaudfonquerne.com\/wp-content\/uploads\/2016\/09\/af-26052016-dsc3003-768x512.jpg 768w, https:\/\/www.arnaudfonquerne.com\/wp-content\/uploads\/2016\/09\/af-26052016-dsc3003-1536x1025.jpg 1536w, https:\/\/www.arnaudfonquerne.com\/wp-content\/uploads\/2016\/09\/af-26052016-dsc3003-600x400.jpg 600w\" sizes=\"auto, (max-width: 1920px) 100vw, 1920px\" \/><\/a><a href=\"https:\/\/www.arnaudfonquerne.com\/wp-content\/uploads\/2016\/09\/af-26052016-dsc3101.jpg\" class=\"imagelink\" title=\"New Day of protest against the Labor Law. Bastille to Nation. Mobilization remained strong. Paris, 26 May 2016.\rNouvelle journ\u00e9e de contestation contre la loi Travail de la Bastille \u00e0 la Nation. La mobilisation est rest\u00e9e forte. Paris, 26 mai 2016.\"><img decoding=\"async\" width=\"1920\" height=\"1282\" src=\"https:\/\/www.arnaudfonquerne.com\/wp-content\/uploads\/2016\/09\/af-26052016-dsc3101.jpg\" class=\"attachment-full size-full\" alt=\"\" loading=\"lazy\" srcset=\"https:\/\/www.arnaudfonquerne.com\/wp-content\/uploads\/2016\/09\/af-26052016-dsc3101.jpg 1920w, https:\/\/www.arnaudfonquerne.com\/wp-content\/uploads\/2016\/09\/af-26052016-dsc3101-1280x855.jpg 1280w, https:\/\/www.arnaudfonquerne.com\/wp-content\/uploads\/2016\/09\/af-26052016-dsc3101-768x513.jpg 768w, https:\/\/www.arnaudfonquerne.com\/wp-content\/uploads\/2016\/09\/af-26052016-dsc3101-1536x1026.jpg 1536w, https:\/\/www.arnaudfonquerne.com\/wp-content\/uploads\/2016\/09\/af-26052016-dsc3101-600x401.jpg 600w\" sizes=\"auto, (max-width: 1920px) 100vw, 1920px\" \/><\/a><a href=\"https:\/\/www.arnaudfonquerne.com\/wp-content\/uploads\/2016\/09\/af-28042016-dsc1584.jpg\" class=\"imagelink\" title=\"Young people, trade unionists, FO and CGT. The CRS retaliate Place de la Nation and multiply the strained shots of tear gas grenades. 28 April 2016, Paris.\rDes jeunes, des syndicalistes, FO et CGT. Les CRS ripostent Place de la Nation et multiplient les tirs tendus de grenades lacrymog\u00e8ne. 28 avril 2016, Paris.\"><img decoding=\"async\" width=\"1920\" height=\"1281\" src=\"https:\/\/www.arnaudfonquerne.com\/wp-content\/uploads\/2016\/09\/af-28042016-dsc1584.jpg\" class=\"attachment-full size-full\" alt=\"\" loading=\"lazy\" srcset=\"https:\/\/www.arnaudfonquerne.com\/wp-content\/uploads\/2016\/09\/af-28042016-dsc1584.jpg 1920w, https:\/\/www.arnaudfonquerne.com\/wp-content\/uploads\/2016\/09\/af-28042016-dsc1584-1280x854.jpg 1280w, https:\/\/www.arnaudfonquerne.com\/wp-content\/uploads\/2016\/09\/af-28042016-dsc1584-768x512.jpg 768w, https:\/\/www.arnaudfonquerne.com\/wp-content\/uploads\/2016\/09\/af-28042016-dsc1584-1536x1025.jpg 1536w, https:\/\/www.arnaudfonquerne.com\/wp-content\/uploads\/2016\/09\/af-28042016-dsc1584-600x400.jpg 600w\" sizes=\"auto, (max-width: 1920px) 100vw, 1920px\" \/><\/a><a href=\"https:\/\/www.arnaudfonquerne.com\/wp-content\/uploads\/2016\/09\/af-28062016-dscf0086.jpg\" class=\"imagelink\" title=\"The procession is regularly kettled. 28 June 2016, Paris.\nLe cort\u00e8ge est r\u00e9guli\u00e8rement nass\u00e9. 28 juin 2016, Paris.\"><img decoding=\"async\" width=\"1920\" height=\"1280\" src=\"https:\/\/www.arnaudfonquerne.com\/wp-content\/uploads\/2016\/09\/af-28062016-dscf0086.jpg\" class=\"attachment-full size-full\" alt=\"\" loading=\"lazy\" srcset=\"https:\/\/www.arnaudfonquerne.com\/wp-content\/uploads\/2016\/09\/af-28062016-dscf0086.jpg 1920w, https:\/\/www.arnaudfonquerne.com\/wp-content\/uploads\/2016\/09\/af-28062016-dscf0086-1280x853.jpg 1280w, https:\/\/www.arnaudfonquerne.com\/wp-content\/uploads\/2016\/09\/af-28062016-dscf0086-768x512.jpg 768w, https:\/\/www.arnaudfonquerne.com\/wp-content\/uploads\/2016\/09\/af-28062016-dscf0086-1536x1024.jpg 1536w, https:\/\/www.arnaudfonquerne.com\/wp-content\/uploads\/2016\/09\/af-28062016-dscf0086-600x400.jpg 600w\" sizes=\"auto, (max-width: 1920px) 100vw, 1920px\" \/><\/a><a href=\"https:\/\/www.arnaudfonquerne.com\/wp-content\/uploads\/2016\/09\/af-26052016-dsc3444.jpg\" class=\"imagelink\" title=\"New Day of protest against the Labor Law. Bastille to Nation. Mobilization remained strong. Paris, 26 May 2016.\rNouvelle journ\u00e9e de contestation contre la loi Travail de la Bastille \u00e0 la Nation. La mobilisation est rest\u00e9e forte. Paris, 26 mai 2016.\"><img decoding=\"async\" width=\"1920\" height=\"1281\" src=\"https:\/\/www.arnaudfonquerne.com\/wp-content\/uploads\/2016\/09\/af-26052016-dsc3444.jpg\" class=\"attachment-full size-full\" alt=\"\" loading=\"lazy\" srcset=\"https:\/\/www.arnaudfonquerne.com\/wp-content\/uploads\/2016\/09\/af-26052016-dsc3444.jpg 1920w, https:\/\/www.arnaudfonquerne.com\/wp-content\/uploads\/2016\/09\/af-26052016-dsc3444-1280x854.jpg 1280w, https:\/\/www.arnaudfonquerne.com\/wp-content\/uploads\/2016\/09\/af-26052016-dsc3444-768x512.jpg 768w, https:\/\/www.arnaudfonquerne.com\/wp-content\/uploads\/2016\/09\/af-26052016-dsc3444-1536x1025.jpg 1536w, https:\/\/www.arnaudfonquerne.com\/wp-content\/uploads\/2016\/09\/af-26052016-dsc3444-600x400.jpg 600w\" sizes=\"auto, (max-width: 1920px) 100vw, 1920px\" \/><\/a><a href=\"https:\/\/www.arnaudfonquerne.com\/wp-content\/uploads\/2016\/09\/af-28042016-dsc1666.jpg\" class=\"imagelink\" title=\"Young people, trade unionists, FO and CGT. The CRS retaliate Place de la Nation and multiply the strained shots of tear gas grenades. 28 April 2016, Paris.\rDes jeunes, des syndicalistes, FO et CGT. Les CRS ripostent Place de la Nation et multiplient les tirs tendus de grenades lacrymog\u00e8ne. 28 avril 2016, Paris.\"><img decoding=\"async\" width=\"1920\" height=\"1282\" src=\"https:\/\/www.arnaudfonquerne.com\/wp-content\/uploads\/2016\/09\/af-28042016-dsc1666.jpg\" class=\"attachment-full size-full\" alt=\"\" loading=\"lazy\" srcset=\"https:\/\/www.arnaudfonquerne.com\/wp-content\/uploads\/2016\/09\/af-28042016-dsc1666.jpg 1920w, https:\/\/www.arnaudfonquerne.com\/wp-content\/uploads\/2016\/09\/af-28042016-dsc1666-1280x855.jpg 1280w, https:\/\/www.arnaudfonquerne.com\/wp-content\/uploads\/2016\/09\/af-28042016-dsc1666-768x513.jpg 768w, https:\/\/www.arnaudfonquerne.com\/wp-content\/uploads\/2016\/09\/af-28042016-dsc1666-1536x1026.jpg 1536w, https:\/\/www.arnaudfonquerne.com\/wp-content\/uploads\/2016\/09\/af-28042016-dsc1666-600x401.jpg 600w\" sizes=\"auto, (max-width: 1920px) 100vw, 1920px\" \/><\/a><a href=\"https:\/\/www.arnaudfonquerne.com\/wp-content\/uploads\/2016\/09\/af-28042016-dsc1596.jpg\" class=\"imagelink\" title=\"Young people, trade unionists, FO and CGT. The CRS retaliate Place de la Nation and multiply the strained shots of tear gas grenades. 28 April 2016, Paris.\rDes jeunes, des syndicalistes, FO et CGT. Les CRS ripostent Place de la Nation et multiplient les tirs tendus de grenades lacrymog\u00e8ne. 28 avril 2016, Paris.\"><img decoding=\"async\" width=\"1920\" height=\"1281\" src=\"https:\/\/www.arnaudfonquerne.com\/wp-content\/uploads\/2016\/09\/af-28042016-dsc1596.jpg\" class=\"attachment-full size-full\" alt=\"\" loading=\"lazy\" srcset=\"https:\/\/www.arnaudfonquerne.com\/wp-content\/uploads\/2016\/09\/af-28042016-dsc1596.jpg 1920w, https:\/\/www.arnaudfonquerne.com\/wp-content\/uploads\/2016\/09\/af-28042016-dsc1596-1280x854.jpg 1280w, https:\/\/www.arnaudfonquerne.com\/wp-content\/uploads\/2016\/09\/af-28042016-dsc1596-768x512.jpg 768w, https:\/\/www.arnaudfonquerne.com\/wp-content\/uploads\/2016\/09\/af-28042016-dsc1596-1536x1025.jpg 1536w, https:\/\/www.arnaudfonquerne.com\/wp-content\/uploads\/2016\/09\/af-28042016-dsc1596-600x400.jpg 600w\" sizes=\"auto, (max-width: 1920px) 100vw, 1920px\" \/><\/a><a href=\"https:\/\/www.arnaudfonquerne.com\/wp-content\/uploads\/2016\/09\/af-28062016-dscf0101.jpg\" class=\"imagelink\" title=\"Some tensions within the cortege. The demonstrators resist the kettle imposed by the forces of order. 28 June 2016, Paris.\nQuelques tensions au sein du cort\u00e8ge. Les manifestants r\u00e9sistent \u00e0 la nasse impos\u00e9e par les forces de l&#039;ordre. 28 juin 2016, Paris.\"><img decoding=\"async\" width=\"1920\" height=\"1280\" src=\"https:\/\/www.arnaudfonquerne.com\/wp-content\/uploads\/2016\/09\/af-28062016-dscf0101.jpg\" class=\"attachment-full size-full\" alt=\"\" loading=\"lazy\" srcset=\"https:\/\/www.arnaudfonquerne.com\/wp-content\/uploads\/2016\/09\/af-28062016-dscf0101.jpg 1920w, https:\/\/www.arnaudfonquerne.com\/wp-content\/uploads\/2016\/09\/af-28062016-dscf0101-1280x853.jpg 1280w, https:\/\/www.arnaudfonquerne.com\/wp-content\/uploads\/2016\/09\/af-28062016-dscf0101-768x512.jpg 768w, https:\/\/www.arnaudfonquerne.com\/wp-content\/uploads\/2016\/09\/af-28062016-dscf0101-1536x1024.jpg 1536w, https:\/\/www.arnaudfonquerne.com\/wp-content\/uploads\/2016\/09\/af-28062016-dscf0101-600x400.jpg 600w\" sizes=\"auto, (max-width: 1920px) 100vw, 1920px\" \/><\/a><a href=\"https:\/\/www.arnaudfonquerne.com\/wp-content\/uploads\/2016\/09\/af-28062016-dscf0113.jpg\" class=\"imagelink\" title=\"Some tensions within the cortege. The demonstrators resist the kettle imposed by the forces of order. 28 June 2016, Paris.\nQuelques tensions au sein du cort\u00e8ge. Les manifestants r\u00e9sistent \u00e0 la nasse impos\u00e9e par les forces de l&#039;ordre. 28 juin 2016, Paris.\"><img decoding=\"async\" width=\"1920\" height=\"1280\" src=\"https:\/\/www.arnaudfonquerne.com\/wp-content\/uploads\/2016\/09\/af-28062016-dscf0113.jpg\" class=\"attachment-full size-full\" alt=\"\" loading=\"lazy\" srcset=\"https:\/\/www.arnaudfonquerne.com\/wp-content\/uploads\/2016\/09\/af-28062016-dscf0113.jpg 1920w, https:\/\/www.arnaudfonquerne.com\/wp-content\/uploads\/2016\/09\/af-28062016-dscf0113-1280x853.jpg 1280w, https:\/\/www.arnaudfonquerne.com\/wp-content\/uploads\/2016\/09\/af-28062016-dscf0113-768x512.jpg 768w, https:\/\/www.arnaudfonquerne.com\/wp-content\/uploads\/2016\/09\/af-28062016-dscf0113-1536x1024.jpg 1536w, https:\/\/www.arnaudfonquerne.com\/wp-content\/uploads\/2016\/09\/af-28062016-dscf0113-600x400.jpg 600w\" sizes=\"auto, (max-width: 1920px) 100vw, 1920px\" \/><\/a><a href=\"https:\/\/www.arnaudfonquerne.com\/wp-content\/uploads\/2016\/09\/af-28062016-dscf0137.jpg\" class=\"imagelink\" title=\"Between 14,000 and 55,000 people marched in Paris. 28 June 2016, Paris.\nEntre 14000 et 55000 personnes ont d\u00e9fil\u00e9 \u00e0 Paris. 28 juin 2016, Paris.\"><img decoding=\"async\" width=\"1920\" height=\"1280\" src=\"https:\/\/www.arnaudfonquerne.com\/wp-content\/uploads\/2016\/09\/af-28062016-dscf0137.jpg\" class=\"attachment-full size-full\" alt=\"\" loading=\"lazy\" srcset=\"https:\/\/www.arnaudfonquerne.com\/wp-content\/uploads\/2016\/09\/af-28062016-dscf0137.jpg 1920w, https:\/\/www.arnaudfonquerne.com\/wp-content\/uploads\/2016\/09\/af-28062016-dscf0137-1280x853.jpg 1280w, https:\/\/www.arnaudfonquerne.com\/wp-content\/uploads\/2016\/09\/af-28062016-dscf0137-768x512.jpg 768w, https:\/\/www.arnaudfonquerne.com\/wp-content\/uploads\/2016\/09\/af-28062016-dscf0137-1536x1024.jpg 1536w, https:\/\/www.arnaudfonquerne.com\/wp-content\/uploads\/2016\/09\/af-28062016-dscf0137-600x400.jpg 600w\" sizes=\"auto, (max-width: 1920px) 100vw, 1920px\" \/><\/a><a href=\"https:\/\/www.arnaudfonquerne.com\/wp-content\/uploads\/2016\/09\/af-05072016-dscf0686.jpg\" class=\"imagelink\" title=\"Demonstrators are gathered around the National Assembly, while the government, using article 49-3, will pass the El Khomri law without passing by the vote of the National Assembly. On July 5, 2016, in Paris.\rDes manifestants sont rassembl\u00e9s aux abords de l\u2019Assembl\u00e9e Nationale alors que le gouvernement, en utilisant l&#039;article 49-3, va adopter la loi El Khomri sans passer par le vote de l&#039;Assembl\u00e9e nationale. Le 5 juillet 2016, \u00e0 Paris.\"><img decoding=\"async\" width=\"1920\" height=\"1280\" src=\"https:\/\/www.arnaudfonquerne.com\/wp-content\/uploads\/2016\/09\/af-05072016-dscf0686.jpg\" class=\"attachment-full size-full\" alt=\"\" loading=\"lazy\" srcset=\"https:\/\/www.arnaudfonquerne.com\/wp-content\/uploads\/2016\/09\/af-05072016-dscf0686.jpg 1920w, https:\/\/www.arnaudfonquerne.com\/wp-content\/uploads\/2016\/09\/af-05072016-dscf0686-1280x853.jpg 1280w, https:\/\/www.arnaudfonquerne.com\/wp-content\/uploads\/2016\/09\/af-05072016-dscf0686-768x512.jpg 768w, https:\/\/www.arnaudfonquerne.com\/wp-content\/uploads\/2016\/09\/af-05072016-dscf0686-1536x1024.jpg 1536w, https:\/\/www.arnaudfonquerne.com\/wp-content\/uploads\/2016\/09\/af-05072016-dscf0686-600x400.jpg 600w\" sizes=\"auto, (max-width: 1920px) 100vw, 1920px\" \/><\/a><a href=\"https:\/\/www.arnaudfonquerne.com\/wp-content\/uploads\/2016\/09\/af-28062016-dscf0122.jpg\" class=\"imagelink\" title=\"The demonstration may resume. 28 June 2016, Paris.\nLa manifestation peut reprendre. 28 juin 2016, Paris.\"><img decoding=\"async\" width=\"1920\" height=\"1280\" src=\"https:\/\/www.arnaudfonquerne.com\/wp-content\/uploads\/2016\/09\/af-28062016-dscf0122.jpg\" class=\"attachment-full size-full\" alt=\"\" loading=\"lazy\" srcset=\"https:\/\/www.arnaudfonquerne.com\/wp-content\/uploads\/2016\/09\/af-28062016-dscf0122.jpg 1920w, https:\/\/www.arnaudfonquerne.com\/wp-content\/uploads\/2016\/09\/af-28062016-dscf0122-1280x853.jpg 1280w, https:\/\/www.arnaudfonquerne.com\/wp-content\/uploads\/2016\/09\/af-28062016-dscf0122-768x512.jpg 768w, https:\/\/www.arnaudfonquerne.com\/wp-content\/uploads\/2016\/09\/af-28062016-dscf0122-1536x1024.jpg 1536w, https:\/\/www.arnaudfonquerne.com\/wp-content\/uploads\/2016\/09\/af-28062016-dscf0122-600x400.jpg 600w\" sizes=\"auto, (max-width: 1920px) 100vw, 1920px\" \/><\/a><\/div><\/div>\n<!-- SERIES-GALLERY-END -->\n\n","protected":false},"featured_media":4453,"template":"","meta":{"_acf_changed":false,"_gspb_post_css":""},"categorie-series":[208],"class_list":["post-7478","series","type-series","status-publish","has-post-thumbnail","hentry","categorie-series-stories"],"acf":[],"_links":{"self":[{"href":"https:\/\/www.arnaudfonquerne.com\/en\/wp-json\/wp\/v2\/series\/7478","targetHints":{"allow":["GET"]}}],"collection":[{"href":"https:\/\/www.arnaudfonquerne.com\/en\/wp-json\/wp\/v2\/series"}],"about":[{"href":"https:\/\/www.arnaudfonquerne.com\/en\/wp-json\/wp\/v2\/types\/series"}],"wp:featuredmedia":[{"embeddable":true,"href":"https:\/\/www.arnaudfonquerne.com\/en\/wp-json\/wp\/v2\/media\/4453"}],"wp:attachment":[{"href":"https:\/\/www.arnaudfonquerne.com\/en\/wp-json\/wp\/v2\/media?parent=7478"}],"wp:term":[{"taxonomy":"categorie-series","embeddable":true,"href":"https:\/\/www.arnaudfonquerne.com\/en\/wp-json\/wp\/v2\/categorie-series?post=7478"}],"curies":[{"name":"wp","href":"https:\/\/api.w.org\/{rel}","templated":true}]}}