{"id":7481,"date":"2017-06-02T10:38:10","date_gmt":"2017-06-02T08:38:10","guid":{"rendered":"https:\/\/www.arnaudfonquerne.com\/series\/chaleur-sociale\/"},"modified":"2026-08-11T14:27:11","modified_gmt":"2026-08-11T12:27:11","slug":"chaleur-sociale","status":"publish","type":"series","link":"https:\/\/www.arnaudfonquerne.com\/en\/series\/chaleur-sociale\/","title":{"rendered":"Chaleur Sociale"},"content":{"rendered":"<p>Le Front Social se mobilise contre la r\u00e9forme du code du travail. D\u00e8s le lendemain des \u00e9lections l\u00e9gislatives, le 19 juin 2017, plusieurs centaines de personnes \u00e9taient rassembl\u00e9es devant l\u2019Assembl\u00e9e nationale, sous une chaleur \u00e9touffante, \u00e0 l\u2019appel du collectif syndical et associatif \u00ab&nbsp;Front social&nbsp;\u00bb.&nbsp;Le 16 novembre 2017, les opposants \u00e0 la politique sociale du gouvernement Macron manifestaient \u00e0 nouveau contre la hausse de la contribution sociale g\u00e9n\u00e9ralis\u00e9e (CSG) et contre les mesures d&#8217;\u00e9conomies dans la fonction publique. Les manifestants ont maintenu la pression en d\u00e9filant pour la quatri\u00e8me fois en deux mois contre les ordonnances.<\/p>\n\n<!-- SERIES-GALLERY-START -->\n<div class=\"gspb_id-gsbp-cc5a01e4b8f66 gspb-dynamic-acf-gallery wp-block-greenshift-blocks-dynamicgallery\"><div class=\"gspb_gallery_grid gspb_gallery_lightbox\"><a href=\"https:\/\/www.arnaudfonquerne.com\/wp-content\/uploads\/2017\/06\/af-16112017-l1001124-scaled.jpg\" class=\"imagelink\" title=\"Opponents of the social policy of the Macron government were protesting against the rise of the general social contribution (CSG) and against the measures of economy in the civil service. The protesters kept up the pressure by marching for the fourth time in two months against Emmanuel Macron&#039;s labour law reform. The marches launched from the Place de la R\u00e9publique before arriving at Nation around 17 hours. This call for the demonstration was launched by the CGT with FO. This protest against the liberal policy of Emmanuel Macron gathered 80 000 participants throughout France, including 8 000 in Paris, according to the police prefecture. For its part, the CGT has identified 40,000 participants in Paris. Paris, November 16, 2017.\nLes opposants \u00e0 la politique sociale du gouvernement Macron manifestaient contre la hausse de la contribution sociale g\u00e9n\u00e9ralis\u00e9e (CSG) et contre les mesures d&#039;\u00e9conomies dans la fonction publique. Les manifestants ont maintenu la pression en d\u00e9filant pour la quatri\u00e8me fois en deux mois contre les ordonnances. Les cort\u00e8ges parisiens se sont lanc\u00e9s de la place de la R\u00e9publique avant d&#039;arriver \u00e0 Nation vers 17 heures. Cet appel \u00e0 la manifestation avait \u00e9t\u00e9 lanc\u00e9 par la CGT avec FO. Cette protestation contre la politique lib\u00e9rale d&#039;Emmanuel Macron a r\u00e9uni 80 000 participants dans toute la France, dont 8 000 \u00e0 Paris, selon la pr\u00e9fecture de police. De son c\u00f4t\u00e9, la CGT a recens\u00e9 40 000 participants \u00e0 Paris. Paris, le 16 novembre 2017.\"><img decoding=\"async\" width=\"1336\" height=\"2000\" src=\"https:\/\/www.arnaudfonquerne.com\/wp-content\/uploads\/2017\/06\/af-16112017-l1001124-scaled.jpg\" class=\"attachment-full size-full\" alt=\"\" loading=\"lazy\" srcset=\"https:\/\/www.arnaudfonquerne.com\/wp-content\/uploads\/2017\/06\/af-16112017-l1001124-scaled.jpg 1336w, https:\/\/www.arnaudfonquerne.com\/wp-content\/uploads\/2017\/06\/af-16112017-l1001124-scaled-855x1280.jpg 855w, https:\/\/www.arnaudfonquerne.com\/wp-content\/uploads\/2017\/06\/af-16112017-l1001124-scaled-1283x1920.jpg 1283w, https:\/\/www.arnaudfonquerne.com\/wp-content\/uploads\/2017\/06\/af-16112017-l1001124-scaled-768x1150.jpg 768w, https:\/\/www.arnaudfonquerne.com\/wp-content\/uploads\/2017\/06\/af-16112017-l1001124-scaled-1026x1536.jpg 1026w, https:\/\/www.arnaudfonquerne.com\/wp-content\/uploads\/2017\/06\/af-16112017-l1001124-1368x2048.jpg 1368w, https:\/\/www.arnaudfonquerne.com\/wp-content\/uploads\/2017\/06\/af-16112017-l1001124-scaled-600x898.jpg 600w\" sizes=\"auto, (max-width: 1336px) 100vw, 1336px\" \/><\/a><a href=\"https:\/\/www.arnaudfonquerne.com\/wp-content\/uploads\/2017\/06\/af-16112017-l1001306-scaled.jpg\" class=\"imagelink\" title=\"Opponents of the social policy of the Macron government were protesting against the rise of the general social contribution (CSG) and against the measures of economy in the civil service. The protesters kept up the pressure by marching for the fourth time in two months against Emmanuel Macron&#039;s labour law reform. The marches launched from the Place de la R\u00e9publique before arriving at Nation around 17 hours. This call for the demonstration was launched by the CGT with FO. This protest against the liberal policy of Emmanuel Macron gathered 80 000 participants throughout France, including 8 000 in Paris, according to the police prefecture. For its part, the CGT has identified 40,000 participants in Paris. Paris, November 16, 2017.\nLes opposants \u00e0 la politique sociale du gouvernement Macron manifestaient contre la hausse de la contribution sociale g\u00e9n\u00e9ralis\u00e9e (CSG) et contre les mesures d&#039;\u00e9conomies dans la fonction publique. Les manifestants ont maintenu la pression en d\u00e9filant pour la quatri\u00e8me fois en deux mois contre les ordonnances. Les cort\u00e8ges parisiens se sont lanc\u00e9s de la place de la R\u00e9publique avant d&#039;arriver \u00e0 Nation vers 17 heures. Cet appel \u00e0 la manifestation avait \u00e9t\u00e9 lanc\u00e9 par la CGT avec FO. Cette protestation contre la politique lib\u00e9rale d&#039;Emmanuel Macron a r\u00e9uni 80 000 participants dans toute la France, dont 8 000 \u00e0 Paris, selon la pr\u00e9fecture de police. De son c\u00f4t\u00e9, la CGT a recens\u00e9 40 000 participants \u00e0 Paris. Paris, le 16 novembre 2017.\"><img decoding=\"async\" width=\"2000\" height=\"1336\" src=\"https:\/\/www.arnaudfonquerne.com\/wp-content\/uploads\/2017\/06\/af-16112017-l1001306-scaled.jpg\" class=\"attachment-full size-full\" alt=\"\" loading=\"lazy\" srcset=\"https:\/\/www.arnaudfonquerne.com\/wp-content\/uploads\/2017\/06\/af-16112017-l1001306-scaled.jpg 2000w, https:\/\/www.arnaudfonquerne.com\/wp-content\/uploads\/2017\/06\/af-16112017-l1001306-scaled-1280x855.jpg 1280w, https:\/\/www.arnaudfonquerne.com\/wp-content\/uploads\/2017\/06\/af-16112017-l1001306-scaled-1920x1283.jpg 1920w, https:\/\/www.arnaudfonquerne.com\/wp-content\/uploads\/2017\/06\/af-16112017-l1001306-scaled-768x513.jpg 768w, https:\/\/www.arnaudfonquerne.com\/wp-content\/uploads\/2017\/06\/af-16112017-l1001306-scaled-1536x1026.jpg 1536w, https:\/\/www.arnaudfonquerne.com\/wp-content\/uploads\/2017\/06\/af-16112017-l1001306-2048x1368.jpg 2048w, https:\/\/www.arnaudfonquerne.com\/wp-content\/uploads\/2017\/06\/af-16112017-l1001306-scaled-600x401.jpg 600w\" sizes=\"auto, (max-width: 2000px) 100vw, 2000px\" \/><\/a><a href=\"https:\/\/www.arnaudfonquerne.com\/wp-content\/uploads\/2017\/06\/af-19062017-dscf0146.jpg\" class=\"imagelink\" title=\"In the aftermath of the legislative elections, several hundred people were gathered in front of the National Assembly, in a stifling heat, at the call of the union and associative collective Front Social. Place de la Concorde, Paris, June 19, 2017.\nAu lendemain des \u00e9lections l\u00e9gislatives, plusieurs centaines de personnes \u00e9taient rassembl\u00e9es devant l&#039;Assembl\u00e9e nationale, sous une chaleur \u00e9touffante, \u00e0 l&#039;appel du collectif syndical et associatif Front social. Place de la Concorde, Paris, le 19 juin 2017.\"><img decoding=\"async\" width=\"1920\" height=\"1280\" src=\"https:\/\/www.arnaudfonquerne.com\/wp-content\/uploads\/2017\/06\/af-19062017-dscf0146.jpg\" class=\"attachment-full size-full\" alt=\"\" loading=\"lazy\" srcset=\"https:\/\/www.arnaudfonquerne.com\/wp-content\/uploads\/2017\/06\/af-19062017-dscf0146.jpg 1920w, https:\/\/www.arnaudfonquerne.com\/wp-content\/uploads\/2017\/06\/af-19062017-dscf0146-1280x853.jpg 1280w, https:\/\/www.arnaudfonquerne.com\/wp-content\/uploads\/2017\/06\/af-19062017-dscf0146-768x512.jpg 768w, https:\/\/www.arnaudfonquerne.com\/wp-content\/uploads\/2017\/06\/af-19062017-dscf0146-1536x1024.jpg 1536w, https:\/\/www.arnaudfonquerne.com\/wp-content\/uploads\/2017\/06\/af-19062017-dscf0146-600x400.jpg 600w\" sizes=\"auto, (max-width: 1920px) 100vw, 1920px\" \/><\/a><a href=\"https:\/\/www.arnaudfonquerne.com\/wp-content\/uploads\/2017\/06\/af-19062017-dscf0245.jpg\" class=\"imagelink\" title=\"In the aftermath of the legislative elections, several hundred people were gathered in front of the National Assembly, in a stifling heat, at the call of the union and associative collective Front Social. Place de la Concorde, Paris, June 19, 2017.\nAu lendemain des \u00e9lections l\u00e9gislatives, plusieurs centaines de personnes \u00e9taient rassembl\u00e9es devant l&#039;Assembl\u00e9e nationale, sous une chaleur \u00e9touffante, \u00e0 l&#039;appel du collectif syndical et associatif Front social. Place de la Concorde, Paris, le 19 juin 2017.\"><img decoding=\"async\" width=\"1920\" height=\"1280\" src=\"https:\/\/www.arnaudfonquerne.com\/wp-content\/uploads\/2017\/06\/af-19062017-dscf0245.jpg\" class=\"attachment-full size-full\" alt=\"\" loading=\"lazy\" srcset=\"https:\/\/www.arnaudfonquerne.com\/wp-content\/uploads\/2017\/06\/af-19062017-dscf0245.jpg 1920w, https:\/\/www.arnaudfonquerne.com\/wp-content\/uploads\/2017\/06\/af-19062017-dscf0245-1280x853.jpg 1280w, https:\/\/www.arnaudfonquerne.com\/wp-content\/uploads\/2017\/06\/af-19062017-dscf0245-768x512.jpg 768w, https:\/\/www.arnaudfonquerne.com\/wp-content\/uploads\/2017\/06\/af-19062017-dscf0245-1536x1024.jpg 1536w, https:\/\/www.arnaudfonquerne.com\/wp-content\/uploads\/2017\/06\/af-19062017-dscf0245-600x400.jpg 600w\" sizes=\"auto, (max-width: 1920px) 100vw, 1920px\" \/><\/a><a href=\"https:\/\/www.arnaudfonquerne.com\/wp-content\/uploads\/2017\/06\/af-01052017-dscf3305.jpg\" class=\"imagelink\" title=\"May 1 demonstration between the two rounds of the French presidential election of 2017. The unions call for a day of struggle and mobilization for social progress but have not parade together. For some trade unionists, the presence in the second round of the Front National must not overshadow social demands, including the repeal of the Labor Act. May 1, 2017. Paris, France.\rManifestation du 1er mai entre les deux tours de l&#039;\u00e9lection presidentielle fran\u00e7aise de 2017. Les syndicats appellent \u00e0 une journ\u00e9e de lutte et de mobilisation pour le progr\u00e8s social mais n&#039;ont pas d\u00e9fil\u00e9 ensemble. Pour certains syndicalistes, la pr\u00e9sence au second tour du Front National ne doit pas \u00e9clipser les revendications sociales dont l&#039;abrogation de la loi Travail. 1er mai 2017. Paris, France.\"><img decoding=\"async\" width=\"1920\" height=\"1280\" src=\"https:\/\/www.arnaudfonquerne.com\/wp-content\/uploads\/2017\/06\/af-01052017-dscf3305.jpg\" class=\"attachment-full size-full\" alt=\"\" loading=\"lazy\" srcset=\"https:\/\/www.arnaudfonquerne.com\/wp-content\/uploads\/2017\/06\/af-01052017-dscf3305.jpg 1920w, https:\/\/www.arnaudfonquerne.com\/wp-content\/uploads\/2017\/06\/af-01052017-dscf3305-1280x853.jpg 1280w, https:\/\/www.arnaudfonquerne.com\/wp-content\/uploads\/2017\/06\/af-01052017-dscf3305-768x512.jpg 768w, https:\/\/www.arnaudfonquerne.com\/wp-content\/uploads\/2017\/06\/af-01052017-dscf3305-1536x1024.jpg 1536w, https:\/\/www.arnaudfonquerne.com\/wp-content\/uploads\/2017\/06\/af-01052017-dscf3305-600x400.jpg 600w\" sizes=\"auto, (max-width: 1920px) 100vw, 1920px\" \/><\/a><a href=\"https:\/\/www.arnaudfonquerne.com\/wp-content\/uploads\/2017\/06\/af-19062017-dscf0284.jpg\" class=\"imagelink\" title=\"In the aftermath of the legislative elections, several hundred people were gathered in front of the National Assembly, in a stifling heat, at the call of the union and associative collective Front Social. Place de la Concorde, Paris, June 19, 2017.\nAu lendemain des \u00e9lections l\u00e9gislatives, plusieurs centaines de personnes \u00e9taient rassembl\u00e9es devant l&#039;Assembl\u00e9e nationale, sous une chaleur \u00e9touffante, \u00e0 l&#039;appel du collectif syndical et associatif Front social. Place de la Concorde, Paris, le 19 juin 2017.\"><img decoding=\"async\" width=\"1920\" height=\"1280\" src=\"https:\/\/www.arnaudfonquerne.com\/wp-content\/uploads\/2017\/06\/af-19062017-dscf0284.jpg\" class=\"attachment-full size-full\" alt=\"\" loading=\"lazy\" srcset=\"https:\/\/www.arnaudfonquerne.com\/wp-content\/uploads\/2017\/06\/af-19062017-dscf0284.jpg 1920w, https:\/\/www.arnaudfonquerne.com\/wp-content\/uploads\/2017\/06\/af-19062017-dscf0284-1280x853.jpg 1280w, https:\/\/www.arnaudfonquerne.com\/wp-content\/uploads\/2017\/06\/af-19062017-dscf0284-768x512.jpg 768w, https:\/\/www.arnaudfonquerne.com\/wp-content\/uploads\/2017\/06\/af-19062017-dscf0284-1536x1024.jpg 1536w, https:\/\/www.arnaudfonquerne.com\/wp-content\/uploads\/2017\/06\/af-19062017-dscf0284-600x400.jpg 600w\" sizes=\"auto, (max-width: 1920px) 100vw, 1920px\" \/><\/a><a href=\"https:\/\/www.arnaudfonquerne.com\/wp-content\/uploads\/2017\/06\/af-19062017-dscf0282.jpg\" class=\"imagelink\" title=\"In the aftermath of the legislative elections, several hundred people were gathered in front of the National Assembly, in a stifling heat, at the call of the union and associative collective Front Social. Place de la Concorde, Paris, June 19, 2017.\nAu lendemain des \u00e9lections l\u00e9gislatives, plusieurs centaines de personnes \u00e9taient rassembl\u00e9es devant l&#039;Assembl\u00e9e nationale, sous une chaleur \u00e9touffante, \u00e0 l&#039;appel du collectif syndical et associatif Front social. Place de la Concorde, Paris, le 19 juin 2017.\"><img decoding=\"async\" width=\"1920\" height=\"1280\" src=\"https:\/\/www.arnaudfonquerne.com\/wp-content\/uploads\/2017\/06\/af-19062017-dscf0282.jpg\" class=\"attachment-full size-full\" alt=\"\" loading=\"lazy\" srcset=\"https:\/\/www.arnaudfonquerne.com\/wp-content\/uploads\/2017\/06\/af-19062017-dscf0282.jpg 1920w, https:\/\/www.arnaudfonquerne.com\/wp-content\/uploads\/2017\/06\/af-19062017-dscf0282-1280x853.jpg 1280w, https:\/\/www.arnaudfonquerne.com\/wp-content\/uploads\/2017\/06\/af-19062017-dscf0282-768x512.jpg 768w, https:\/\/www.arnaudfonquerne.com\/wp-content\/uploads\/2017\/06\/af-19062017-dscf0282-1536x1024.jpg 1536w, https:\/\/www.arnaudfonquerne.com\/wp-content\/uploads\/2017\/06\/af-19062017-dscf0282-600x400.jpg 600w\" sizes=\"auto, (max-width: 1920px) 100vw, 1920px\" \/><\/a><a href=\"https:\/\/www.arnaudfonquerne.com\/wp-content\/uploads\/2017\/06\/af-19062017-dscf0232.jpg\" class=\"imagelink\" title=\"In the aftermath of the legislative elections, several hundred people were gathered in front of the National Assembly, in a stifling heat, at the call of the union and associative collective Front Social. Place de la Concorde, Paris, June 19, 2017.\nAu lendemain des \u00e9lections l\u00e9gislatives, plusieurs centaines de personnes \u00e9taient rassembl\u00e9es devant l&#039;Assembl\u00e9e nationale, sous une chaleur \u00e9touffante, \u00e0 l&#039;appel du collectif syndical et associatif Front social. Place de la Concorde, Paris, le 19 juin 2017.\"><img decoding=\"async\" width=\"1920\" height=\"1280\" src=\"https:\/\/www.arnaudfonquerne.com\/wp-content\/uploads\/2017\/06\/af-19062017-dscf0232.jpg\" class=\"attachment-full size-full\" alt=\"\" loading=\"lazy\" srcset=\"https:\/\/www.arnaudfonquerne.com\/wp-content\/uploads\/2017\/06\/af-19062017-dscf0232.jpg 1920w, https:\/\/www.arnaudfonquerne.com\/wp-content\/uploads\/2017\/06\/af-19062017-dscf0232-1280x853.jpg 1280w, https:\/\/www.arnaudfonquerne.com\/wp-content\/uploads\/2017\/06\/af-19062017-dscf0232-768x512.jpg 768w, https:\/\/www.arnaudfonquerne.com\/wp-content\/uploads\/2017\/06\/af-19062017-dscf0232-1536x1024.jpg 1536w, https:\/\/www.arnaudfonquerne.com\/wp-content\/uploads\/2017\/06\/af-19062017-dscf0232-600x400.jpg 600w\" sizes=\"auto, (max-width: 1920px) 100vw, 1920px\" \/><\/a><a href=\"https:\/\/www.arnaudfonquerne.com\/wp-content\/uploads\/2017\/06\/af-19062017-dscf0175.jpg\" class=\"imagelink\" title=\"In the aftermath of the legislative elections, several hundred people were gathered in front of the National Assembly, in a stifling heat, at the call of the union and associative collective Front Social. Place de la Concorde, Paris, June 19, 2017.\nAu lendemain des \u00e9lections l\u00e9gislatives, plusieurs centaines de personnes \u00e9taient rassembl\u00e9es devant l&#039;Assembl\u00e9e nationale, sous une chaleur \u00e9touffante, \u00e0 l&#039;appel du collectif syndical et associatif Front social. Place de la Concorde, Paris, le 19 juin 2017.\"><img decoding=\"async\" width=\"1920\" height=\"1280\" src=\"https:\/\/www.arnaudfonquerne.com\/wp-content\/uploads\/2017\/06\/af-19062017-dscf0175.jpg\" class=\"attachment-full size-full\" alt=\"\" loading=\"lazy\" srcset=\"https:\/\/www.arnaudfonquerne.com\/wp-content\/uploads\/2017\/06\/af-19062017-dscf0175.jpg 1920w, https:\/\/www.arnaudfonquerne.com\/wp-content\/uploads\/2017\/06\/af-19062017-dscf0175-1280x853.jpg 1280w, https:\/\/www.arnaudfonquerne.com\/wp-content\/uploads\/2017\/06\/af-19062017-dscf0175-768x512.jpg 768w, https:\/\/www.arnaudfonquerne.com\/wp-content\/uploads\/2017\/06\/af-19062017-dscf0175-1536x1024.jpg 1536w, https:\/\/www.arnaudfonquerne.com\/wp-content\/uploads\/2017\/06\/af-19062017-dscf0175-600x400.jpg 600w\" sizes=\"auto, (max-width: 1920px) 100vw, 1920px\" \/><\/a><a href=\"https:\/\/www.arnaudfonquerne.com\/wp-content\/uploads\/2017\/06\/af-01052017-dscf3314.jpg\" class=\"imagelink\" title=\"May 1 demonstration between the two rounds of the French presidential election of 2017. The unions call for a day of struggle and mobilization for social progress but have not parade together. For some trade unionists, the presence in the second round of the Front National must not overshadow social demands, including the repeal of the Labor Act. May 1, 2017. Paris, France.\rManifestation du 1er mai entre les deux tours de l&#039;\u00e9lection presidentielle fran\u00e7aise de 2017. Les syndicats appellent \u00e0 une journ\u00e9e de lutte et de mobilisation pour le progr\u00e8s social mais n&#039;ont pas d\u00e9fil\u00e9 ensemble. Pour certains syndicalistes, la pr\u00e9sence au second tour du Front National ne doit pas \u00e9clipser les revendications sociales dont l&#039;abrogation de la loi Travail. 1er mai 2017. Paris, France.\"><img decoding=\"async\" width=\"1920\" height=\"1280\" src=\"https:\/\/www.arnaudfonquerne.com\/wp-content\/uploads\/2017\/06\/af-01052017-dscf3314.jpg\" class=\"attachment-full size-full\" alt=\"\" loading=\"lazy\" srcset=\"https:\/\/www.arnaudfonquerne.com\/wp-content\/uploads\/2017\/06\/af-01052017-dscf3314.jpg 1920w, https:\/\/www.arnaudfonquerne.com\/wp-content\/uploads\/2017\/06\/af-01052017-dscf3314-1280x853.jpg 1280w, https:\/\/www.arnaudfonquerne.com\/wp-content\/uploads\/2017\/06\/af-01052017-dscf3314-768x512.jpg 768w, https:\/\/www.arnaudfonquerne.com\/wp-content\/uploads\/2017\/06\/af-01052017-dscf3314-1536x1024.jpg 1536w, https:\/\/www.arnaudfonquerne.com\/wp-content\/uploads\/2017\/06\/af-01052017-dscf3314-600x400.jpg 600w\" sizes=\"auto, (max-width: 1920px) 100vw, 1920px\" \/><\/a><a href=\"https:\/\/www.arnaudfonquerne.com\/wp-content\/uploads\/2017\/06\/af-16112017-l1001180-scaled.jpg\" class=\"imagelink\" title=\"Opponents of the social policy of the Macron government were protesting against the rise of the general social contribution (CSG) and against the measures of economy in the civil service. The protesters kept up the pressure by marching for the fourth time in two months against Emmanuel Macron&#039;s labour law reform. The marches launched from the Place de la R\u00e9publique before arriving at Nation around 17 hours. This call for the demonstration was launched by the CGT with FO. This protest against the liberal policy of Emmanuel Macron gathered 80 000 participants throughout France, including 8 000 in Paris, according to the police prefecture. For its part, the CGT has identified 40,000 participants in Paris. Paris, November 16, 2017.\rLes opposants \u00e0 la politique sociale du gouvernement Macron manifestaient contre la hausse de la contribution sociale g\u00e9n\u00e9ralis\u00e9e (CSG) et contre les mesures d&#039;\u00e9conomies dans la fonction publique. Les manifestants ont maintenu la pression en d\u00e9filant pour la quatri\u00e8me fois en deux mois contre les ordonnances. Les cort\u00e8ges parisiens se sont lanc\u00e9s de la place de la R\u00e9publique avant d&#039;arriver \u00e0 Nation vers 17 heures. Cet appel \u00e0 la manifestation avait \u00e9t\u00e9 lanc\u00e9 par la CGT avec FO. Cette protestation contre la politique lib\u00e9rale d&#039;Emmanuel Macron a r\u00e9uni 80 000 participants dans toute la France, dont 8 000 \u00e0 Paris, selon la pr\u00e9fecture de police. De son c\u00f4t\u00e9, la CGT a recens\u00e9 40 000 participants \u00e0 Paris. Paris, le 16 novembre 2017.\"><img decoding=\"async\" width=\"2000\" height=\"1336\" src=\"https:\/\/www.arnaudfonquerne.com\/wp-content\/uploads\/2017\/06\/af-16112017-l1001180-scaled.jpg\" class=\"attachment-full size-full\" alt=\"\" loading=\"lazy\" srcset=\"https:\/\/www.arnaudfonquerne.com\/wp-content\/uploads\/2017\/06\/af-16112017-l1001180-scaled.jpg 2000w, https:\/\/www.arnaudfonquerne.com\/wp-content\/uploads\/2017\/06\/af-16112017-l1001180-scaled-1280x855.jpg 1280w, https:\/\/www.arnaudfonquerne.com\/wp-content\/uploads\/2017\/06\/af-16112017-l1001180-scaled-1920x1283.jpg 1920w, https:\/\/www.arnaudfonquerne.com\/wp-content\/uploads\/2017\/06\/af-16112017-l1001180-scaled-768x513.jpg 768w, https:\/\/www.arnaudfonquerne.com\/wp-content\/uploads\/2017\/06\/af-16112017-l1001180-scaled-1536x1026.jpg 1536w, https:\/\/www.arnaudfonquerne.com\/wp-content\/uploads\/2017\/06\/af-16112017-l1001180-2048x1368.jpg 2048w, https:\/\/www.arnaudfonquerne.com\/wp-content\/uploads\/2017\/06\/af-16112017-l1001180-scaled-600x401.jpg 600w\" sizes=\"auto, (max-width: 2000px) 100vw, 2000px\" \/><\/a><a href=\"https:\/\/www.arnaudfonquerne.com\/wp-content\/uploads\/2017\/06\/af-16112017-l1001134-scaled.jpg\" class=\"imagelink\" title=\"Opponents of the social policy of the Macron government were protesting against the rise of the general social contribution (CSG) and against the measures of economy in the civil service. The protesters kept up the pressure by marching for the fourth time in two months against Emmanuel Macron&#039;s labour law reform. The marches launched from the Place de la R\u00e9publique before arriving at Nation around 17 hours. This call for the demonstration was launched by the CGT with FO. This protest against the liberal policy of Emmanuel Macron gathered 80 000 participants throughout France, including 8 000 in Paris, according to the police prefecture. For its part, the CGT has identified 40,000 participants in Paris. Paris, November 16, 2017.\rLes opposants \u00e0 la politique sociale du gouvernement Macron manifestaient contre la hausse de la contribution sociale g\u00e9n\u00e9ralis\u00e9e (CSG) et contre les mesures d&#039;\u00e9conomies dans la fonction publique. Les manifestants ont maintenu la pression en d\u00e9filant pour la quatri\u00e8me fois en deux mois contre les ordonnances. Les cort\u00e8ges parisiens se sont lanc\u00e9s de la place de la R\u00e9publique avant d&#039;arriver \u00e0 Nation vers 17 heures. Cet appel \u00e0 la manifestation avait \u00e9t\u00e9 lanc\u00e9 par la CGT avec FO. Cette protestation contre la politique lib\u00e9rale d&#039;Emmanuel Macron a r\u00e9uni 80 000 participants dans toute la France, dont 8 000 \u00e0 Paris, selon la pr\u00e9fecture de police. De son c\u00f4t\u00e9, la CGT a recens\u00e9 40 000 participants \u00e0 Paris. Paris, le 16 novembre 2017.\"><img decoding=\"async\" width=\"2000\" height=\"1336\" src=\"https:\/\/www.arnaudfonquerne.com\/wp-content\/uploads\/2017\/06\/af-16112017-l1001134-scaled.jpg\" class=\"attachment-full size-full\" alt=\"\" loading=\"lazy\" srcset=\"https:\/\/www.arnaudfonquerne.com\/wp-content\/uploads\/2017\/06\/af-16112017-l1001134-scaled.jpg 2000w, https:\/\/www.arnaudfonquerne.com\/wp-content\/uploads\/2017\/06\/af-16112017-l1001134-scaled-1280x855.jpg 1280w, https:\/\/www.arnaudfonquerne.com\/wp-content\/uploads\/2017\/06\/af-16112017-l1001134-scaled-1920x1283.jpg 1920w, https:\/\/www.arnaudfonquerne.com\/wp-content\/uploads\/2017\/06\/af-16112017-l1001134-scaled-768x513.jpg 768w, https:\/\/www.arnaudfonquerne.com\/wp-content\/uploads\/2017\/06\/af-16112017-l1001134-scaled-1536x1026.jpg 1536w, https:\/\/www.arnaudfonquerne.com\/wp-content\/uploads\/2017\/06\/af-16112017-l1001134-2048x1368.jpg 2048w, https:\/\/www.arnaudfonquerne.com\/wp-content\/uploads\/2017\/06\/af-16112017-l1001134-scaled-600x401.jpg 600w\" sizes=\"auto, (max-width: 2000px) 100vw, 2000px\" \/><\/a><a href=\"https:\/\/www.arnaudfonquerne.com\/wp-content\/uploads\/2017\/06\/af-19062017-dscf0312.jpg\" class=\"imagelink\" title=\"In the aftermath of the legislative elections, several hundred people were gathered in front of the National Assembly, in a stifling heat, at the call of the union and associative collective Front Social. Dozens of demonstrators then turned to the Assembly with cries of Everyone hates the ordinances causing the intervention of the forces of order. Place de la Concorde, Paris, June 19, 2017.\nAu lendemain des \u00e9lections l\u00e9gislatives, plusieurs centaines de personnes \u00e9taient rassembl\u00e9es devant l&#039;Assembl\u00e9e nationale, sous une chaleur \u00e9touffante, \u00e0 l&#039;appel du collectif syndical et associatif Front social. Des dizaines de manifestants se sont ensuite dirig\u00e9s vers l\u2019Assembl\u00e9e aux cris de Tout le monde d\u00e9teste les ordonnances provoquant une intervention des forces de l&#039;ordre. Place de la Concorde, Paris, le 19 juin 2017.\"><img decoding=\"async\" width=\"1920\" height=\"1280\" src=\"https:\/\/www.arnaudfonquerne.com\/wp-content\/uploads\/2017\/06\/af-19062017-dscf0312.jpg\" class=\"attachment-full size-full\" alt=\"\" loading=\"lazy\" srcset=\"https:\/\/www.arnaudfonquerne.com\/wp-content\/uploads\/2017\/06\/af-19062017-dscf0312.jpg 1920w, https:\/\/www.arnaudfonquerne.com\/wp-content\/uploads\/2017\/06\/af-19062017-dscf0312-1280x853.jpg 1280w, https:\/\/www.arnaudfonquerne.com\/wp-content\/uploads\/2017\/06\/af-19062017-dscf0312-768x512.jpg 768w, https:\/\/www.arnaudfonquerne.com\/wp-content\/uploads\/2017\/06\/af-19062017-dscf0312-1536x1024.jpg 1536w, https:\/\/www.arnaudfonquerne.com\/wp-content\/uploads\/2017\/06\/af-19062017-dscf0312-600x400.jpg 600w\" sizes=\"auto, (max-width: 1920px) 100vw, 1920px\" \/><\/a><a href=\"https:\/\/www.arnaudfonquerne.com\/wp-content\/uploads\/2017\/06\/af-19062017-dscf0251.jpg\" class=\"imagelink\" title=\"In the aftermath of the legislative elections, several hundred people were gathered in front of the National Assembly, in a stifling heat, at the call of the union and associative collective Front Social. Place de la Concorde, Paris, June 19, 2017.\nAu lendemain des \u00e9lections l\u00e9gislatives, plusieurs centaines de personnes \u00e9taient rassembl\u00e9es devant l&#039;Assembl\u00e9e nationale, sous une chaleur \u00e9touffante, \u00e0 l&#039;appel du collectif syndical et associatif Front social. Place de la Concorde, Paris, le 19 juin 2017.\"><img decoding=\"async\" width=\"1920\" height=\"1280\" src=\"https:\/\/www.arnaudfonquerne.com\/wp-content\/uploads\/2017\/06\/af-19062017-dscf0251.jpg\" class=\"attachment-full size-full\" alt=\"\" loading=\"lazy\" srcset=\"https:\/\/www.arnaudfonquerne.com\/wp-content\/uploads\/2017\/06\/af-19062017-dscf0251.jpg 1920w, https:\/\/www.arnaudfonquerne.com\/wp-content\/uploads\/2017\/06\/af-19062017-dscf0251-1280x853.jpg 1280w, https:\/\/www.arnaudfonquerne.com\/wp-content\/uploads\/2017\/06\/af-19062017-dscf0251-768x512.jpg 768w, https:\/\/www.arnaudfonquerne.com\/wp-content\/uploads\/2017\/06\/af-19062017-dscf0251-1536x1024.jpg 1536w, https:\/\/www.arnaudfonquerne.com\/wp-content\/uploads\/2017\/06\/af-19062017-dscf0251-600x400.jpg 600w\" sizes=\"auto, (max-width: 1920px) 100vw, 1920px\" \/><\/a><a href=\"https:\/\/www.arnaudfonquerne.com\/wp-content\/uploads\/2017\/06\/af-16112017-l1001148-scaled.jpg\" class=\"imagelink\" title=\"Opponents of the social policy of the Macron government were protesting against the rise of the general social contribution (CSG) and against the measures of economy in the civil service. The protesters kept up the pressure by marching for the fourth time in two months against Emmanuel Macron&#039;s labour law reform. The marches launched from the Place de la R\u00e9publique before arriving at Nation around 17 hours. This call for the demonstration was launched by the CGT with FO. This protest against the liberal policy of Emmanuel Macron gathered 80 000 participants throughout France, including 8 000 in Paris, according to the police prefecture. For its part, the CGT has identified 40,000 participants in Paris. Paris, November 16, 2017.\rLes opposants \u00e0 la politique sociale du gouvernement Macron manifestaient contre la hausse de la contribution sociale g\u00e9n\u00e9ralis\u00e9e (CSG) et contre les mesures d&#039;\u00e9conomies dans la fonction publique. Les manifestants ont maintenu la pression en d\u00e9filant pour la quatri\u00e8me fois en deux mois contre les ordonnances. Les cort\u00e8ges parisiens se sont lanc\u00e9s de la place de la R\u00e9publique avant d&#039;arriver \u00e0 Nation vers 17 heures. Cet appel \u00e0 la manifestation avait \u00e9t\u00e9 lanc\u00e9 par la CGT avec FO. Cette protestation contre la politique lib\u00e9rale d&#039;Emmanuel Macron a r\u00e9uni 80 000 participants dans toute la France, dont 8 000 \u00e0 Paris, selon la pr\u00e9fecture de police. De son c\u00f4t\u00e9, la CGT a recens\u00e9 40 000 participants \u00e0 Paris. Paris, le 16 novembre 2017.\"><img decoding=\"async\" width=\"2000\" height=\"1336\" src=\"https:\/\/www.arnaudfonquerne.com\/wp-content\/uploads\/2017\/06\/af-16112017-l1001148-scaled.jpg\" class=\"attachment-full size-full\" alt=\"\" loading=\"lazy\" srcset=\"https:\/\/www.arnaudfonquerne.com\/wp-content\/uploads\/2017\/06\/af-16112017-l1001148-scaled.jpg 2000w, https:\/\/www.arnaudfonquerne.com\/wp-content\/uploads\/2017\/06\/af-16112017-l1001148-scaled-1280x855.jpg 1280w, https:\/\/www.arnaudfonquerne.com\/wp-content\/uploads\/2017\/06\/af-16112017-l1001148-scaled-1920x1283.jpg 1920w, https:\/\/www.arnaudfonquerne.com\/wp-content\/uploads\/2017\/06\/af-16112017-l1001148-scaled-768x513.jpg 768w, https:\/\/www.arnaudfonquerne.com\/wp-content\/uploads\/2017\/06\/af-16112017-l1001148-scaled-1536x1026.jpg 1536w, https:\/\/www.arnaudfonquerne.com\/wp-content\/uploads\/2017\/06\/af-16112017-l1001148-2048x1368.jpg 2048w, https:\/\/www.arnaudfonquerne.com\/wp-content\/uploads\/2017\/06\/af-16112017-l1001148-scaled-600x401.jpg 600w\" sizes=\"auto, (max-width: 2000px) 100vw, 2000px\" \/><\/a><a href=\"https:\/\/www.arnaudfonquerne.com\/wp-content\/uploads\/2017\/06\/af-19062017-dscf0216.jpg\" class=\"imagelink\" title=\"In the aftermath of the legislative elections, several hundred people were gathered in front of the National Assembly, in a stifling heat, at the call of the union and associative collective Front Social. Place de la Concorde, Paris, June 19, 2017.\nAu lendemain des \u00e9lections l\u00e9gislatives, plusieurs centaines de personnes \u00e9taient rassembl\u00e9es devant l&#039;Assembl\u00e9e nationale, sous une chaleur \u00e9touffante, \u00e0 l&#039;appel du collectif syndical et associatif Front social. Place de la Concorde, Paris, le 19 juin 2017.\"><img decoding=\"async\" width=\"1920\" height=\"1280\" src=\"https:\/\/www.arnaudfonquerne.com\/wp-content\/uploads\/2017\/06\/af-19062017-dscf0216.jpg\" class=\"attachment-full size-full\" alt=\"\" loading=\"lazy\" srcset=\"https:\/\/www.arnaudfonquerne.com\/wp-content\/uploads\/2017\/06\/af-19062017-dscf0216.jpg 1920w, https:\/\/www.arnaudfonquerne.com\/wp-content\/uploads\/2017\/06\/af-19062017-dscf0216-1280x853.jpg 1280w, https:\/\/www.arnaudfonquerne.com\/wp-content\/uploads\/2017\/06\/af-19062017-dscf0216-768x512.jpg 768w, https:\/\/www.arnaudfonquerne.com\/wp-content\/uploads\/2017\/06\/af-19062017-dscf0216-1536x1024.jpg 1536w, https:\/\/www.arnaudfonquerne.com\/wp-content\/uploads\/2017\/06\/af-19062017-dscf0216-600x400.jpg 600w\" sizes=\"auto, (max-width: 1920px) 100vw, 1920px\" \/><\/a><a href=\"https:\/\/www.arnaudfonquerne.com\/wp-content\/uploads\/2017\/06\/af-16112017-l1001317-scaled.jpg\" class=\"imagelink\" title=\"Opponents of the social policy of the Macron government were protesting against the rise of the general social contribution (CSG) and against the measures of economy in the civil service. The protesters kept up the pressure by marching for the fourth time in two months against Emmanuel Macron&#039;s labour law reform. The marches launched from the Place de la R\u00e9publique before arriving at Nation around 17 hours. This call for the demonstration was launched by the CGT with FO. This protest against the liberal policy of Emmanuel Macron gathered 80 000 participants throughout France, including 8 000 in Paris, according to the police prefecture. For its part, the CGT has identified 40,000 participants in Paris. Paris, November 16, 2017.\rLes opposants \u00e0 la politique sociale du gouvernement Macron manifestaient contre la hausse de la contribution sociale g\u00e9n\u00e9ralis\u00e9e (CSG) et contre les mesures d&#039;\u00e9conomies dans la fonction publique. Les manifestants ont maintenu la pression en d\u00e9filant pour la quatri\u00e8me fois en deux mois contre les ordonnances. Les cort\u00e8ges parisiens se sont lanc\u00e9s de la place de la R\u00e9publique avant d&#039;arriver \u00e0 Nation vers 17 heures. Cet appel \u00e0 la manifestation avait \u00e9t\u00e9 lanc\u00e9 par la CGT avec FO. Cette protestation contre la politique lib\u00e9rale d&#039;Emmanuel Macron a r\u00e9uni 80 000 participants dans toute la France, dont 8 000 \u00e0 Paris, selon la pr\u00e9fecture de police. De son c\u00f4t\u00e9, la CGT a recens\u00e9 40 000 participants \u00e0 Paris. Paris, le 16 novembre 2017.\"><img decoding=\"async\" width=\"1336\" height=\"2000\" src=\"https:\/\/www.arnaudfonquerne.com\/wp-content\/uploads\/2017\/06\/af-16112017-l1001317-scaled.jpg\" class=\"attachment-full size-full\" alt=\"\" loading=\"lazy\" srcset=\"https:\/\/www.arnaudfonquerne.com\/wp-content\/uploads\/2017\/06\/af-16112017-l1001317-scaled.jpg 1336w, https:\/\/www.arnaudfonquerne.com\/wp-content\/uploads\/2017\/06\/af-16112017-l1001317-scaled-855x1280.jpg 855w, https:\/\/www.arnaudfonquerne.com\/wp-content\/uploads\/2017\/06\/af-16112017-l1001317-scaled-1283x1920.jpg 1283w, https:\/\/www.arnaudfonquerne.com\/wp-content\/uploads\/2017\/06\/af-16112017-l1001317-scaled-768x1150.jpg 768w, https:\/\/www.arnaudfonquerne.com\/wp-content\/uploads\/2017\/06\/af-16112017-l1001317-scaled-1026x1536.jpg 1026w, https:\/\/www.arnaudfonquerne.com\/wp-content\/uploads\/2017\/06\/af-16112017-l1001317-1368x2048.jpg 1368w, https:\/\/www.arnaudfonquerne.com\/wp-content\/uploads\/2017\/06\/af-16112017-l1001317-scaled-600x898.jpg 600w\" sizes=\"auto, (max-width: 1336px) 100vw, 1336px\" \/><\/a><a href=\"https:\/\/www.arnaudfonquerne.com\/wp-content\/uploads\/2017\/06\/af-01052017-dscf3399.jpg\" class=\"imagelink\" title=\"A scooter was set on fire. May 1 demonstration between the two rounds of the French presidential election of 2017. The unions call for a day of struggle and mobilization for social progress but have not parade together. For some trade unionists, the presence in the second round of the Front National must not overshadow social demands, including the repeal of the Labor Act. May 1, 2017. Paris, France.\rUn scooter a \u00e9t\u00e9 incendi\u00e9. Manifestation du 1er mai entre les deux tours de l&#039;\u00e9lection presidentielle fran\u00e7aise de 2017. Les syndicats appellent \u00e0 une journ\u00e9e de lutte et de mobilisation pour le progr\u00e8s social mais n&#039;ont pas d\u00e9fil\u00e9 ensemble. Pour certains syndicalistes, la pr\u00e9sence au second tour du Front National ne doit pas \u00e9clipser les revendications sociales dont l&#039;abrogation de la loi Travail. 1er mai 2017. Paris, France.\"><img decoding=\"async\" width=\"1920\" height=\"1280\" src=\"https:\/\/www.arnaudfonquerne.com\/wp-content\/uploads\/2017\/06\/af-01052017-dscf3399.jpg\" class=\"attachment-full size-full\" alt=\"\" loading=\"lazy\" srcset=\"https:\/\/www.arnaudfonquerne.com\/wp-content\/uploads\/2017\/06\/af-01052017-dscf3399.jpg 1920w, https:\/\/www.arnaudfonquerne.com\/wp-content\/uploads\/2017\/06\/af-01052017-dscf3399-1280x853.jpg 1280w, https:\/\/www.arnaudfonquerne.com\/wp-content\/uploads\/2017\/06\/af-01052017-dscf3399-768x512.jpg 768w, https:\/\/www.arnaudfonquerne.com\/wp-content\/uploads\/2017\/06\/af-01052017-dscf3399-1536x1024.jpg 1536w, https:\/\/www.arnaudfonquerne.com\/wp-content\/uploads\/2017\/06\/af-01052017-dscf3399-600x400.jpg 600w\" sizes=\"auto, (max-width: 1920px) 100vw, 1920px\" \/><\/a><a href=\"https:\/\/www.arnaudfonquerne.com\/wp-content\/uploads\/2017\/06\/af-01052017-dscf3229.jpg\" class=\"imagelink\" title=\"May 1 demonstration between the two rounds of the French presidential election of 2017. Beginning of the demonstration, Molotov cocktails have just been launched on the CRS. The unions call for a day of struggle and mobilization for social progress but have not parade together. For some trade unionists, the presence in the second round of the Front National must not overshadow social demands, including the repeal of the Labor Act. May 1, 2017. Paris, France.\nD\u00e9but de la manifestation du 1er mai entre les deux tours de l&#039;\u00e9lection presidentielle fran\u00e7aise de 2017. Des cocktails Molotov viennent d&#039;\u00eatre lanc\u00e9s sur les CRS. Les syndicats appellent \u00e0 une journ\u00e9e de lutte et de mobilisation pour le progr\u00e8s social mais n&#039;ont pas d\u00e9fil\u00e9 ensemble. Pour certains syndicalistes, la pr\u00e9sence au second tour du Front National ne doit pas \u00e9clipser les revendications sociales dont l&#039;abrogation de la loi Travail. 1er mai 2017. Paris, France.\"><img decoding=\"async\" width=\"1920\" height=\"1280\" src=\"https:\/\/www.arnaudfonquerne.com\/wp-content\/uploads\/2017\/06\/af-01052017-dscf3229.jpg\" class=\"attachment-full size-full\" alt=\"\" loading=\"lazy\" srcset=\"https:\/\/www.arnaudfonquerne.com\/wp-content\/uploads\/2017\/06\/af-01052017-dscf3229.jpg 1920w, https:\/\/www.arnaudfonquerne.com\/wp-content\/uploads\/2017\/06\/af-01052017-dscf3229-1280x853.jpg 1280w, https:\/\/www.arnaudfonquerne.com\/wp-content\/uploads\/2017\/06\/af-01052017-dscf3229-768x512.jpg 768w, https:\/\/www.arnaudfonquerne.com\/wp-content\/uploads\/2017\/06\/af-01052017-dscf3229-1536x1024.jpg 1536w, https:\/\/www.arnaudfonquerne.com\/wp-content\/uploads\/2017\/06\/af-01052017-dscf3229-600x400.jpg 600w\" sizes=\"auto, (max-width: 1920px) 100vw, 1920px\" \/><\/a><a href=\"https:\/\/www.arnaudfonquerne.com\/wp-content\/uploads\/2017\/06\/af-19062017-dscf0333.jpg\" class=\"imagelink\" title=\"In the aftermath of the legislative elections, several hundred people were gathered in front of the National Assembly, in a stifling heat, at the call of the union and associative collective Front Social. Dozens of demonstrators then turned to the Assembly with cries of Everyone hates the ordinances causing the intervention of the forces of order. Place de la Concorde, Paris, June 19, 2017.\nAu lendemain des \u00e9lections l\u00e9gislatives, plusieurs centaines de personnes \u00e9taient rassembl\u00e9es devant l&#039;Assembl\u00e9e nationale, sous une chaleur \u00e9touffante, \u00e0 l&#039;appel du collectif syndical et associatif Front social. Des dizaines de manifestants se sont ensuite dirig\u00e9s vers l\u2019Assembl\u00e9e aux cris de Tout le monde d\u00e9teste les ordonnances provoquant une intervention des forces de l&#039;ordre. Place de la Concorde, Paris, le 19 juin 2017.\"><img decoding=\"async\" width=\"1920\" height=\"1280\" src=\"https:\/\/www.arnaudfonquerne.com\/wp-content\/uploads\/2017\/06\/af-19062017-dscf0333.jpg\" class=\"attachment-full size-full\" alt=\"\" loading=\"lazy\" srcset=\"https:\/\/www.arnaudfonquerne.com\/wp-content\/uploads\/2017\/06\/af-19062017-dscf0333.jpg 1920w, https:\/\/www.arnaudfonquerne.com\/wp-content\/uploads\/2017\/06\/af-19062017-dscf0333-1280x853.jpg 1280w, https:\/\/www.arnaudfonquerne.com\/wp-content\/uploads\/2017\/06\/af-19062017-dscf0333-768x512.jpg 768w, https:\/\/www.arnaudfonquerne.com\/wp-content\/uploads\/2017\/06\/af-19062017-dscf0333-1536x1024.jpg 1536w, https:\/\/www.arnaudfonquerne.com\/wp-content\/uploads\/2017\/06\/af-19062017-dscf0333-600x400.jpg 600w\" sizes=\"auto, (max-width: 1920px) 100vw, 1920px\" \/><\/a><a href=\"https:\/\/www.arnaudfonquerne.com\/wp-content\/uploads\/2017\/06\/af-01052017-dscf3309.jpg\" class=\"imagelink\" title=\"May 1 demonstration between the two rounds of the French presidential election of 2017. The unions call for a day of struggle and mobilization for social progress but have not parade together. For some trade unionists, the presence in the second round of the Front National must not overshadow social demands, including the repeal of the Labor Act. May 1, 2017. Paris, France.\rManifestation du 1er mai entre les deux tours de l&#039;\u00e9lection presidentielle fran\u00e7aise de 2017. Les syndicats appellent \u00e0 une journ\u00e9e de lutte et de mobilisation pour le progr\u00e8s social mais n&#039;ont pas d\u00e9fil\u00e9 ensemble. Pour certains syndicalistes, la pr\u00e9sence au second tour du Front National ne doit pas \u00e9clipser les revendications sociales dont l&#039;abrogation de la loi Travail. 1er mai 2017. Paris, France.\"><img decoding=\"async\" width=\"1920\" height=\"1280\" src=\"https:\/\/www.arnaudfonquerne.com\/wp-content\/uploads\/2017\/06\/af-01052017-dscf3309.jpg\" class=\"attachment-full size-full\" alt=\"\" loading=\"lazy\" srcset=\"https:\/\/www.arnaudfonquerne.com\/wp-content\/uploads\/2017\/06\/af-01052017-dscf3309.jpg 1920w, https:\/\/www.arnaudfonquerne.com\/wp-content\/uploads\/2017\/06\/af-01052017-dscf3309-1280x853.jpg 1280w, https:\/\/www.arnaudfonquerne.com\/wp-content\/uploads\/2017\/06\/af-01052017-dscf3309-768x512.jpg 768w, https:\/\/www.arnaudfonquerne.com\/wp-content\/uploads\/2017\/06\/af-01052017-dscf3309-1536x1024.jpg 1536w, https:\/\/www.arnaudfonquerne.com\/wp-content\/uploads\/2017\/06\/af-01052017-dscf3309-600x400.jpg 600w\" sizes=\"auto, (max-width: 1920px) 100vw, 1920px\" \/><\/a><a href=\"https:\/\/www.arnaudfonquerne.com\/wp-content\/uploads\/2017\/06\/af-16112017-l1001182-scaled.jpg\" class=\"imagelink\" title=\"Opponents of the social policy of the Macron government were protesting against the rise of the general social contribution (CSG) and against the measures of economy in the civil service. The protesters kept up the pressure by marching for the fourth time in two months against Emmanuel Macron&#039;s labour law reform. The marches launched from the Place de la R\u00e9publique before arriving at Nation around 17 hours. This call for the demonstration was launched by the CGT with FO. This protest against the liberal policy of Emmanuel Macron gathered 80 000 participants throughout France, including 8 000 in Paris, according to the police prefecture. For its part, the CGT has identified 40,000 participants in Paris. Paris, November 16, 2017.\rLes opposants \u00e0 la politique sociale du gouvernement Macron manifestaient contre la hausse de la contribution sociale g\u00e9n\u00e9ralis\u00e9e (CSG) et contre les mesures d&#039;\u00e9conomies dans la fonction publique. Les manifestants ont maintenu la pression en d\u00e9filant pour la quatri\u00e8me fois en deux mois contre les ordonnances. Les cort\u00e8ges parisiens se sont lanc\u00e9s de la place de la R\u00e9publique avant d&#039;arriver \u00e0 Nation vers 17 heures. Cet appel \u00e0 la manifestation avait \u00e9t\u00e9 lanc\u00e9 par la CGT avec FO. Cette protestation contre la politique lib\u00e9rale d&#039;Emmanuel Macron a r\u00e9uni 80 000 participants dans toute la France, dont 8 000 \u00e0 Paris, selon la pr\u00e9fecture de police. De son c\u00f4t\u00e9, la CGT a recens\u00e9 40 000 participants \u00e0 Paris. Paris, le 16 novembre 2017.\"><img decoding=\"async\" width=\"2000\" height=\"1336\" src=\"https:\/\/www.arnaudfonquerne.com\/wp-content\/uploads\/2017\/06\/af-16112017-l1001182-scaled.jpg\" class=\"attachment-full size-full\" alt=\"\" loading=\"lazy\" srcset=\"https:\/\/www.arnaudfonquerne.com\/wp-content\/uploads\/2017\/06\/af-16112017-l1001182-scaled.jpg 2000w, https:\/\/www.arnaudfonquerne.com\/wp-content\/uploads\/2017\/06\/af-16112017-l1001182-scaled-1280x855.jpg 1280w, https:\/\/www.arnaudfonquerne.com\/wp-content\/uploads\/2017\/06\/af-16112017-l1001182-scaled-1920x1283.jpg 1920w, https:\/\/www.arnaudfonquerne.com\/wp-content\/uploads\/2017\/06\/af-16112017-l1001182-scaled-768x513.jpg 768w, https:\/\/www.arnaudfonquerne.com\/wp-content\/uploads\/2017\/06\/af-16112017-l1001182-scaled-1536x1026.jpg 1536w, https:\/\/www.arnaudfonquerne.com\/wp-content\/uploads\/2017\/06\/af-16112017-l1001182-2048x1368.jpg 2048w, https:\/\/www.arnaudfonquerne.com\/wp-content\/uploads\/2017\/06\/af-16112017-l1001182-scaled-600x401.jpg 600w\" sizes=\"auto, (max-width: 2000px) 100vw, 2000px\" \/><\/a><a href=\"https:\/\/www.arnaudfonquerne.com\/wp-content\/uploads\/2017\/06\/af-16112017-l1001186-scaled.jpg\" class=\"imagelink\" title=\"Opponents of the social policy of the Macron government were protesting against the rise of the general social contribution (CSG) and against the measures of economy in the civil service. The protesters kept up the pressure by marching for the fourth time in two months against Emmanuel Macron&#039;s labour law reform. The marches launched from the Place de la R\u00e9publique before arriving at Nation around 17 hours. This call for the demonstration was launched by the CGT with FO. This protest against the liberal policy of Emmanuel Macron gathered 80 000 participants throughout France, including 8 000 in Paris, according to the police prefecture. For its part, the CGT has identified 40,000 participants in Paris. Paris, November 16, 2017.\nLes opposants \u00e0 la politique sociale du gouvernement Macron manifestaient contre la hausse de la contribution sociale g\u00e9n\u00e9ralis\u00e9e (CSG) et contre les mesures d&#039;\u00e9conomies dans la fonction publique. Les manifestants ont maintenu la pression en d\u00e9filant pour la quatri\u00e8me fois en deux mois contre les ordonnances. Les cort\u00e8ges parisiens se sont lanc\u00e9s de la place de la R\u00e9publique avant d&#039;arriver \u00e0 Nation vers 17 heures. Cet appel \u00e0 la manifestation avait \u00e9t\u00e9 lanc\u00e9 par la CGT avec FO. Cette protestation contre la politique lib\u00e9rale d&#039;Emmanuel Macron a r\u00e9uni 80 000 participants dans toute la France, dont 8 000 \u00e0 Paris, selon la pr\u00e9fecture de police. De son c\u00f4t\u00e9, la CGT a recens\u00e9 40 000 participants \u00e0 Paris. Paris, le 16 novembre 2017.\"><img decoding=\"async\" width=\"2000\" height=\"1336\" src=\"https:\/\/www.arnaudfonquerne.com\/wp-content\/uploads\/2017\/06\/af-16112017-l1001186-scaled.jpg\" class=\"attachment-full size-full\" alt=\"\" loading=\"lazy\" srcset=\"https:\/\/www.arnaudfonquerne.com\/wp-content\/uploads\/2017\/06\/af-16112017-l1001186-scaled.jpg 2000w, https:\/\/www.arnaudfonquerne.com\/wp-content\/uploads\/2017\/06\/af-16112017-l1001186-scaled-1280x855.jpg 1280w, https:\/\/www.arnaudfonquerne.com\/wp-content\/uploads\/2017\/06\/af-16112017-l1001186-scaled-1920x1283.jpg 1920w, https:\/\/www.arnaudfonquerne.com\/wp-content\/uploads\/2017\/06\/af-16112017-l1001186-scaled-768x513.jpg 768w, https:\/\/www.arnaudfonquerne.com\/wp-content\/uploads\/2017\/06\/af-16112017-l1001186-scaled-1536x1026.jpg 1536w, https:\/\/www.arnaudfonquerne.com\/wp-content\/uploads\/2017\/06\/af-16112017-l1001186-2048x1368.jpg 2048w, https:\/\/www.arnaudfonquerne.com\/wp-content\/uploads\/2017\/06\/af-16112017-l1001186-scaled-600x401.jpg 600w\" sizes=\"auto, (max-width: 2000px) 100vw, 2000px\" \/><\/a><a href=\"https:\/\/www.arnaudfonquerne.com\/wp-content\/uploads\/2017\/06\/af-16112017-l1001221-scaled.jpg\" class=\"imagelink\" title=\"Opponents of the social policy of the Macron government were protesting against the rise of the general social contribution (CSG) and against the measures of economy in the civil service. The protesters kept up the pressure by marching for the fourth time in two months against Emmanuel Macron&#039;s labour law reform. The marches launched from the Place de la R\u00e9publique before arriving at Nation around 17 hours. This call for the demonstration was launched by the CGT with FO. This protest against the liberal policy of Emmanuel Macron gathered 80 000 participants throughout France, including 8 000 in Paris, according to the police prefecture. For its part, the CGT has identified 40,000 participants in Paris. Paris, November 16, 2017.\rLes opposants \u00e0 la politique sociale du gouvernement Macron manifestaient contre la hausse de la contribution sociale g\u00e9n\u00e9ralis\u00e9e (CSG) et contre les mesures d&#039;\u00e9conomies dans la fonction publique. Les manifestants ont maintenu la pression en d\u00e9filant pour la quatri\u00e8me fois en deux mois contre les ordonnances. Les cort\u00e8ges parisiens se sont lanc\u00e9s de la place de la R\u00e9publique avant d&#039;arriver \u00e0 Nation vers 17 heures. Cet appel \u00e0 la manifestation avait \u00e9t\u00e9 lanc\u00e9 par la CGT avec FO. Cette protestation contre la politique lib\u00e9rale d&#039;Emmanuel Macron a r\u00e9uni 80 000 participants dans toute la France, dont 8 000 \u00e0 Paris, selon la pr\u00e9fecture de police. De son c\u00f4t\u00e9, la CGT a recens\u00e9 40 000 participants \u00e0 Paris. Paris, le 16 novembre 2017.\"><img decoding=\"async\" width=\"2000\" height=\"1336\" src=\"https:\/\/www.arnaudfonquerne.com\/wp-content\/uploads\/2017\/06\/af-16112017-l1001221-scaled.jpg\" class=\"attachment-full size-full\" alt=\"\" loading=\"lazy\" srcset=\"https:\/\/www.arnaudfonquerne.com\/wp-content\/uploads\/2017\/06\/af-16112017-l1001221-scaled.jpg 2000w, https:\/\/www.arnaudfonquerne.com\/wp-content\/uploads\/2017\/06\/af-16112017-l1001221-scaled-1280x855.jpg 1280w, https:\/\/www.arnaudfonquerne.com\/wp-content\/uploads\/2017\/06\/af-16112017-l1001221-scaled-1920x1283.jpg 1920w, https:\/\/www.arnaudfonquerne.com\/wp-content\/uploads\/2017\/06\/af-16112017-l1001221-scaled-768x513.jpg 768w, https:\/\/www.arnaudfonquerne.com\/wp-content\/uploads\/2017\/06\/af-16112017-l1001221-scaled-1536x1026.jpg 1536w, https:\/\/www.arnaudfonquerne.com\/wp-content\/uploads\/2017\/06\/af-16112017-l1001221-2048x1368.jpg 2048w, https:\/\/www.arnaudfonquerne.com\/wp-content\/uploads\/2017\/06\/af-16112017-l1001221-scaled-600x401.jpg 600w\" sizes=\"auto, (max-width: 2000px) 100vw, 2000px\" \/><\/a><a href=\"https:\/\/www.arnaudfonquerne.com\/wp-content\/uploads\/2017\/06\/af-01052017-dscf3434.jpg\" class=\"imagelink\" title=\"May 1 demonstration between the two rounds of the French presidential election of 2017. The unions call for a day of struggle and mobilization for social progress but have not parade together. For some trade unionists, the presence in the second round of the Front National must not overshadow social demands, including the repeal of the Labor Act. May 1, 2017. Place de la Nation, end of the protest. Paris, France.\nManifestation du 1er mai entre les deux tours de l&#039;\u00e9lection presidentielle fran\u00e7aise de 2017. Les syndicats appellent \u00e0 une journ\u00e9e de lutte et de mobilisation pour le progr\u00e8s social mais n&#039;ont pas d\u00e9fil\u00e9 ensemble. Pour certains syndicalistes, la pr\u00e9sence au second tour du Front National ne doit pas \u00e9clipser les revendications sociales dont l&#039;abrogation de la loi Travail. 1er mai 2017. Place de la Nation, fin de manifestation. Paris, France.\"><img decoding=\"async\" width=\"1920\" height=\"1306\" src=\"https:\/\/www.arnaudfonquerne.com\/wp-content\/uploads\/2017\/06\/af-01052017-dscf3434.jpg\" class=\"attachment-full size-full\" alt=\"\" loading=\"lazy\" srcset=\"https:\/\/www.arnaudfonquerne.com\/wp-content\/uploads\/2017\/06\/af-01052017-dscf3434.jpg 1920w, https:\/\/www.arnaudfonquerne.com\/wp-content\/uploads\/2017\/06\/af-01052017-dscf3434-1280x871.jpg 1280w, https:\/\/www.arnaudfonquerne.com\/wp-content\/uploads\/2017\/06\/af-01052017-dscf3434-768x522.jpg 768w, https:\/\/www.arnaudfonquerne.com\/wp-content\/uploads\/2017\/06\/af-01052017-dscf3434-1536x1045.jpg 1536w, https:\/\/www.arnaudfonquerne.com\/wp-content\/uploads\/2017\/06\/af-01052017-dscf3434-600x408.jpg 600w\" sizes=\"auto, (max-width: 1920px) 100vw, 1920px\" \/><\/a><a href=\"https:\/\/www.arnaudfonquerne.com\/wp-content\/uploads\/2017\/06\/af-19062017-dscf0226.jpg\" class=\"imagelink\" title=\"In the aftermath of the legislative elections, several hundred people were gathered in front of the National Assembly, in a stifling heat, at the call of the union and associative collective Front Social. Place de la Concorde, Paris, June 19, 2017.\nAu lendemain des \u00e9lections l\u00e9gislatives, plusieurs centaines de personnes \u00e9taient rassembl\u00e9es devant l&#039;Assembl\u00e9e nationale, sous une chaleur \u00e9touffante, \u00e0 l&#039;appel du collectif syndical et associatif Front social. Place de la Concorde, Paris, le 19 juin 2017.\"><img decoding=\"async\" width=\"1920\" height=\"1280\" src=\"https:\/\/www.arnaudfonquerne.com\/wp-content\/uploads\/2017\/06\/af-19062017-dscf0226.jpg\" class=\"attachment-full size-full\" alt=\"\" loading=\"lazy\" srcset=\"https:\/\/www.arnaudfonquerne.com\/wp-content\/uploads\/2017\/06\/af-19062017-dscf0226.jpg 1920w, https:\/\/www.arnaudfonquerne.com\/wp-content\/uploads\/2017\/06\/af-19062017-dscf0226-1280x853.jpg 1280w, https:\/\/www.arnaudfonquerne.com\/wp-content\/uploads\/2017\/06\/af-19062017-dscf0226-768x512.jpg 768w, https:\/\/www.arnaudfonquerne.com\/wp-content\/uploads\/2017\/06\/af-19062017-dscf0226-1536x1024.jpg 1536w, https:\/\/www.arnaudfonquerne.com\/wp-content\/uploads\/2017\/06\/af-19062017-dscf0226-600x400.jpg 600w\" sizes=\"auto, (max-width: 1920px) 100vw, 1920px\" \/><\/a><a href=\"https:\/\/www.arnaudfonquerne.com\/wp-content\/uploads\/2017\/06\/af-01052017-dscf3364.jpg\" class=\"imagelink\" title=\"May 1 demonstration between the two rounds of the French presidential election of 2017. The unions call for a day of struggle and mobilization for social progress but have not parade together. For some trade unionists, the presence in the second round of the Front National must not overshadow social demands, including the repeal of the Labor Act. May 1, 2017. Paris, France.\rManifestation du 1er mai entre les deux tours de l&#039;\u00e9lection presidentielle fran\u00e7aise de 2017. Les syndicats appellent \u00e0 une journ\u00e9e de lutte et de mobilisation pour le progr\u00e8s social mais n&#039;ont pas d\u00e9fil\u00e9 ensemble. Pour certains syndicalistes, la pr\u00e9sence au second tour du Front National ne doit pas \u00e9clipser les revendications sociales dont l&#039;abrogation de la loi Travail. 1er mai 2017. Paris, France.\"><img decoding=\"async\" width=\"1920\" height=\"1280\" src=\"https:\/\/www.arnaudfonquerne.com\/wp-content\/uploads\/2017\/06\/af-01052017-dscf3364.jpg\" class=\"attachment-full size-full\" alt=\"\" loading=\"lazy\" srcset=\"https:\/\/www.arnaudfonquerne.com\/wp-content\/uploads\/2017\/06\/af-01052017-dscf3364.jpg 1920w, https:\/\/www.arnaudfonquerne.com\/wp-content\/uploads\/2017\/06\/af-01052017-dscf3364-1280x853.jpg 1280w, https:\/\/www.arnaudfonquerne.com\/wp-content\/uploads\/2017\/06\/af-01052017-dscf3364-768x512.jpg 768w, https:\/\/www.arnaudfonquerne.com\/wp-content\/uploads\/2017\/06\/af-01052017-dscf3364-1536x1024.jpg 1536w, https:\/\/www.arnaudfonquerne.com\/wp-content\/uploads\/2017\/06\/af-01052017-dscf3364-600x400.jpg 600w\" sizes=\"auto, (max-width: 1920px) 100vw, 1920px\" \/><\/a><a href=\"https:\/\/www.arnaudfonquerne.com\/wp-content\/uploads\/2017\/06\/af-19062017-dscf0401.jpg\" class=\"imagelink\" title=\"In the aftermath of the legislative elections, several hundred people were gathered in front of the National Assembly, in a stifling heat, at the call of the union and associative collective Front Social. Dozens of demonstrators then turned to the Assembly with cries of Everyone hates the ordinances causing the intervention of the forces of order. Place de la Concorde, Paris, June 19, 2017.\nAu lendemain des \u00e9lections l\u00e9gislatives, plusieurs centaines de personnes \u00e9taient rassembl\u00e9es devant l&#039;Assembl\u00e9e nationale, sous une chaleur \u00e9touffante, \u00e0 l&#039;appel du collectif syndical et associatif Front social. Des dizaines de manifestants se sont ensuite dirig\u00e9s vers l\u2019Assembl\u00e9e aux cris de Tout le monde d\u00e9teste les ordonnances provoquant une intervention des forces de l&#039;ordre. Place de la Concorde, Paris, le 19 juin 2017.\"><img decoding=\"async\" width=\"1920\" height=\"1280\" src=\"https:\/\/www.arnaudfonquerne.com\/wp-content\/uploads\/2017\/06\/af-19062017-dscf0401.jpg\" class=\"attachment-full size-full\" alt=\"\" loading=\"lazy\" srcset=\"https:\/\/www.arnaudfonquerne.com\/wp-content\/uploads\/2017\/06\/af-19062017-dscf0401.jpg 1920w, https:\/\/www.arnaudfonquerne.com\/wp-content\/uploads\/2017\/06\/af-19062017-dscf0401-1280x853.jpg 1280w, https:\/\/www.arnaudfonquerne.com\/wp-content\/uploads\/2017\/06\/af-19062017-dscf0401-768x512.jpg 768w, https:\/\/www.arnaudfonquerne.com\/wp-content\/uploads\/2017\/06\/af-19062017-dscf0401-1536x1024.jpg 1536w, https:\/\/www.arnaudfonquerne.com\/wp-content\/uploads\/2017\/06\/af-19062017-dscf0401-600x400.jpg 600w\" sizes=\"auto, (max-width: 1920px) 100vw, 1920px\" \/><\/a><a href=\"https:\/\/www.arnaudfonquerne.com\/wp-content\/uploads\/2017\/06\/af-01052017-dscf3427.jpg\" class=\"imagelink\" title=\"May 1 demonstration between the two rounds of the French presidential election of 2017. The unions call for a day of struggle and mobilization for social progress but have not parade together. For some trade unionists, the presence in the second round of the Front National must not overshadow social demands, including the repeal of the Labor Act. May 1, 2017. Place de la Nation, end of the protest. Paris, France.\nManifestation du 1er mai entre les deux tours de l&#039;\u00e9lection presidentielle fran\u00e7aise de 2017. Les syndicats appellent \u00e0 une journ\u00e9e de lutte et de mobilisation pour le progr\u00e8s social mais n&#039;ont pas d\u00e9fil\u00e9 ensemble. Pour certains syndicalistes, la pr\u00e9sence au second tour du Front National ne doit pas \u00e9clipser les revendications sociales dont l&#039;abrogation de la loi Travail. 1er mai 2017. Place de la Nation, fin de manifestation. Paris, France.\"><img decoding=\"async\" width=\"1920\" height=\"1280\" src=\"https:\/\/www.arnaudfonquerne.com\/wp-content\/uploads\/2017\/06\/af-01052017-dscf3427.jpg\" class=\"attachment-full size-full\" alt=\"\" loading=\"lazy\" srcset=\"https:\/\/www.arnaudfonquerne.com\/wp-content\/uploads\/2017\/06\/af-01052017-dscf3427.jpg 1920w, https:\/\/www.arnaudfonquerne.com\/wp-content\/uploads\/2017\/06\/af-01052017-dscf3427-1280x853.jpg 1280w, https:\/\/www.arnaudfonquerne.com\/wp-content\/uploads\/2017\/06\/af-01052017-dscf3427-768x512.jpg 768w, https:\/\/www.arnaudfonquerne.com\/wp-content\/uploads\/2017\/06\/af-01052017-dscf3427-1536x1024.jpg 1536w, https:\/\/www.arnaudfonquerne.com\/wp-content\/uploads\/2017\/06\/af-01052017-dscf3427-600x400.jpg 600w\" sizes=\"auto, (max-width: 1920px) 100vw, 1920px\" \/><\/a><a href=\"https:\/\/www.arnaudfonquerne.com\/wp-content\/uploads\/2017\/06\/af-01052017-dscf3324.jpg\" class=\"imagelink\" title=\"May 1 demonstration between the two rounds of the French presidential election of 2017. The unions call for a day of struggle and mobilization for social progress but have not parade together. For some trade unionists, the presence in the second round of the Front National must not overshadow social demands, including the repeal of the Labor Act. May 1, 2017. Paris, France.\nManifestation du 1er mai entre les deux tours de l&#039;\u00e9lection presidentielle fran\u00e7aise de 2017. Les syndicats appellent \u00e0 une journ\u00e9e de lutte et de mobilisation pour le progr\u00e8s social mais n&#039;ont pas d\u00e9fil\u00e9 ensemble. Pour certains syndicalistes, la pr\u00e9sence au second tour du Front National ne doit pas \u00e9clipser les revendications sociales dont l&#039;abrogation de la loi Travail. 1er mai 2017. Paris, France.\"><img decoding=\"async\" width=\"1920\" height=\"1280\" src=\"https:\/\/www.arnaudfonquerne.com\/wp-content\/uploads\/2017\/06\/af-01052017-dscf3324.jpg\" class=\"attachment-full size-full\" alt=\"\" loading=\"lazy\" srcset=\"https:\/\/www.arnaudfonquerne.com\/wp-content\/uploads\/2017\/06\/af-01052017-dscf3324.jpg 1920w, https:\/\/www.arnaudfonquerne.com\/wp-content\/uploads\/2017\/06\/af-01052017-dscf3324-1280x853.jpg 1280w, https:\/\/www.arnaudfonquerne.com\/wp-content\/uploads\/2017\/06\/af-01052017-dscf3324-768x512.jpg 768w, https:\/\/www.arnaudfonquerne.com\/wp-content\/uploads\/2017\/06\/af-01052017-dscf3324-1536x1024.jpg 1536w, https:\/\/www.arnaudfonquerne.com\/wp-content\/uploads\/2017\/06\/af-01052017-dscf3324-600x400.jpg 600w\" sizes=\"auto, (max-width: 1920px) 100vw, 1920px\" \/><\/a><\/div><\/div>\n<!-- SERIES-GALLERY-END -->\n\n","protected":false},"featured_media":4493,"template":"","meta":{"_acf_changed":false,"_gspb_post_css":""},"categorie-series":[208],"class_list":["post-7481","series","type-series","status-publish","has-post-thumbnail","hentry","categorie-series-stories"],"acf":[],"_links":{"self":[{"href":"https:\/\/www.arnaudfonquerne.com\/en\/wp-json\/wp\/v2\/series\/7481","targetHints":{"allow":["GET"]}}],"collection":[{"href":"https:\/\/www.arnaudfonquerne.com\/en\/wp-json\/wp\/v2\/series"}],"about":[{"href":"https:\/\/www.arnaudfonquerne.com\/en\/wp-json\/wp\/v2\/types\/series"}],"wp:featuredmedia":[{"embeddable":true,"href":"https:\/\/www.arnaudfonquerne.com\/en\/wp-json\/wp\/v2\/media\/4493"}],"wp:attachment":[{"href":"https:\/\/www.arnaudfonquerne.com\/en\/wp-json\/wp\/v2\/media?parent=7481"}],"wp:term":[{"taxonomy":"categorie-series","embeddable":true,"href":"https:\/\/www.arnaudfonquerne.com\/en\/wp-json\/wp\/v2\/categorie-series?post=7481"}],"curies":[{"name":"wp","href":"https:\/\/api.w.org\/{rel}","templated":true}]}}