{"id":7482,"date":"2017-10-12T10:47:05","date_gmt":"2017-10-12T08:47:05","guid":{"rendered":"https:\/\/www.arnaudfonquerne.com\/series\/la-estelada\/"},"modified":"2026-08-11T14:27:11","modified_gmt":"2026-08-11T12:27:11","slug":"la-estelada","status":"publish","type":"series","link":"https:\/\/www.arnaudfonquerne.com\/en\/series\/la-estelada\/","title":{"rendered":"La Estelada"},"content":{"rendered":"<p>People mark Spanish National Day in Barcelona. A demonstration of unionists, against the independence of Catalonia, gathered several thousand people. &#8220;Yo soy espa\u00f1ol, espa\u00f1ol, espa\u00f1ol&#8221;, &#8220;Puigdemont in prison&#8221; chanted the demonstrators. 12 October 2017, Barcelona.<\/p>\n\n<hr class=\"wp-block-separator\"\/>\n\n<p>Le 12 octobre marque le jour de la f\u00eate nationale d&#8217;Espagne. A Barcelone, une manifestation des&nbsp;unionistes, partisans du maintien de la Catalogne, a rassembl\u00e9 plusieurs milliers de personnes. &#8220;Yo soy espa\u00f1ol, espa\u00f1ol, espa\u00f1ol&#8221;, &#8220;Puigdemont en prison&#8221; scandent les manifestants. 12 octobre 2017, Barcelone. &nbsp; Regional early elections convened by the Government of Madrid as part of the trusteeship of the region. Polling stations opened at 9am local time. The Catalans are called to the polls in the various colleges of the region, until 8 pm, to elect their new regional assembly. Thursday, December 21, 2017, Barcelona.<\/p>\n\n<hr class=\"wp-block-separator\"\/>\n\n<p>Elections r\u00e9gionales anticip\u00e9es convoqu\u00e9es par le gouvernement de Madrid dans le cadre de la mise sous tutelle de la r\u00e9gion. Les bureaux de vote ont ouvert \u00e0 9h, heures locales. Les Catalans sont appel\u00e9s aux urnes dans les divers coll\u00e8ges de la r\u00e9gion, jusqu\u2019\u00e0 20 heures, pour \u00e9lire leur nouvelle assembl\u00e9e r\u00e9gionale. Jeudi 21 d\u00e9cembre 2017, Barcelone.<\/p>\n\n<!-- SERIES-GALLERY-START -->\n<div class=\"gspb_id-gsbp-17edc5d71c486 gspb-dynamic-acf-gallery wp-block-greenshift-blocks-dynamicgallery\"><div class=\"gspb_gallery_grid gspb_gallery_lightbox\"><a href=\"https:\/\/www.arnaudfonquerne.com\/wp-content\/uploads\/2017\/10\/af-20122017-l1001663.jpg\" class=\"imagelink\" title=\"A graffiti was inscribed on the pavement, in a street of Barcelona. Is &quot;We vote to be free&quot; inscribed in reference to the anticipated regional elections convened by the Government of Madrid as part of the trusteeship of the region. The Catalans are called to the polls in the various colleges of the region, Thursday, December 21, 2017, to elect their new regional assembly. Wednesday, December 20, 2017, Barcelona.\n\nUn graffiti a \u00e9t\u00e9 inscrit sur la chauss\u00e9e, dans une rue de Barcelone. \u00ab We vote to be free \u00bb est-il inscrit en r\u00e9f\u00e9rence aux \u00e9lections r\u00e9gionales anticip\u00e9es convoqu\u00e9es par le gouvernement de Madrid dans le cadre de la mise sous tutelle de la r\u00e9gion. Les Catalans sont appel\u00e9s aux urnes dans les divers coll\u00e8ges de la r\u00e9gion, jeudi 21 d\u00e9cembre 2017, pour \u00e9lire leur nouvelle assembl\u00e9e r\u00e9gionale. Mercredi 20 d\u00e9cembre 2017, Barcelone.\"><img decoding=\"async\" width=\"1920\" height=\"1283\" src=\"https:\/\/www.arnaudfonquerne.com\/wp-content\/uploads\/2017\/10\/af-20122017-l1001663.jpg\" class=\"attachment-full size-full\" alt=\"\" loading=\"lazy\" srcset=\"https:\/\/www.arnaudfonquerne.com\/wp-content\/uploads\/2017\/10\/af-20122017-l1001663.jpg 1920w, https:\/\/www.arnaudfonquerne.com\/wp-content\/uploads\/2017\/10\/af-20122017-l1001663-1280x855.jpg 1280w, https:\/\/www.arnaudfonquerne.com\/wp-content\/uploads\/2017\/10\/af-20122017-l1001663-768x513.jpg 768w, https:\/\/www.arnaudfonquerne.com\/wp-content\/uploads\/2017\/10\/af-20122017-l1001663-1536x1026.jpg 1536w, https:\/\/www.arnaudfonquerne.com\/wp-content\/uploads\/2017\/10\/af-20122017-l1001663-600x401.jpg 600w\" sizes=\"auto, (max-width: 1920px) 100vw, 1920px\" \/><\/a><a href=\"https:\/\/www.arnaudfonquerne.com\/wp-content\/uploads\/2017\/10\/af-23122017-l1002201.jpg\" class=\"imagelink\" title=\"Many voters are dressed in yellow or wearing a ribbon of the same color, in reference to separatist leaders still incarcerated and considered by secessionists as political prisoners.\nRegional early elections convened by the Government of Madrid as part of the trusteeship of the region. Polling stations opened at 9am local time. The Catalans are called to the polls in the various colleges of the region, until 8 pm, to elect their new regional assembly. Thursday, December 21, 2017, Barcelona.\n\nDe nombreux \u00e9lecteurs sont habill\u00e9s de jaune ou arborant un ruban de la m\u00eame couleur, en r\u00e9f\u00e9rence aux dirigeants s\u00e9paratistes toujours incarc\u00e9r\u00e9s et consid\u00e9r\u00e9s par les s\u00e9cessionnistes comme des prisonniers politiques. \nElections r\u00e9gionales anticip\u00e9es convoqu\u00e9es par le gouvernement de Madrid dans le cadre de la mise sous tutelle de la r\u00e9gion. Les bureaux de vote ont ouvert \u00e0 9h, heures locales. Les Catalans sont appel\u00e9s aux urnes dans les divers coll\u00e8ges de la r\u00e9gion, jusqu\u2019\u00e0 20 heures, pour \u00e9lire leur nouvelle assembl\u00e9e r\u00e9gionale. Jeudi 21 d\u00e9cembre 2017, Barcelone.\"><img decoding=\"async\" width=\"1920\" height=\"1283\" src=\"https:\/\/www.arnaudfonquerne.com\/wp-content\/uploads\/2017\/10\/af-23122017-l1002201.jpg\" class=\"attachment-full size-full\" alt=\"\" loading=\"lazy\" srcset=\"https:\/\/www.arnaudfonquerne.com\/wp-content\/uploads\/2017\/10\/af-23122017-l1002201.jpg 1920w, https:\/\/www.arnaudfonquerne.com\/wp-content\/uploads\/2017\/10\/af-23122017-l1002201-1280x855.jpg 1280w, https:\/\/www.arnaudfonquerne.com\/wp-content\/uploads\/2017\/10\/af-23122017-l1002201-768x513.jpg 768w, https:\/\/www.arnaudfonquerne.com\/wp-content\/uploads\/2017\/10\/af-23122017-l1002201-1536x1026.jpg 1536w, https:\/\/www.arnaudfonquerne.com\/wp-content\/uploads\/2017\/10\/af-23122017-l1002201-600x401.jpg 600w\" sizes=\"auto, (max-width: 1920px) 100vw, 1920px\" \/><\/a><a href=\"https:\/\/www.arnaudfonquerne.com\/wp-content\/uploads\/2017\/10\/af-12102017-l1000434.jpg\" class=\"imagelink\" title=\"People mark Spanish National Day in Barcelona. A demonstration of unionists, against the independence of Catalonia, gathered several thousand people. Yo soy espa\u00f1ol, espa\u00f1ol, espa\u00f1ol, Puigdemont in prison, chanted the demonstrators. 12 October 2017, Barcelona. \nLe 12 octobre marque le jour de la f\u00eate nationale d&#039;Espagne. A Barcelone, une manifestation des\u00a0unionistes, partisans du maintien de la Catalogne, a rassembl\u00e9 plusieurs milliers de personnes. Yo soy espa\u00f1ol, espa\u00f1ol, espa\u00f1ol, Puigdemont en prison, scandent les manifestants. 12 octobre 2017, Barcelone.\"><img decoding=\"async\" width=\"1920\" height=\"1283\" src=\"https:\/\/www.arnaudfonquerne.com\/wp-content\/uploads\/2017\/10\/af-12102017-l1000434.jpg\" class=\"attachment-full size-full\" alt=\"\" loading=\"lazy\" srcset=\"https:\/\/www.arnaudfonquerne.com\/wp-content\/uploads\/2017\/10\/af-12102017-l1000434.jpg 1920w, https:\/\/www.arnaudfonquerne.com\/wp-content\/uploads\/2017\/10\/af-12102017-l1000434-1280x855.jpg 1280w, https:\/\/www.arnaudfonquerne.com\/wp-content\/uploads\/2017\/10\/af-12102017-l1000434-768x513.jpg 768w, https:\/\/www.arnaudfonquerne.com\/wp-content\/uploads\/2017\/10\/af-12102017-l1000434-1536x1026.jpg 1536w, https:\/\/www.arnaudfonquerne.com\/wp-content\/uploads\/2017\/10\/af-12102017-l1000434-600x401.jpg 600w\" sizes=\"auto, (max-width: 1920px) 100vw, 1920px\" \/><\/a><a href=\"https:\/\/www.arnaudfonquerne.com\/wp-content\/uploads\/2017\/10\/af-21122017-dsf5480.jpg\" class=\"imagelink\" title=\"Regional early elections convened by the Government of Madrid as part of the trusteeship of the region. Polling stations opened at 9am local time. The Catalans are called to the polls in the various colleges of the region, until 8 pm, to elect their new regional assembly. Thursday, December 21, 2017, Barcelona.\n\nElections r\u00e9gionales anticip\u00e9es convoqu\u00e9es par le gouvernement de Madrid dans le cadre de la mise sous tutelle de la r\u00e9gion. Les bureaux de vote ont ouvert \u00e0 9h, heures locales. Les Catalans sont appel\u00e9s aux urnes dans les divers coll\u00e8ges de la r\u00e9gion, jusqu\u2019\u00e0 20 heures, pour \u00e9lire leur nouvelle assembl\u00e9e r\u00e9gionale. Jeudi 21 d\u00e9cembre 2017, Barcelone.\"><img decoding=\"async\" width=\"1920\" height=\"1280\" src=\"https:\/\/www.arnaudfonquerne.com\/wp-content\/uploads\/2017\/10\/af-21122017-dsf5480.jpg\" class=\"attachment-full size-full\" alt=\"\" loading=\"lazy\" srcset=\"https:\/\/www.arnaudfonquerne.com\/wp-content\/uploads\/2017\/10\/af-21122017-dsf5480.jpg 1920w, https:\/\/www.arnaudfonquerne.com\/wp-content\/uploads\/2017\/10\/af-21122017-dsf5480-1280x853.jpg 1280w, https:\/\/www.arnaudfonquerne.com\/wp-content\/uploads\/2017\/10\/af-21122017-dsf5480-768x512.jpg 768w, https:\/\/www.arnaudfonquerne.com\/wp-content\/uploads\/2017\/10\/af-21122017-dsf5480-1536x1024.jpg 1536w, https:\/\/www.arnaudfonquerne.com\/wp-content\/uploads\/2017\/10\/af-21122017-dsf5480-600x400.jpg 600w\" sizes=\"auto, (max-width: 1920px) 100vw, 1920px\" \/><\/a><a href=\"https:\/\/www.arnaudfonquerne.com\/wp-content\/uploads\/2017\/10\/af-12102017-l1000462.jpg\" class=\"imagelink\" title=\"People mark Spanish National Day in Barcelona. A demonstration of unionists, against the independence of Catalonia, gathered several thousand people. Yo soy espa\u00f1ol, espa\u00f1ol, espa\u00f1ol, Puigdemont in prison, chanted the demonstrators. 12 October 2017, Barcelona. \rLe 12 octobre marque le jour de la f\u00eate nationale d&#039;Espagne. A Barcelone, une manifestation des\u00a0unionistes, partisans du maintien de la Catalogne, a rassembl\u00e9 plusieurs milliers de personnes. Yo soy espa\u00f1ol, espa\u00f1ol, espa\u00f1ol, Puigdemont en prison, scandent les manifestants. 12 octobre 2017, Barcelone.\"><img decoding=\"async\" width=\"1920\" height=\"1283\" src=\"https:\/\/www.arnaudfonquerne.com\/wp-content\/uploads\/2017\/10\/af-12102017-l1000462.jpg\" class=\"attachment-full size-full\" alt=\"\" loading=\"lazy\" srcset=\"https:\/\/www.arnaudfonquerne.com\/wp-content\/uploads\/2017\/10\/af-12102017-l1000462.jpg 1920w, https:\/\/www.arnaudfonquerne.com\/wp-content\/uploads\/2017\/10\/af-12102017-l1000462-1280x855.jpg 1280w, https:\/\/www.arnaudfonquerne.com\/wp-content\/uploads\/2017\/10\/af-12102017-l1000462-768x513.jpg 768w, https:\/\/www.arnaudfonquerne.com\/wp-content\/uploads\/2017\/10\/af-12102017-l1000462-1536x1026.jpg 1536w, https:\/\/www.arnaudfonquerne.com\/wp-content\/uploads\/2017\/10\/af-12102017-l1000462-600x401.jpg 600w\" sizes=\"auto, (max-width: 1920px) 100vw, 1920px\" \/><\/a><a href=\"https:\/\/www.arnaudfonquerne.com\/wp-content\/uploads\/2017\/10\/af-21122017-dsf5493.jpg\" class=\"imagelink\" title=\"Regional early elections convened by the Government of Madrid as part of the trusteeship of the region. Polling stations opened at 9am local time. The Catalans are called to the polls in the various colleges of the region, until 8 pm, to elect their new regional assembly. Thursday, December 21, 2017, Barcelona.\r\rElections r\u00e9gionales anticip\u00e9es convoqu\u00e9es par le gouvernement de Madrid dans le cadre de la mise sous tutelle de la r\u00e9gion. Les bureaux de vote ont ouvert \u00e0 9h, heures locales. Les Catalans sont appel\u00e9s aux urnes dans les divers coll\u00e8ges de la r\u00e9gion, jusqu\u2019\u00e0 20 heures, pour \u00e9lire leur nouvelle assembl\u00e9e r\u00e9gionale. Jeudi 21 d\u00e9cembre 2017, Barcelone.\"><img decoding=\"async\" width=\"1920\" height=\"1280\" src=\"https:\/\/www.arnaudfonquerne.com\/wp-content\/uploads\/2017\/10\/af-21122017-dsf5493.jpg\" class=\"attachment-full size-full\" alt=\"\" loading=\"lazy\" srcset=\"https:\/\/www.arnaudfonquerne.com\/wp-content\/uploads\/2017\/10\/af-21122017-dsf5493.jpg 1920w, https:\/\/www.arnaudfonquerne.com\/wp-content\/uploads\/2017\/10\/af-21122017-dsf5493-1280x853.jpg 1280w, https:\/\/www.arnaudfonquerne.com\/wp-content\/uploads\/2017\/10\/af-21122017-dsf5493-768x512.jpg 768w, https:\/\/www.arnaudfonquerne.com\/wp-content\/uploads\/2017\/10\/af-21122017-dsf5493-1536x1024.jpg 1536w, https:\/\/www.arnaudfonquerne.com\/wp-content\/uploads\/2017\/10\/af-21122017-dsf5493-600x400.jpg 600w\" sizes=\"auto, (max-width: 1920px) 100vw, 1920px\" \/><\/a><a href=\"https:\/\/www.arnaudfonquerne.com\/wp-content\/uploads\/2017\/10\/af-12102017-l1000464.jpg\" class=\"imagelink\" title=\"People mark Spanish National Day in Barcelona. A demonstration of unionists, against the independence of Catalonia, gathered several thousand people. Yo soy espa\u00f1ol, espa\u00f1ol, espa\u00f1ol, Puigdemont in prison, chanted the demonstrators. 12 October 2017, Barcelona. \rLe 12 octobre marque le jour de la f\u00eate nationale d&#039;Espagne. A Barcelone, une manifestation des\u00a0unionistes, partisans du maintien de la Catalogne, a rassembl\u00e9 plusieurs milliers de personnes. Yo soy espa\u00f1ol, espa\u00f1ol, espa\u00f1ol, Puigdemont en prison, scandent les manifestants. 12 octobre 2017, Barcelone.\"><img decoding=\"async\" width=\"1920\" height=\"1283\" src=\"https:\/\/www.arnaudfonquerne.com\/wp-content\/uploads\/2017\/10\/af-12102017-l1000464.jpg\" class=\"attachment-full size-full\" alt=\"\" loading=\"lazy\" srcset=\"https:\/\/www.arnaudfonquerne.com\/wp-content\/uploads\/2017\/10\/af-12102017-l1000464.jpg 1920w, https:\/\/www.arnaudfonquerne.com\/wp-content\/uploads\/2017\/10\/af-12102017-l1000464-1280x855.jpg 1280w, https:\/\/www.arnaudfonquerne.com\/wp-content\/uploads\/2017\/10\/af-12102017-l1000464-768x513.jpg 768w, https:\/\/www.arnaudfonquerne.com\/wp-content\/uploads\/2017\/10\/af-12102017-l1000464-1536x1026.jpg 1536w, https:\/\/www.arnaudfonquerne.com\/wp-content\/uploads\/2017\/10\/af-12102017-l1000464-600x401.jpg 600w\" sizes=\"auto, (max-width: 1920px) 100vw, 1920px\" \/><\/a><a href=\"https:\/\/www.arnaudfonquerne.com\/wp-content\/uploads\/2017\/10\/af-21122017-l1001802.jpg\" class=\"imagelink\" title=\"Regional early elections convened by the Government of Madrid as part of the trusteeship of the region. Polling stations opened at 9am local time. The Catalans are called to the polls in the various colleges of the region, until 8 pm, to elect their new regional assembly. Thursday, December 21, 2017, Barcelona.\n\nElections r\u00e9gionales anticip\u00e9es convoqu\u00e9es par le gouvernement de Madrid dans le cadre de la mise sous tutelle de la r\u00e9gion. Les bureaux de vote ont ouvert \u00e0 9h, heures locales. Les Catalans sont appel\u00e9s aux urnes dans les divers coll\u00e8ges de la r\u00e9gion, jusqu\u2019\u00e0 20 heures, pour \u00e9lire leur nouvelle assembl\u00e9e r\u00e9gionale. Jeudi 21 d\u00e9cembre 2017, Barcelone.\"><img decoding=\"async\" width=\"1920\" height=\"1283\" src=\"https:\/\/www.arnaudfonquerne.com\/wp-content\/uploads\/2017\/10\/af-21122017-l1001802.jpg\" class=\"attachment-full size-full\" alt=\"\" loading=\"lazy\" srcset=\"https:\/\/www.arnaudfonquerne.com\/wp-content\/uploads\/2017\/10\/af-21122017-l1001802.jpg 1920w, https:\/\/www.arnaudfonquerne.com\/wp-content\/uploads\/2017\/10\/af-21122017-l1001802-1280x855.jpg 1280w, https:\/\/www.arnaudfonquerne.com\/wp-content\/uploads\/2017\/10\/af-21122017-l1001802-768x513.jpg 768w, https:\/\/www.arnaudfonquerne.com\/wp-content\/uploads\/2017\/10\/af-21122017-l1001802-1536x1026.jpg 1536w, https:\/\/www.arnaudfonquerne.com\/wp-content\/uploads\/2017\/10\/af-21122017-l1001802-600x401.jpg 600w\" sizes=\"auto, (max-width: 1920px) 100vw, 1920px\" \/><\/a><a href=\"https:\/\/www.arnaudfonquerne.com\/wp-content\/uploads\/2017\/10\/af-12102017-l1000567.jpg\" class=\"imagelink\" title=\"People mark Spanish National Day in Barcelona. A demonstration of unionists, against the independence of Catalonia, gathered several thousand people. Yo soy espa\u00f1ol, espa\u00f1ol, espa\u00f1ol, Puigdemont in prison, chanted the demonstrators. 12 October 2017, Barcelona. \nLe 12 octobre marque le jour de la f\u00eate nationale d&#039;Espagne. A Barcelone, une manifestation des\u00a0unionistes, partisans du maintien de la Catalogne, a rassembl\u00e9 plusieurs milliers de personnes. Yo soy espa\u00f1ol, espa\u00f1ol, espa\u00f1ol, Puigdemont en prison, scandent les manifestants. 12 octobre 2017, Barcelone.\"><img decoding=\"async\" width=\"1920\" height=\"1283\" src=\"https:\/\/www.arnaudfonquerne.com\/wp-content\/uploads\/2017\/10\/af-12102017-l1000567.jpg\" class=\"attachment-full size-full\" alt=\"\" loading=\"lazy\" srcset=\"https:\/\/www.arnaudfonquerne.com\/wp-content\/uploads\/2017\/10\/af-12102017-l1000567.jpg 1920w, https:\/\/www.arnaudfonquerne.com\/wp-content\/uploads\/2017\/10\/af-12102017-l1000567-1280x855.jpg 1280w, https:\/\/www.arnaudfonquerne.com\/wp-content\/uploads\/2017\/10\/af-12102017-l1000567-768x513.jpg 768w, https:\/\/www.arnaudfonquerne.com\/wp-content\/uploads\/2017\/10\/af-12102017-l1000567-1536x1026.jpg 1536w, https:\/\/www.arnaudfonquerne.com\/wp-content\/uploads\/2017\/10\/af-12102017-l1000567-600x401.jpg 600w\" sizes=\"auto, (max-width: 1920px) 100vw, 1920px\" \/><\/a><a href=\"https:\/\/www.arnaudfonquerne.com\/wp-content\/uploads\/2017\/10\/af-21122017-l1001840.jpg\" class=\"imagelink\" title=\"Regional early elections convened by the Government of Madrid as part of the trusteeship of the region. Polling stations opened at 9am local time. The Catalans are called to the polls in the various colleges of the region, until 8 pm, to elect their new regional assembly. Thursday, December 21, 2017, Barcelona.\n\nElections r\u00e9gionales anticip\u00e9es convoqu\u00e9es par le gouvernement de Madrid dans le cadre de la mise sous tutelle de la r\u00e9gion. Les bureaux de vote ont ouvert \u00e0 9h, heures locales. Les Catalans sont appel\u00e9s aux urnes dans les divers coll\u00e8ges de la r\u00e9gion, jusqu\u2019\u00e0 20 heures, pour \u00e9lire leur nouvelle assembl\u00e9e r\u00e9gionale. Jeudi 21 d\u00e9cembre 2017, Barcelone.\"><img decoding=\"async\" width=\"1920\" height=\"1283\" src=\"https:\/\/www.arnaudfonquerne.com\/wp-content\/uploads\/2017\/10\/af-21122017-l1001840.jpg\" class=\"attachment-full size-full\" alt=\"\" loading=\"lazy\" srcset=\"https:\/\/www.arnaudfonquerne.com\/wp-content\/uploads\/2017\/10\/af-21122017-l1001840.jpg 1920w, https:\/\/www.arnaudfonquerne.com\/wp-content\/uploads\/2017\/10\/af-21122017-l1001840-1280x855.jpg 1280w, https:\/\/www.arnaudfonquerne.com\/wp-content\/uploads\/2017\/10\/af-21122017-l1001840-768x513.jpg 768w, https:\/\/www.arnaudfonquerne.com\/wp-content\/uploads\/2017\/10\/af-21122017-l1001840-1536x1026.jpg 1536w, https:\/\/www.arnaudfonquerne.com\/wp-content\/uploads\/2017\/10\/af-21122017-l1001840-600x401.jpg 600w\" sizes=\"auto, (max-width: 1920px) 100vw, 1920px\" \/><\/a><a href=\"https:\/\/www.arnaudfonquerne.com\/wp-content\/uploads\/2017\/10\/af-12102017-l1000476.jpg\" class=\"imagelink\" title=\"People mark Spanish National Day in Barcelona. A demonstration of unionists, against the independence of Catalonia, gathered several thousand people. Yo soy espa\u00f1ol, espa\u00f1ol, espa\u00f1ol, Puigdemont in prison, chanted the demonstrators. 12 October 2017, Barcelona. \nLe 12 octobre marque le jour de la f\u00eate nationale d&#039;Espagne. A Barcelone, une manifestation des\u00a0unionistes, partisans du maintien de la Catalogne, a rassembl\u00e9 plusieurs milliers de personnes. Yo soy espa\u00f1ol, espa\u00f1ol, espa\u00f1ol, Puigdemont en prison, scandent les manifestants. 12 octobre 2017, Barcelone.\"><img decoding=\"async\" width=\"1920\" height=\"1283\" src=\"https:\/\/www.arnaudfonquerne.com\/wp-content\/uploads\/2017\/10\/af-12102017-l1000476.jpg\" class=\"attachment-full size-full\" alt=\"\" loading=\"lazy\" srcset=\"https:\/\/www.arnaudfonquerne.com\/wp-content\/uploads\/2017\/10\/af-12102017-l1000476.jpg 1920w, https:\/\/www.arnaudfonquerne.com\/wp-content\/uploads\/2017\/10\/af-12102017-l1000476-1280x855.jpg 1280w, https:\/\/www.arnaudfonquerne.com\/wp-content\/uploads\/2017\/10\/af-12102017-l1000476-768x513.jpg 768w, https:\/\/www.arnaudfonquerne.com\/wp-content\/uploads\/2017\/10\/af-12102017-l1000476-1536x1026.jpg 1536w, https:\/\/www.arnaudfonquerne.com\/wp-content\/uploads\/2017\/10\/af-12102017-l1000476-600x401.jpg 600w\" sizes=\"auto, (max-width: 1920px) 100vw, 1920px\" \/><\/a><a href=\"https:\/\/www.arnaudfonquerne.com\/wp-content\/uploads\/2017\/10\/af-12102017-l1000499.jpg\" class=\"imagelink\" title=\"People mark Spanish National Day in Barcelona. A demonstration of unionists, against the independence of Catalonia, gathered several thousand people. Yo soy espa\u00f1ol, espa\u00f1ol, espa\u00f1ol, Puigdemont in prison, chanted the demonstrators. 12 October 2017, Barcelona. \rLe 12 octobre marque le jour de la f\u00eate nationale d&#039;Espagne. A Barcelone, une manifestation des\u00a0unionistes, partisans du maintien de la Catalogne, a rassembl\u00e9 plusieurs milliers de personnes. Yo soy espa\u00f1ol, espa\u00f1ol, espa\u00f1ol, Puigdemont en prison, scandent les manifestants. 12 octobre 2017, Barcelone.\"><img decoding=\"async\" width=\"1920\" height=\"1283\" src=\"https:\/\/www.arnaudfonquerne.com\/wp-content\/uploads\/2017\/10\/af-12102017-l1000499.jpg\" class=\"attachment-full size-full\" alt=\"\" loading=\"lazy\" srcset=\"https:\/\/www.arnaudfonquerne.com\/wp-content\/uploads\/2017\/10\/af-12102017-l1000499.jpg 1920w, https:\/\/www.arnaudfonquerne.com\/wp-content\/uploads\/2017\/10\/af-12102017-l1000499-1280x855.jpg 1280w, https:\/\/www.arnaudfonquerne.com\/wp-content\/uploads\/2017\/10\/af-12102017-l1000499-768x513.jpg 768w, https:\/\/www.arnaudfonquerne.com\/wp-content\/uploads\/2017\/10\/af-12102017-l1000499-1536x1026.jpg 1536w, https:\/\/www.arnaudfonquerne.com\/wp-content\/uploads\/2017\/10\/af-12102017-l1000499-600x401.jpg 600w\" sizes=\"auto, (max-width: 1920px) 100vw, 1920px\" \/><\/a><a href=\"https:\/\/www.arnaudfonquerne.com\/wp-content\/uploads\/2017\/10\/af-21122017-l1001854.jpg\" class=\"imagelink\" title=\"Regional early elections convened by the Government of Madrid as part of the trusteeship of the region. Polling stations opened at 9am local time. The Catalans are called to the polls in the various colleges of the region, until 8 pm, to elect their new regional assembly. Thursday, December 21, 2017, Barcelona.\r\rElections r\u00e9gionales anticip\u00e9es convoqu\u00e9es par le gouvernement de Madrid dans le cadre de la mise sous tutelle de la r\u00e9gion. Les bureaux de vote ont ouvert \u00e0 9h, heures locales. Les Catalans sont appel\u00e9s aux urnes dans les divers coll\u00e8ges de la r\u00e9gion, jusqu\u2019\u00e0 20 heures, pour \u00e9lire leur nouvelle assembl\u00e9e r\u00e9gionale. Jeudi 21 d\u00e9cembre 2017, Barcelone.\"><img decoding=\"async\" width=\"1920\" height=\"1283\" src=\"https:\/\/www.arnaudfonquerne.com\/wp-content\/uploads\/2017\/10\/af-21122017-l1001854.jpg\" class=\"attachment-full size-full\" alt=\"\" loading=\"lazy\" srcset=\"https:\/\/www.arnaudfonquerne.com\/wp-content\/uploads\/2017\/10\/af-21122017-l1001854.jpg 1920w, https:\/\/www.arnaudfonquerne.com\/wp-content\/uploads\/2017\/10\/af-21122017-l1001854-1280x855.jpg 1280w, https:\/\/www.arnaudfonquerne.com\/wp-content\/uploads\/2017\/10\/af-21122017-l1001854-768x513.jpg 768w, https:\/\/www.arnaudfonquerne.com\/wp-content\/uploads\/2017\/10\/af-21122017-l1001854-1536x1026.jpg 1536w, https:\/\/www.arnaudfonquerne.com\/wp-content\/uploads\/2017\/10\/af-21122017-l1001854-600x401.jpg 600w\" sizes=\"auto, (max-width: 1920px) 100vw, 1920px\" \/><\/a><a href=\"https:\/\/www.arnaudfonquerne.com\/wp-content\/uploads\/2017\/10\/af-12102017-l1000546.jpg\" class=\"imagelink\" title=\"People mark Spanish National Day in Barcelona. A demonstration of unionists, against the independence of Catalonia, gathered several thousand people. Yo soy espa\u00f1ol, espa\u00f1ol, espa\u00f1ol, Puigdemont in prison, chanted the demonstrators. 12 October 2017, Barcelona. \rLe 12 octobre marque le jour de la f\u00eate nationale d&#039;Espagne. A Barcelone, une manifestation des\u00a0unionistes, partisans du maintien de la Catalogne, a rassembl\u00e9 plusieurs milliers de personnes. Yo soy espa\u00f1ol, espa\u00f1ol, espa\u00f1ol, Puigdemont en prison, scandent les manifestants. 12 octobre 2017, Barcelone.\"><img decoding=\"async\" width=\"1920\" height=\"1283\" src=\"https:\/\/www.arnaudfonquerne.com\/wp-content\/uploads\/2017\/10\/af-12102017-l1000546.jpg\" class=\"attachment-full size-full\" alt=\"\" loading=\"lazy\" srcset=\"https:\/\/www.arnaudfonquerne.com\/wp-content\/uploads\/2017\/10\/af-12102017-l1000546.jpg 1920w, https:\/\/www.arnaudfonquerne.com\/wp-content\/uploads\/2017\/10\/af-12102017-l1000546-1280x855.jpg 1280w, https:\/\/www.arnaudfonquerne.com\/wp-content\/uploads\/2017\/10\/af-12102017-l1000546-768x513.jpg 768w, https:\/\/www.arnaudfonquerne.com\/wp-content\/uploads\/2017\/10\/af-12102017-l1000546-1536x1026.jpg 1536w, https:\/\/www.arnaudfonquerne.com\/wp-content\/uploads\/2017\/10\/af-12102017-l1000546-600x401.jpg 600w\" sizes=\"auto, (max-width: 1920px) 100vw, 1920px\" \/><\/a><a href=\"https:\/\/www.arnaudfonquerne.com\/wp-content\/uploads\/2017\/10\/af-12102017-l1000524.jpg\" class=\"imagelink\" title=\"People mark Spanish National Day in Barcelona. A demonstration of unionists, against the independence of Catalonia, gathered several thousand people. Yo soy espa\u00f1ol, espa\u00f1ol, espa\u00f1ol, Puigdemont in prison, chanted the demonstrators. 12 October 2017, Barcelona. \rLe 12 octobre marque le jour de la f\u00eate nationale d&#039;Espagne. A Barcelone, une manifestation des\u00a0unionistes, partisans du maintien de la Catalogne, a rassembl\u00e9 plusieurs milliers de personnes. Yo soy espa\u00f1ol, espa\u00f1ol, espa\u00f1ol, Puigdemont en prison, scandent les manifestants. 12 octobre 2017, Barcelone.\"><img decoding=\"async\" width=\"1920\" height=\"1283\" src=\"https:\/\/www.arnaudfonquerne.com\/wp-content\/uploads\/2017\/10\/af-12102017-l1000524.jpg\" class=\"attachment-full size-full\" alt=\"\" loading=\"lazy\" srcset=\"https:\/\/www.arnaudfonquerne.com\/wp-content\/uploads\/2017\/10\/af-12102017-l1000524.jpg 1920w, https:\/\/www.arnaudfonquerne.com\/wp-content\/uploads\/2017\/10\/af-12102017-l1000524-1280x855.jpg 1280w, https:\/\/www.arnaudfonquerne.com\/wp-content\/uploads\/2017\/10\/af-12102017-l1000524-768x513.jpg 768w, https:\/\/www.arnaudfonquerne.com\/wp-content\/uploads\/2017\/10\/af-12102017-l1000524-1536x1026.jpg 1536w, https:\/\/www.arnaudfonquerne.com\/wp-content\/uploads\/2017\/10\/af-12102017-l1000524-600x401.jpg 600w\" sizes=\"auto, (max-width: 1920px) 100vw, 1920px\" \/><\/a><a href=\"https:\/\/www.arnaudfonquerne.com\/wp-content\/uploads\/2017\/10\/af-12102017-l1000510.jpg\" class=\"imagelink\" title=\"People mark Spanish National Day in Barcelona. A demonstration of unionists, against the independence of Catalonia, gathered several thousand people. Yo soy espa\u00f1ol, espa\u00f1ol, espa\u00f1ol, Puigdemont in prison, chanted the demonstrators. 12 October 2017, Barcelona. \rLe 12 octobre marque le jour de la f\u00eate nationale d&#039;Espagne. A Barcelone, une manifestation des\u00a0unionistes, partisans du maintien de la Catalogne, a rassembl\u00e9 plusieurs milliers de personnes. Yo soy espa\u00f1ol, espa\u00f1ol, espa\u00f1ol, Puigdemont en prison, scandent les manifestants. 12 octobre 2017, Barcelone.\"><img decoding=\"async\" width=\"1920\" height=\"1283\" src=\"https:\/\/www.arnaudfonquerne.com\/wp-content\/uploads\/2017\/10\/af-12102017-l1000510.jpg\" class=\"attachment-full size-full\" alt=\"\" loading=\"lazy\" srcset=\"https:\/\/www.arnaudfonquerne.com\/wp-content\/uploads\/2017\/10\/af-12102017-l1000510.jpg 1920w, https:\/\/www.arnaudfonquerne.com\/wp-content\/uploads\/2017\/10\/af-12102017-l1000510-1280x855.jpg 1280w, https:\/\/www.arnaudfonquerne.com\/wp-content\/uploads\/2017\/10\/af-12102017-l1000510-768x513.jpg 768w, https:\/\/www.arnaudfonquerne.com\/wp-content\/uploads\/2017\/10\/af-12102017-l1000510-1536x1026.jpg 1536w, https:\/\/www.arnaudfonquerne.com\/wp-content\/uploads\/2017\/10\/af-12102017-l1000510-600x401.jpg 600w\" sizes=\"auto, (max-width: 1920px) 100vw, 1920px\" \/><\/a><a href=\"https:\/\/www.arnaudfonquerne.com\/wp-content\/uploads\/2017\/10\/af-21122017-l1001724.jpg\" class=\"imagelink\" title=\"Regional early elections convened by the Government of Madrid as part of the trusteeship of the region. Polling stations opened at 9am local time. The Catalans are called to the polls in the various colleges of the region, until 8 pm, to elect their new regional assembly. Thursday, December 21, 2017, Barcelona.\n\nElections r\u00e9gionales anticip\u00e9es convoqu\u00e9es par le gouvernement de Madrid dans le cadre de la mise sous tutelle de la r\u00e9gion. Les bureaux de vote ont ouvert \u00e0 9h, heures locales. Les Catalans sont appel\u00e9s aux urnes dans les divers coll\u00e8ges de la r\u00e9gion, jusqu\u2019\u00e0 20 heures, pour \u00e9lire leur nouvelle assembl\u00e9e r\u00e9gionale. Jeudi 21 d\u00e9cembre 2017, Barcelone.\"><img decoding=\"async\" width=\"1920\" height=\"1283\" src=\"https:\/\/www.arnaudfonquerne.com\/wp-content\/uploads\/2017\/10\/af-21122017-l1001724.jpg\" class=\"attachment-full size-full\" alt=\"\" loading=\"lazy\" srcset=\"https:\/\/www.arnaudfonquerne.com\/wp-content\/uploads\/2017\/10\/af-21122017-l1001724.jpg 1920w, https:\/\/www.arnaudfonquerne.com\/wp-content\/uploads\/2017\/10\/af-21122017-l1001724-1280x855.jpg 1280w, https:\/\/www.arnaudfonquerne.com\/wp-content\/uploads\/2017\/10\/af-21122017-l1001724-768x513.jpg 768w, https:\/\/www.arnaudfonquerne.com\/wp-content\/uploads\/2017\/10\/af-21122017-l1001724-1536x1026.jpg 1536w, https:\/\/www.arnaudfonquerne.com\/wp-content\/uploads\/2017\/10\/af-21122017-l1001724-600x401.jpg 600w\" sizes=\"auto, (max-width: 1920px) 100vw, 1920px\" \/><\/a><a href=\"https:\/\/www.arnaudfonquerne.com\/wp-content\/uploads\/2017\/10\/af-12102017-l1000528.jpg\" class=\"imagelink\" title=\"People mark Spanish National Day in Barcelona. A demonstration of unionists, against the independence of Catalonia, gathered several thousand people. Yo soy espa\u00f1ol, espa\u00f1ol, espa\u00f1ol, Puigdemont in prison, chanted the demonstrators. 12 October 2017, Barcelona. \rLe 12 octobre marque le jour de la f\u00eate nationale d&#039;Espagne. A Barcelone, une manifestation des\u00a0unionistes, partisans du maintien de la Catalogne, a rassembl\u00e9 plusieurs milliers de personnes. Yo soy espa\u00f1ol, espa\u00f1ol, espa\u00f1ol, Puigdemont en prison, scandent les manifestants. 12 octobre 2017, Barcelone.\"><img decoding=\"async\" width=\"1920\" height=\"1283\" src=\"https:\/\/www.arnaudfonquerne.com\/wp-content\/uploads\/2017\/10\/af-12102017-l1000528.jpg\" class=\"attachment-full size-full\" alt=\"\" loading=\"lazy\" srcset=\"https:\/\/www.arnaudfonquerne.com\/wp-content\/uploads\/2017\/10\/af-12102017-l1000528.jpg 1920w, https:\/\/www.arnaudfonquerne.com\/wp-content\/uploads\/2017\/10\/af-12102017-l1000528-1280x855.jpg 1280w, https:\/\/www.arnaudfonquerne.com\/wp-content\/uploads\/2017\/10\/af-12102017-l1000528-768x513.jpg 768w, https:\/\/www.arnaudfonquerne.com\/wp-content\/uploads\/2017\/10\/af-12102017-l1000528-1536x1026.jpg 1536w, https:\/\/www.arnaudfonquerne.com\/wp-content\/uploads\/2017\/10\/af-12102017-l1000528-600x401.jpg 600w\" sizes=\"auto, (max-width: 1920px) 100vw, 1920px\" \/><\/a><a href=\"https:\/\/www.arnaudfonquerne.com\/wp-content\/uploads\/2017\/10\/af-21122017-l1001739.jpg\" class=\"imagelink\" title=\"Regional early elections convened by the Government of Madrid as part of the trusteeship of the region. Polling stations opened at 9am local time. The Catalans are called to the polls in the various colleges of the region, until 8 pm, to elect their new regional assembly. Thursday, December 21, 2017, Barcelona.\r\rElections r\u00e9gionales anticip\u00e9es convoqu\u00e9es par le gouvernement de Madrid dans le cadre de la mise sous tutelle de la r\u00e9gion. Les bureaux de vote ont ouvert \u00e0 9h, heures locales. Les Catalans sont appel\u00e9s aux urnes dans les divers coll\u00e8ges de la r\u00e9gion, jusqu\u2019\u00e0 20 heures, pour \u00e9lire leur nouvelle assembl\u00e9e r\u00e9gionale. Jeudi 21 d\u00e9cembre 2017, Barcelone.\"><img decoding=\"async\" width=\"1920\" height=\"1283\" src=\"https:\/\/www.arnaudfonquerne.com\/wp-content\/uploads\/2017\/10\/af-21122017-l1001739.jpg\" class=\"attachment-full size-full\" alt=\"\" loading=\"lazy\" srcset=\"https:\/\/www.arnaudfonquerne.com\/wp-content\/uploads\/2017\/10\/af-21122017-l1001739.jpg 1920w, https:\/\/www.arnaudfonquerne.com\/wp-content\/uploads\/2017\/10\/af-21122017-l1001739-1280x855.jpg 1280w, https:\/\/www.arnaudfonquerne.com\/wp-content\/uploads\/2017\/10\/af-21122017-l1001739-768x513.jpg 768w, https:\/\/www.arnaudfonquerne.com\/wp-content\/uploads\/2017\/10\/af-21122017-l1001739-1536x1026.jpg 1536w, https:\/\/www.arnaudfonquerne.com\/wp-content\/uploads\/2017\/10\/af-21122017-l1001739-600x401.jpg 600w\" sizes=\"auto, (max-width: 1920px) 100vw, 1920px\" \/><\/a><a href=\"https:\/\/www.arnaudfonquerne.com\/wp-content\/uploads\/2017\/10\/af-12102017-l1000578.jpg\" class=\"imagelink\" title=\"People mark Spanish National Day in Barcelona. A demonstration of unionists, against the independence of Catalonia, gathered several thousand people. Yo soy espa\u00f1ol, espa\u00f1ol, espa\u00f1ol, Puigdemont in prison, chanted the demonstrators. 12 October 2017, Barcelona. \rLe 12 octobre marque le jour de la f\u00eate nationale d&#039;Espagne. A Barcelone, une manifestation des\u00a0unionistes, partisans du maintien de la Catalogne, a rassembl\u00e9 plusieurs milliers de personnes. Yo soy espa\u00f1ol, espa\u00f1ol, espa\u00f1ol, Puigdemont en prison, scandent les manifestants. 12 octobre 2017, Barcelone.\"><img decoding=\"async\" width=\"1920\" height=\"1283\" src=\"https:\/\/www.arnaudfonquerne.com\/wp-content\/uploads\/2017\/10\/af-12102017-l1000578.jpg\" class=\"attachment-full size-full\" alt=\"\" loading=\"lazy\" srcset=\"https:\/\/www.arnaudfonquerne.com\/wp-content\/uploads\/2017\/10\/af-12102017-l1000578.jpg 1920w, https:\/\/www.arnaudfonquerne.com\/wp-content\/uploads\/2017\/10\/af-12102017-l1000578-1280x855.jpg 1280w, https:\/\/www.arnaudfonquerne.com\/wp-content\/uploads\/2017\/10\/af-12102017-l1000578-768x513.jpg 768w, https:\/\/www.arnaudfonquerne.com\/wp-content\/uploads\/2017\/10\/af-12102017-l1000578-1536x1026.jpg 1536w, https:\/\/www.arnaudfonquerne.com\/wp-content\/uploads\/2017\/10\/af-12102017-l1000578-600x401.jpg 600w\" sizes=\"auto, (max-width: 1920px) 100vw, 1920px\" \/><\/a><a href=\"https:\/\/www.arnaudfonquerne.com\/wp-content\/uploads\/2017\/10\/af-21122017-dsf5555.jpg\" class=\"imagelink\" title=\"Regional early elections convened by the Government of Madrid as part of the trusteeship of the region. Polling stations opened at 9am local time. The Catalans are called to the polls in the various colleges of the region, until 8 pm, to elect their new regional assembly. Thursday, December 21, 2017, Barcelona.\r\rElections r\u00e9gionales anticip\u00e9es convoqu\u00e9es par le gouvernement de Madrid dans le cadre de la mise sous tutelle de la r\u00e9gion. Les bureaux de vote ont ouvert \u00e0 9h, heures locales. Les Catalans sont appel\u00e9s aux urnes dans les divers coll\u00e8ges de la r\u00e9gion, jusqu\u2019\u00e0 20 heures, pour \u00e9lire leur nouvelle assembl\u00e9e r\u00e9gionale. Jeudi 21 d\u00e9cembre 2017, Barcelone.\"><img decoding=\"async\" width=\"1920\" height=\"1280\" src=\"https:\/\/www.arnaudfonquerne.com\/wp-content\/uploads\/2017\/10\/af-21122017-dsf5555.jpg\" class=\"attachment-full size-full\" alt=\"\" loading=\"lazy\" srcset=\"https:\/\/www.arnaudfonquerne.com\/wp-content\/uploads\/2017\/10\/af-21122017-dsf5555.jpg 1920w, https:\/\/www.arnaudfonquerne.com\/wp-content\/uploads\/2017\/10\/af-21122017-dsf5555-1280x853.jpg 1280w, https:\/\/www.arnaudfonquerne.com\/wp-content\/uploads\/2017\/10\/af-21122017-dsf5555-768x512.jpg 768w, https:\/\/www.arnaudfonquerne.com\/wp-content\/uploads\/2017\/10\/af-21122017-dsf5555-1536x1024.jpg 1536w, https:\/\/www.arnaudfonquerne.com\/wp-content\/uploads\/2017\/10\/af-21122017-dsf5555-600x400.jpg 600w\" sizes=\"auto, (max-width: 1920px) 100vw, 1920px\" \/><\/a><a href=\"https:\/\/www.arnaudfonquerne.com\/wp-content\/uploads\/2017\/10\/af-12102017-l1000513.jpg\" class=\"imagelink\" title=\"People mark Spanish National Day in Barcelona. A demonstration of unionists, against the independence of Catalonia, gathered several thousand people. Yo soy espa\u00f1ol, espa\u00f1ol, espa\u00f1ol, Puigdemont in prison, chanted the demonstrators. 12 October 2017, Barcelona. \rLe 12 octobre marque le jour de la f\u00eate nationale d&#039;Espagne. A Barcelone, une manifestation des\u00a0unionistes, partisans du maintien de la Catalogne, a rassembl\u00e9 plusieurs milliers de personnes. Yo soy espa\u00f1ol, espa\u00f1ol, espa\u00f1ol, Puigdemont en prison, scandent les manifestants. 12 octobre 2017, Barcelone.\"><img decoding=\"async\" width=\"1920\" height=\"1283\" src=\"https:\/\/www.arnaudfonquerne.com\/wp-content\/uploads\/2017\/10\/af-12102017-l1000513.jpg\" class=\"attachment-full size-full\" alt=\"\" loading=\"lazy\" srcset=\"https:\/\/www.arnaudfonquerne.com\/wp-content\/uploads\/2017\/10\/af-12102017-l1000513.jpg 1920w, https:\/\/www.arnaudfonquerne.com\/wp-content\/uploads\/2017\/10\/af-12102017-l1000513-1280x855.jpg 1280w, https:\/\/www.arnaudfonquerne.com\/wp-content\/uploads\/2017\/10\/af-12102017-l1000513-768x513.jpg 768w, https:\/\/www.arnaudfonquerne.com\/wp-content\/uploads\/2017\/10\/af-12102017-l1000513-1536x1026.jpg 1536w, https:\/\/www.arnaudfonquerne.com\/wp-content\/uploads\/2017\/10\/af-12102017-l1000513-600x401.jpg 600w\" sizes=\"auto, (max-width: 1920px) 100vw, 1920px\" \/><\/a><a href=\"https:\/\/www.arnaudfonquerne.com\/wp-content\/uploads\/2017\/10\/af-21122017-dsf5557.jpg\" class=\"imagelink\" title=\"Regional early elections convened by the Government of Madrid as part of the trusteeship of the region. Polling stations opened at 9am local time. The Catalans are called to the polls in the various colleges of the region, until 8 pm, to elect their new regional assembly. Thursday, December 21, 2017, Barcelona.\r\rElections r\u00e9gionales anticip\u00e9es convoqu\u00e9es par le gouvernement de Madrid dans le cadre de la mise sous tutelle de la r\u00e9gion. Les bureaux de vote ont ouvert \u00e0 9h, heures locales. Les Catalans sont appel\u00e9s aux urnes dans les divers coll\u00e8ges de la r\u00e9gion, jusqu\u2019\u00e0 20 heures, pour \u00e9lire leur nouvelle assembl\u00e9e r\u00e9gionale. Jeudi 21 d\u00e9cembre 2017, Barcelone.\"><img decoding=\"async\" width=\"1920\" height=\"1280\" src=\"https:\/\/www.arnaudfonquerne.com\/wp-content\/uploads\/2017\/10\/af-21122017-dsf5557.jpg\" class=\"attachment-full size-full\" alt=\"\" loading=\"lazy\" srcset=\"https:\/\/www.arnaudfonquerne.com\/wp-content\/uploads\/2017\/10\/af-21122017-dsf5557.jpg 1920w, https:\/\/www.arnaudfonquerne.com\/wp-content\/uploads\/2017\/10\/af-21122017-dsf5557-1280x853.jpg 1280w, https:\/\/www.arnaudfonquerne.com\/wp-content\/uploads\/2017\/10\/af-21122017-dsf5557-768x512.jpg 768w, https:\/\/www.arnaudfonquerne.com\/wp-content\/uploads\/2017\/10\/af-21122017-dsf5557-1536x1024.jpg 1536w, https:\/\/www.arnaudfonquerne.com\/wp-content\/uploads\/2017\/10\/af-21122017-dsf5557-600x400.jpg 600w\" sizes=\"auto, (max-width: 1920px) 100vw, 1920px\" \/><\/a><a href=\"https:\/\/www.arnaudfonquerne.com\/wp-content\/uploads\/2017\/10\/af-12102017-l1000484.jpg\" class=\"imagelink\" title=\"People mark Spanish National Day in Barcelona. A demonstration of unionists, against the independence of Catalonia, gathered several thousand people. Yo soy espa\u00f1ol, espa\u00f1ol, espa\u00f1ol, Puigdemont in prison, chanted the demonstrators. 12 October 2017, Barcelona. \nLe 12 octobre marque le jour de la f\u00eate nationale d&#039;Espagne. A Barcelone, une manifestation des\u00a0unionistes, partisans du maintien de la Catalogne, a rassembl\u00e9 plusieurs milliers de personnes. Yo soy espa\u00f1ol, espa\u00f1ol, espa\u00f1ol, Puigdemont en prison, scandent les manifestants. 12 octobre 2017, Barcelone.\"><img decoding=\"async\" width=\"1920\" height=\"1283\" src=\"https:\/\/www.arnaudfonquerne.com\/wp-content\/uploads\/2017\/10\/af-12102017-l1000484.jpg\" class=\"attachment-full size-full\" alt=\"\" loading=\"lazy\" srcset=\"https:\/\/www.arnaudfonquerne.com\/wp-content\/uploads\/2017\/10\/af-12102017-l1000484.jpg 1920w, https:\/\/www.arnaudfonquerne.com\/wp-content\/uploads\/2017\/10\/af-12102017-l1000484-1280x855.jpg 1280w, https:\/\/www.arnaudfonquerne.com\/wp-content\/uploads\/2017\/10\/af-12102017-l1000484-768x513.jpg 768w, https:\/\/www.arnaudfonquerne.com\/wp-content\/uploads\/2017\/10\/af-12102017-l1000484-1536x1026.jpg 1536w, https:\/\/www.arnaudfonquerne.com\/wp-content\/uploads\/2017\/10\/af-12102017-l1000484-600x401.jpg 600w\" sizes=\"auto, (max-width: 1920px) 100vw, 1920px\" \/><\/a><a href=\"https:\/\/www.arnaudfonquerne.com\/wp-content\/uploads\/2017\/10\/af-23122017-l1002379.jpg\" class=\"imagelink\" title=\"Regional early elections convened by the Government of Madrid as part of the trusteeship of the region. Polling stations opened at 9am local time. The Catalans are called to the polls in the various colleges of the region, until 8 pm, to elect their new regional assembly. Thursday, December 21, 2017, Barcelona.\n\nElections r\u00e9gionales anticip\u00e9es convoqu\u00e9es par le gouvernement de Madrid dans le cadre de la mise sous tutelle de la r\u00e9gion. Les bureaux de vote ont ouvert \u00e0 9h, heures locales. Les Catalans sont appel\u00e9s aux urnes dans les divers coll\u00e8ges de la r\u00e9gion, jusqu\u2019\u00e0 20 heures, pour \u00e9lire leur nouvelle assembl\u00e9e r\u00e9gionale. Jeudi 21 d\u00e9cembre 2017, Barcelone.\"><img decoding=\"async\" width=\"1920\" height=\"1283\" src=\"https:\/\/www.arnaudfonquerne.com\/wp-content\/uploads\/2017\/10\/af-23122017-l1002379.jpg\" class=\"attachment-full size-full\" alt=\"\" loading=\"lazy\" srcset=\"https:\/\/www.arnaudfonquerne.com\/wp-content\/uploads\/2017\/10\/af-23122017-l1002379.jpg 1920w, https:\/\/www.arnaudfonquerne.com\/wp-content\/uploads\/2017\/10\/af-23122017-l1002379-1280x855.jpg 1280w, https:\/\/www.arnaudfonquerne.com\/wp-content\/uploads\/2017\/10\/af-23122017-l1002379-768x513.jpg 768w, https:\/\/www.arnaudfonquerne.com\/wp-content\/uploads\/2017\/10\/af-23122017-l1002379-1536x1026.jpg 1536w, https:\/\/www.arnaudfonquerne.com\/wp-content\/uploads\/2017\/10\/af-23122017-l1002379-600x401.jpg 600w\" sizes=\"auto, (max-width: 1920px) 100vw, 1920px\" \/><\/a><\/div><\/div>\n<!-- SERIES-GALLERY-END -->\n\n","protected":false},"featured_media":4505,"template":"","meta":{"_acf_changed":false,"_gspb_post_css":""},"categorie-series":[207],"class_list":["post-7482","series","type-series","status-publish","has-post-thumbnail","hentry","categorie-series-news"],"acf":[],"_links":{"self":[{"href":"https:\/\/www.arnaudfonquerne.com\/en\/wp-json\/wp\/v2\/series\/7482","targetHints":{"allow":["GET"]}}],"collection":[{"href":"https:\/\/www.arnaudfonquerne.com\/en\/wp-json\/wp\/v2\/series"}],"about":[{"href":"https:\/\/www.arnaudfonquerne.com\/en\/wp-json\/wp\/v2\/types\/series"}],"wp:featuredmedia":[{"embeddable":true,"href":"https:\/\/www.arnaudfonquerne.com\/en\/wp-json\/wp\/v2\/media\/4505"}],"wp:attachment":[{"href":"https:\/\/www.arnaudfonquerne.com\/en\/wp-json\/wp\/v2\/media?parent=7482"}],"wp:term":[{"taxonomy":"categorie-series","embeddable":true,"href":"https:\/\/www.arnaudfonquerne.com\/en\/wp-json\/wp\/v2\/categorie-series?post=7482"}],"curies":[{"name":"wp","href":"https:\/\/api.w.org\/{rel}","templated":true}]}}