{"id":7485,"date":"2018-04-30T11:09:24","date_gmt":"2018-04-30T09:09:24","guid":{"rendered":"https:\/\/www.arnaudfonquerne.com\/series\/windowed\/"},"modified":"2026-08-11T14:27:12","modified_gmt":"2026-08-11T12:27:12","slug":"windowed","status":"publish","type":"series","link":"https:\/\/www.arnaudfonquerne.com\/en\/series\/windowed\/","title":{"rendered":"Windowed"},"content":{"rendered":"<p>Reportage dans trois r\u00e9sidences de l&#8217;Oeuvre Falret qui accueillent, soutiennent et accompagnent des personnes souffrant de troubles psychiques. France, avril 2018.<\/p>\n\n<!-- SERIES-GALLERY-START -->\n<div class=\"gspb_id-gsbp-2dab34d824fe9 gspb-dynamic-acf-gallery wp-block-greenshift-blocks-dynamicgallery\"><div class=\"gspb_gallery_grid gspb_gallery_lightbox\"><a href=\"https:\/\/www.arnaudfonquerne.com\/wp-content\/uploads\/2018\/04\/af-11042018-l1004311.jpg\" class=\"imagelink\" title=\"ESAT COTRA accompanies people suffering from psychic disorders or in psychosocial difficulties. The ESAT COTRA is a service of help by the work taking into account their capacities and potential, to prepare their social and \/ or professional integration. ESAT COTRA also offers specific psychological support in addition to the usual external monitoring. On April 11, 2018, in Fontenay-le-Fleury, France.\nL&#039;ESAT COTRA accompagne des personnes souffrant de troubles psychiques ou en difficult\u00e9s psycho-sociales. L&#039;ESAT COTRA est un service d&#039;aide par le travail tenant compte de leurs capacit\u00e9s et potentiels, pour pr\u00e9parer leur insertion sociale et\/ou professionnelle. L&#039;ESAT COTRA propose \u00e9galement un soutien psychologique sp\u00e9cifique en compl\u00e9ment du suivi ext\u00e9rieur habituel. Le 11 avril 2018, \u00e0 Fontenay-le-Fleury, France.\"><img decoding=\"async\" width=\"1920\" height=\"1283\" src=\"https:\/\/www.arnaudfonquerne.com\/wp-content\/uploads\/2018\/04\/af-11042018-l1004311.jpg\" class=\"attachment-full size-full\" alt=\"\" loading=\"lazy\" srcset=\"https:\/\/www.arnaudfonquerne.com\/wp-content\/uploads\/2018\/04\/af-11042018-l1004311.jpg 1920w, https:\/\/www.arnaudfonquerne.com\/wp-content\/uploads\/2018\/04\/af-11042018-l1004311-1280x855.jpg 1280w, https:\/\/www.arnaudfonquerne.com\/wp-content\/uploads\/2018\/04\/af-11042018-l1004311-768x513.jpg 768w, https:\/\/www.arnaudfonquerne.com\/wp-content\/uploads\/2018\/04\/af-11042018-l1004311-1536x1026.jpg 1536w, https:\/\/www.arnaudfonquerne.com\/wp-content\/uploads\/2018\/04\/af-11042018-l1004311-600x401.jpg 600w\" sizes=\"auto, (max-width: 1920px) 100vw, 1920px\" \/><\/a><a href=\"https:\/\/www.arnaudfonquerne.com\/wp-content\/uploads\/2018\/04\/af-11042018-dscf6440.jpg\" class=\"imagelink\" title=\"Employees at work at ESAT COTRA (restoration workshop). ESAT COTRA accompanies people suffering from psychic disorders or in psychosocial difficulties. The ESAT COTRA is a service of help by the work taking into account their capacities and potential, to prepare their social and \/ or professional integration. ESAT COTRA also offers specific psychological support in addition to the usual external monitoring. On April 11, 2018, in Fontenay-le-Fleury, France.\rDes salari\u00e9s au travail \u00e0 l&#039;ESAT COTRA (atelier restauration). L&#039;ESAT COTRA accompagne des personnes souffrant de troubles psychiques ou en difficult\u00e9s psycho-sociales. L&#039;ESAT COTRA est un service d&#039;aide par le travail tenant compte de leurs capacit\u00e9s et potentiels, pour pr\u00e9parer leur insertion sociale et\/ou professionnelle. L&#039;ESAT COTRA propose \u00e9galement un soutien psychologique sp\u00e9cifique en compl\u00e9ment du suivi ext\u00e9rieur habituel. Le 11 avril 2018, \u00e0 Fontenay-le-Fleury, France.\"><img decoding=\"async\" width=\"1920\" height=\"1280\" src=\"https:\/\/www.arnaudfonquerne.com\/wp-content\/uploads\/2018\/04\/af-11042018-dscf6440.jpg\" class=\"attachment-full size-full\" alt=\"\" loading=\"lazy\" srcset=\"https:\/\/www.arnaudfonquerne.com\/wp-content\/uploads\/2018\/04\/af-11042018-dscf6440.jpg 1920w, https:\/\/www.arnaudfonquerne.com\/wp-content\/uploads\/2018\/04\/af-11042018-dscf6440-1280x853.jpg 1280w, https:\/\/www.arnaudfonquerne.com\/wp-content\/uploads\/2018\/04\/af-11042018-dscf6440-768x512.jpg 768w, https:\/\/www.arnaudfonquerne.com\/wp-content\/uploads\/2018\/04\/af-11042018-dscf6440-1536x1024.jpg 1536w, https:\/\/www.arnaudfonquerne.com\/wp-content\/uploads\/2018\/04\/af-11042018-dscf6440-600x400.jpg 600w\" sizes=\"auto, (max-width: 1920px) 100vw, 1920px\" \/><\/a><a href=\"https:\/\/www.arnaudfonquerne.com\/wp-content\/uploads\/2018\/04\/af-11042018-dscf6513.jpg\" class=\"imagelink\" title=\"Employees at work at ESAT COTRA (restoration workshop). ESAT COTRA accompanies people suffering from psychic disorders or in psychosocial difficulties. The ESAT COTRA is a service of help by the work taking into account their capacities and potential, to prepare their social and \/ or professional integration. ESAT COTRA also offers specific psychological support in addition to the usual external monitoring. On April 11, 2018, in Fontenay-le-Fleury, France.\nDes salari\u00e9s au travail \u00e0 l&#039;ESAT COTRA (atelier restauration). L&#039;ESAT COTRA accompagne des personnes souffrant de troubles psychiques ou en difficult\u00e9s psycho-sociales. L&#039;ESAT COTRA est un service d&#039;aide par le travail tenant compte de leurs capacit\u00e9s et potentiels, pour pr\u00e9parer leur insertion sociale et\/ou professionnelle. L&#039;ESAT COTRA propose \u00e9galement un soutien psychologique sp\u00e9cifique en compl\u00e9ment du suivi ext\u00e9rieur habituel. Le 11 avril 2018, \u00e0 Fontenay-le-Fleury, France.\"><img decoding=\"async\" width=\"1920\" height=\"1280\" src=\"https:\/\/www.arnaudfonquerne.com\/wp-content\/uploads\/2018\/04\/af-11042018-dscf6513.jpg\" class=\"attachment-full size-full\" alt=\"\" loading=\"lazy\" srcset=\"https:\/\/www.arnaudfonquerne.com\/wp-content\/uploads\/2018\/04\/af-11042018-dscf6513.jpg 1920w, https:\/\/www.arnaudfonquerne.com\/wp-content\/uploads\/2018\/04\/af-11042018-dscf6513-1280x853.jpg 1280w, https:\/\/www.arnaudfonquerne.com\/wp-content\/uploads\/2018\/04\/af-11042018-dscf6513-768x512.jpg 768w, https:\/\/www.arnaudfonquerne.com\/wp-content\/uploads\/2018\/04\/af-11042018-dscf6513-1536x1024.jpg 1536w, https:\/\/www.arnaudfonquerne.com\/wp-content\/uploads\/2018\/04\/af-11042018-dscf6513-600x400.jpg 600w\" sizes=\"auto, (max-width: 1920px) 100vw, 1920px\" \/><\/a><a href=\"https:\/\/www.arnaudfonquerne.com\/wp-content\/uploads\/2018\/04\/af-11042018-l1003987.jpg\" class=\"imagelink\" title=\"Employees at work at ESAT COTRA (restoration workshop). ESAT COTRA accompanies people suffering from psychic disorders or in psychosocial difficulties. The ESAT COTRA is a service of help by the work taking into account their capacities and potential, to prepare their social and \/ or professional integration. ESAT COTRA also offers specific psychological support in addition to the usual external monitoring. On April 11, 2018, in Fontenay-le-Fleury, France.\nDes salari\u00e9s au travail \u00e0 l&#039;ESAT COTRA (atelier restauration). L&#039;ESAT COTRA accompagne des personnes souffrant de troubles psychiques ou en difficult\u00e9s psycho-sociales. L&#039;ESAT COTRA est un service d&#039;aide par le travail tenant compte de leurs capacit\u00e9s et potentiels, pour pr\u00e9parer leur insertion sociale et\/ou professionnelle. L&#039;ESAT COTRA propose \u00e9galement un soutien psychologique sp\u00e9cifique en compl\u00e9ment du suivi ext\u00e9rieur habituel. Le 11 avril 2018, \u00e0 Fontenay-le-Fleury, France.\"><img decoding=\"async\" width=\"1920\" height=\"1283\" src=\"https:\/\/www.arnaudfonquerne.com\/wp-content\/uploads\/2018\/04\/af-11042018-l1003987.jpg\" class=\"attachment-full size-full\" alt=\"\" loading=\"lazy\" srcset=\"https:\/\/www.arnaudfonquerne.com\/wp-content\/uploads\/2018\/04\/af-11042018-l1003987.jpg 1920w, https:\/\/www.arnaudfonquerne.com\/wp-content\/uploads\/2018\/04\/af-11042018-l1003987-1280x855.jpg 1280w, https:\/\/www.arnaudfonquerne.com\/wp-content\/uploads\/2018\/04\/af-11042018-l1003987-768x513.jpg 768w, https:\/\/www.arnaudfonquerne.com\/wp-content\/uploads\/2018\/04\/af-11042018-l1003987-1536x1026.jpg 1536w, https:\/\/www.arnaudfonquerne.com\/wp-content\/uploads\/2018\/04\/af-11042018-l1003987-600x401.jpg 600w\" sizes=\"auto, (max-width: 1920px) 100vw, 1920px\" \/><\/a><a href=\"https:\/\/www.arnaudfonquerne.com\/wp-content\/uploads\/2018\/04\/af-11042018-l1004287.jpg\" class=\"imagelink\" title=\"Employees at work at ESAT COTRA (garden workshop green spaces). ESAT COTRA accompanies people suffering from psychic disorders or in psychosocial difficulties. The ESAT COTRA is a service of help by the work taking into account their capacities and potential, to prepare their social and \/ or professional integration. ESAT COTRA also offers specific psychological support in addition to the usual external monitoring. On April 11, 2018, in Fontenay-le-Fleury, France.\rDes salari\u00e9s au travail \u00e0 l&#039;ESAT COTRA (atelier jardin espaces verts). L&#039;ESAT COTRA accompagne des personnes souffrant de troubles psychiques ou en difficult\u00e9s psycho-sociales. L&#039;ESAT COTRA est un service d&#039;aide par le travail tenant compte de leurs capacit\u00e9s et potentiels, pour pr\u00e9parer leur insertion sociale et\/ou professionnelle. L&#039;ESAT COTRA propose \u00e9galement un soutien psychologique sp\u00e9cifique en compl\u00e9ment du suivi ext\u00e9rieur habituel. Le 11 avril 2018, \u00e0 Fontenay-le-Fleury, France.\"><img decoding=\"async\" width=\"1920\" height=\"1283\" src=\"https:\/\/www.arnaudfonquerne.com\/wp-content\/uploads\/2018\/04\/af-11042018-l1004287.jpg\" class=\"attachment-full size-full\" alt=\"\" loading=\"lazy\" srcset=\"https:\/\/www.arnaudfonquerne.com\/wp-content\/uploads\/2018\/04\/af-11042018-l1004287.jpg 1920w, https:\/\/www.arnaudfonquerne.com\/wp-content\/uploads\/2018\/04\/af-11042018-l1004287-1280x855.jpg 1280w, https:\/\/www.arnaudfonquerne.com\/wp-content\/uploads\/2018\/04\/af-11042018-l1004287-768x513.jpg 768w, https:\/\/www.arnaudfonquerne.com\/wp-content\/uploads\/2018\/04\/af-11042018-l1004287-1536x1026.jpg 1536w, https:\/\/www.arnaudfonquerne.com\/wp-content\/uploads\/2018\/04\/af-11042018-l1004287-600x401.jpg 600w\" sizes=\"auto, (max-width: 1920px) 100vw, 1920px\" \/><\/a><a href=\"https:\/\/www.arnaudfonquerne.com\/wp-content\/uploads\/2018\/04\/af-11042018-l1004265.jpg\" class=\"imagelink\" title=\"Employees at work at ESAT COTRA (garden workshop green spaces). ESAT COTRA accompanies people suffering from psychic disorders or in psychosocial difficulties. The ESAT COTRA is a service of help by the work taking into account their capacities and potential, to prepare their social and \/ or professional integration. ESAT COTRA also offers specific psychological support in addition to the usual external monitoring. On April 11, 2018, in Fontenay-le-Fleury, France.\nDes salari\u00e9s au travail \u00e0 l&#039;ESAT COTRA (atelier jardin espaces verts). L&#039;ESAT COTRA accompagne des personnes souffrant de troubles psychiques ou en difficult\u00e9s psycho-sociales. L&#039;ESAT COTRA est un service d&#039;aide par le travail tenant compte de leurs capacit\u00e9s et potentiels, pour pr\u00e9parer leur insertion sociale et\/ou professionnelle. L&#039;ESAT COTRA propose \u00e9galement un soutien psychologique sp\u00e9cifique en compl\u00e9ment du suivi ext\u00e9rieur habituel. Le 11 avril 2018, \u00e0 Fontenay-le-Fleury, France.\"><img decoding=\"async\" width=\"1920\" height=\"1283\" src=\"https:\/\/www.arnaudfonquerne.com\/wp-content\/uploads\/2018\/04\/af-11042018-l1004265.jpg\" class=\"attachment-full size-full\" alt=\"\" loading=\"lazy\" srcset=\"https:\/\/www.arnaudfonquerne.com\/wp-content\/uploads\/2018\/04\/af-11042018-l1004265.jpg 1920w, https:\/\/www.arnaudfonquerne.com\/wp-content\/uploads\/2018\/04\/af-11042018-l1004265-1280x855.jpg 1280w, https:\/\/www.arnaudfonquerne.com\/wp-content\/uploads\/2018\/04\/af-11042018-l1004265-768x513.jpg 768w, https:\/\/www.arnaudfonquerne.com\/wp-content\/uploads\/2018\/04\/af-11042018-l1004265-1536x1026.jpg 1536w, https:\/\/www.arnaudfonquerne.com\/wp-content\/uploads\/2018\/04\/af-11042018-l1004265-600x401.jpg 600w\" sizes=\"auto, (max-width: 1920px) 100vw, 1920px\" \/><\/a><a href=\"https:\/\/www.arnaudfonquerne.com\/wp-content\/uploads\/2018\/04\/af-11042018-dscf6663.jpg\" class=\"imagelink\" title=\"Employees at work at ESAT COTRA (packaging workshop). ESAT COTRA accompanies people suffering from psychic disorders or in psychosocial difficulties. The ESAT COTRA is a service of help by the work taking into account their capacities and potential, to prepare their social and \/ or professional integration. ESAT COTRA also offers specific psychological support in addition to the usual external monitoring. On April 11, 2018, in Fontenay-le-Fleury, France.\rDes salari\u00e9s au travail \u00e0 l&#039;ESAT COTRA (atelier conditionnement). L&#039;ESAT COTRA accompagne des personnes souffrant de troubles psychiques ou en difficult\u00e9s psycho-sociales. L&#039;ESAT COTRA est un service d&#039;aide par le travail tenant compte de leurs capacit\u00e9s et potentiels, pour pr\u00e9parer leur insertion sociale et\/ou professionnelle. L&#039;ESAT COTRA propose \u00e9galement un soutien psychologique sp\u00e9cifique en compl\u00e9ment du suivi ext\u00e9rieur habituel. Le 11 avril 2018, \u00e0 Fontenay-le-Fleury, France.\"><img decoding=\"async\" width=\"1920\" height=\"1280\" src=\"https:\/\/www.arnaudfonquerne.com\/wp-content\/uploads\/2018\/04\/af-11042018-dscf6663.jpg\" class=\"attachment-full size-full\" alt=\"\" loading=\"lazy\" srcset=\"https:\/\/www.arnaudfonquerne.com\/wp-content\/uploads\/2018\/04\/af-11042018-dscf6663.jpg 1920w, https:\/\/www.arnaudfonquerne.com\/wp-content\/uploads\/2018\/04\/af-11042018-dscf6663-1280x853.jpg 1280w, https:\/\/www.arnaudfonquerne.com\/wp-content\/uploads\/2018\/04\/af-11042018-dscf6663-768x512.jpg 768w, https:\/\/www.arnaudfonquerne.com\/wp-content\/uploads\/2018\/04\/af-11042018-dscf6663-1536x1024.jpg 1536w, https:\/\/www.arnaudfonquerne.com\/wp-content\/uploads\/2018\/04\/af-11042018-dscf6663-600x400.jpg 600w\" sizes=\"auto, (max-width: 1920px) 100vw, 1920px\" \/><\/a><a href=\"https:\/\/www.arnaudfonquerne.com\/wp-content\/uploads\/2018\/04\/af-11042018-l1004454.jpg\" class=\"imagelink\" title=\"The SAVS Montaigne works to help people with psychic disabilities regain or develop their autonomy in everyday life. This may be the learning or relearning of autonomy at the level of housing, budget, administrative papers. On April 11, 2018, in Fontenay-le-Fleury, France.\nLe SAVS Montaigne s&#039;emploie \u00e0 accompagner les personnes souffrant de handicap psychique \u00e0 retrouver ou \u00e0 d\u00e9velopper leur autonomie dans la vie quotidienne. Il peut s&#039;agir de l&#039;apprentissage ou du r\u00e9apprentissage de l&#039;autonomie au niveau du logement, du budget, des papiers administratifs. Le 11 avril 2018, \u00e0 Fontenay-le-Fleury, France.\"><img decoding=\"async\" width=\"1920\" height=\"1283\" src=\"https:\/\/www.arnaudfonquerne.com\/wp-content\/uploads\/2018\/04\/af-11042018-l1004454.jpg\" class=\"attachment-full size-full\" alt=\"\" loading=\"lazy\" srcset=\"https:\/\/www.arnaudfonquerne.com\/wp-content\/uploads\/2018\/04\/af-11042018-l1004454.jpg 1920w, https:\/\/www.arnaudfonquerne.com\/wp-content\/uploads\/2018\/04\/af-11042018-l1004454-1280x855.jpg 1280w, https:\/\/www.arnaudfonquerne.com\/wp-content\/uploads\/2018\/04\/af-11042018-l1004454-768x513.jpg 768w, https:\/\/www.arnaudfonquerne.com\/wp-content\/uploads\/2018\/04\/af-11042018-l1004454-1536x1026.jpg 1536w, https:\/\/www.arnaudfonquerne.com\/wp-content\/uploads\/2018\/04\/af-11042018-l1004454-600x401.jpg 600w\" sizes=\"auto, (max-width: 1920px) 100vw, 1920px\" \/><\/a><a href=\"https:\/\/www.arnaudfonquerne.com\/wp-content\/uploads\/2018\/04\/af-11042018-l1004701.jpg\" class=\"imagelink\" title=\"Les Sources Residence. The property welcomes adults who can not work. The residence brings the educational and therapeutic services indissociable to promote well-being and autonomy. On April 11, 2018, in Fontenay-le-Fleury, France.\rLa R\u00e9sidence Les Sources. L&#039;\u00e9tablissement accueille des adultes ne pouvant pas exercer d&#039;activit\u00e9 professionnelle. La r\u00e9sidence apporte les prestations \u00e9ducatives et th\u00e9rapeutiques indissociables pour favoriser bien-\u00eatre et autonomie. Le 11 avril 2018, \u00e0 Fontenay-le-Fleury, France.\"><img decoding=\"async\" width=\"1920\" height=\"1283\" src=\"https:\/\/www.arnaudfonquerne.com\/wp-content\/uploads\/2018\/04\/af-11042018-l1004701.jpg\" class=\"attachment-full size-full\" alt=\"\" loading=\"lazy\" srcset=\"https:\/\/www.arnaudfonquerne.com\/wp-content\/uploads\/2018\/04\/af-11042018-l1004701.jpg 1920w, https:\/\/www.arnaudfonquerne.com\/wp-content\/uploads\/2018\/04\/af-11042018-l1004701-1280x855.jpg 1280w, https:\/\/www.arnaudfonquerne.com\/wp-content\/uploads\/2018\/04\/af-11042018-l1004701-768x513.jpg 768w, https:\/\/www.arnaudfonquerne.com\/wp-content\/uploads\/2018\/04\/af-11042018-l1004701-1536x1026.jpg 1536w, https:\/\/www.arnaudfonquerne.com\/wp-content\/uploads\/2018\/04\/af-11042018-l1004701-600x401.jpg 600w\" sizes=\"auto, (max-width: 1920px) 100vw, 1920px\" \/><\/a><a href=\"https:\/\/www.arnaudfonquerne.com\/wp-content\/uploads\/2018\/04\/af-11042018-dscf6947.jpg\" class=\"imagelink\" title=\"Graphic Arts Workshop at Les Sources Residence. The property welcomes adults who can not work. The residence brings the educational and therapeutic services indissociable to promote well-being and autonomy. On April 11, 2018, in Fontenay-le-Fleury, France.\rAtelier d&#039;Arts graphiques \u00e0 la R\u00e9sidence Les Sources. L&#039;\u00e9tablissement accueille des adultes ne pouvant pas exercer d&#039;activit\u00e9 professionnelle. La r\u00e9sidence apporte les prestations \u00e9ducatives et th\u00e9rapeutiques indissociables pour favoriser bien-\u00eatre et autonomie. Le 11 avril 2018, \u00e0 Fontenay-le-Fleury, France.\"><img decoding=\"async\" width=\"1920\" height=\"1280\" src=\"https:\/\/www.arnaudfonquerne.com\/wp-content\/uploads\/2018\/04\/af-11042018-dscf6947.jpg\" class=\"attachment-full size-full\" alt=\"\" loading=\"lazy\" srcset=\"https:\/\/www.arnaudfonquerne.com\/wp-content\/uploads\/2018\/04\/af-11042018-dscf6947.jpg 1920w, https:\/\/www.arnaudfonquerne.com\/wp-content\/uploads\/2018\/04\/af-11042018-dscf6947-1280x853.jpg 1280w, https:\/\/www.arnaudfonquerne.com\/wp-content\/uploads\/2018\/04\/af-11042018-dscf6947-768x512.jpg 768w, https:\/\/www.arnaudfonquerne.com\/wp-content\/uploads\/2018\/04\/af-11042018-dscf6947-1536x1024.jpg 1536w, https:\/\/www.arnaudfonquerne.com\/wp-content\/uploads\/2018\/04\/af-11042018-dscf6947-600x400.jpg 600w\" sizes=\"auto, (max-width: 1920px) 100vw, 1920px\" \/><\/a><a href=\"https:\/\/www.arnaudfonquerne.com\/wp-content\/uploads\/2018\/04\/af-17042018-l1005601.jpg\" class=\"imagelink\" title=\"The Residence Jules Falret provides accommodation and provides medical and paramedical, social and educational (including animal therapy). The Residence welcomes men and women who can not perform the essential acts of life alone and whose condition requires assistance with daily life, medical supervision and constant care. Draveil, France, April 17, 2018.\rLa R\u00e9sidence Jules Falret apporte un h\u00e9bergement et assure un accompagnement m\u00e9dical et param\u00e9dical, social et \u00e9ducatif (notamment la th\u00e9rapie animale). La R\u00e9sidence accueille des hommes et des femmes ne pouvant effectuer seuls les actes essentiels de la vie et dont l&#039;\u00e9tat requiert une aide \u00e0 la vie quotidienne, une surveillance m\u00e9dicale et des soins constants. Draveil, France, le 17 avril 2018.\"><img decoding=\"async\" width=\"1920\" height=\"1283\" src=\"https:\/\/www.arnaudfonquerne.com\/wp-content\/uploads\/2018\/04\/af-17042018-l1005601.jpg\" class=\"attachment-full size-full\" alt=\"\" loading=\"lazy\" srcset=\"https:\/\/www.arnaudfonquerne.com\/wp-content\/uploads\/2018\/04\/af-17042018-l1005601.jpg 1920w, https:\/\/www.arnaudfonquerne.com\/wp-content\/uploads\/2018\/04\/af-17042018-l1005601-1280x855.jpg 1280w, https:\/\/www.arnaudfonquerne.com\/wp-content\/uploads\/2018\/04\/af-17042018-l1005601-768x513.jpg 768w, https:\/\/www.arnaudfonquerne.com\/wp-content\/uploads\/2018\/04\/af-17042018-l1005601-1536x1026.jpg 1536w, https:\/\/www.arnaudfonquerne.com\/wp-content\/uploads\/2018\/04\/af-17042018-l1005601-600x401.jpg 600w\" sizes=\"auto, (max-width: 1920px) 100vw, 1920px\" \/><\/a><a href=\"https:\/\/www.arnaudfonquerne.com\/wp-content\/uploads\/2018\/04\/af-17042018-l1005138.jpg\" class=\"imagelink\" title=\"The Residence Jules Falret provides accommodation and provides medical and paramedical, social and educational (including animal therapy). The Residence welcomes men and women who can not perform the essential acts of life alone and whose condition requires assistance with daily life, medical supervision and constant care. Draveil, France, April 17, 2018.\rLa R\u00e9sidence Jules Falret apporte un h\u00e9bergement et assure un accompagnement m\u00e9dical et param\u00e9dical, social et \u00e9ducatif (notamment la th\u00e9rapie animale). La R\u00e9sidence accueille des hommes et des femmes ne pouvant effectuer seuls les actes essentiels de la vie et dont l&#039;\u00e9tat requiert une aide \u00e0 la vie quotidienne, une surveillance m\u00e9dicale et des soins constants. Draveil, France, le 17 avril 2018.\"><img decoding=\"async\" width=\"1920\" height=\"1283\" src=\"https:\/\/www.arnaudfonquerne.com\/wp-content\/uploads\/2018\/04\/af-17042018-l1005138.jpg\" class=\"attachment-full size-full\" alt=\"\" loading=\"lazy\" srcset=\"https:\/\/www.arnaudfonquerne.com\/wp-content\/uploads\/2018\/04\/af-17042018-l1005138.jpg 1920w, https:\/\/www.arnaudfonquerne.com\/wp-content\/uploads\/2018\/04\/af-17042018-l1005138-1280x855.jpg 1280w, https:\/\/www.arnaudfonquerne.com\/wp-content\/uploads\/2018\/04\/af-17042018-l1005138-768x513.jpg 768w, https:\/\/www.arnaudfonquerne.com\/wp-content\/uploads\/2018\/04\/af-17042018-l1005138-1536x1026.jpg 1536w, https:\/\/www.arnaudfonquerne.com\/wp-content\/uploads\/2018\/04\/af-17042018-l1005138-600x401.jpg 600w\" sizes=\"auto, (max-width: 1920px) 100vw, 1920px\" \/><\/a><a href=\"https:\/\/www.arnaudfonquerne.com\/wp-content\/uploads\/2018\/04\/af-17042018-l1005406.jpg\" class=\"imagelink\" title=\"The Residence Jules Falret provides accommodation and provides medical and paramedical, social and educational (including animal therapy). The Residence welcomes men and women who can not perform the essential acts of life alone and whose condition requires assistance with daily life, medical supervision and constant care. Draveil, France, April 17, 2018.\rLa R\u00e9sidence Jules Falret apporte un h\u00e9bergement et assure un accompagnement m\u00e9dical et param\u00e9dical, social et \u00e9ducatif (notamment la th\u00e9rapie animale). La R\u00e9sidence accueille des hommes et des femmes ne pouvant effectuer seuls les actes essentiels de la vie et dont l&#039;\u00e9tat requiert une aide \u00e0 la vie quotidienne, une surveillance m\u00e9dicale et des soins constants. Draveil, France, le 17 avril 2018.\"><img decoding=\"async\" width=\"1920\" height=\"1283\" src=\"https:\/\/www.arnaudfonquerne.com\/wp-content\/uploads\/2018\/04\/af-17042018-l1005406.jpg\" class=\"attachment-full size-full\" alt=\"\" loading=\"lazy\" srcset=\"https:\/\/www.arnaudfonquerne.com\/wp-content\/uploads\/2018\/04\/af-17042018-l1005406.jpg 1920w, https:\/\/www.arnaudfonquerne.com\/wp-content\/uploads\/2018\/04\/af-17042018-l1005406-1280x855.jpg 1280w, https:\/\/www.arnaudfonquerne.com\/wp-content\/uploads\/2018\/04\/af-17042018-l1005406-768x513.jpg 768w, https:\/\/www.arnaudfonquerne.com\/wp-content\/uploads\/2018\/04\/af-17042018-l1005406-1536x1026.jpg 1536w, https:\/\/www.arnaudfonquerne.com\/wp-content\/uploads\/2018\/04\/af-17042018-l1005406-600x401.jpg 600w\" sizes=\"auto, (max-width: 1920px) 100vw, 1920px\" \/><\/a><a href=\"https:\/\/www.arnaudfonquerne.com\/wp-content\/uploads\/2018\/04\/af-17042018-l1005222.jpg\" class=\"imagelink\" title=\"The Residence Jules Falret provides accommodation and provides medical and paramedical, social and educational (including animal therapy). The Residence welcomes men and women who can not perform the essential acts of life alone and whose condition requires assistance with daily life, medical supervision and constant care. Draveil, France, April 17, 2018.\rLa R\u00e9sidence Jules Falret apporte un h\u00e9bergement et assure un accompagnement m\u00e9dical et param\u00e9dical, social et \u00e9ducatif (notamment la th\u00e9rapie animale). La R\u00e9sidence accueille des hommes et des femmes ne pouvant effectuer seuls les actes essentiels de la vie et dont l&#039;\u00e9tat requiert une aide \u00e0 la vie quotidienne, une surveillance m\u00e9dicale et des soins constants. Draveil, France, le 17 avril 2018.\"><img decoding=\"async\" width=\"1920\" height=\"1283\" src=\"https:\/\/www.arnaudfonquerne.com\/wp-content\/uploads\/2018\/04\/af-17042018-l1005222.jpg\" class=\"attachment-full size-full\" alt=\"\" loading=\"lazy\" srcset=\"https:\/\/www.arnaudfonquerne.com\/wp-content\/uploads\/2018\/04\/af-17042018-l1005222.jpg 1920w, https:\/\/www.arnaudfonquerne.com\/wp-content\/uploads\/2018\/04\/af-17042018-l1005222-1280x855.jpg 1280w, https:\/\/www.arnaudfonquerne.com\/wp-content\/uploads\/2018\/04\/af-17042018-l1005222-768x513.jpg 768w, https:\/\/www.arnaudfonquerne.com\/wp-content\/uploads\/2018\/04\/af-17042018-l1005222-1536x1026.jpg 1536w, https:\/\/www.arnaudfonquerne.com\/wp-content\/uploads\/2018\/04\/af-17042018-l1005222-600x401.jpg 600w\" sizes=\"auto, (max-width: 1920px) 100vw, 1920px\" \/><\/a><a href=\"https:\/\/www.arnaudfonquerne.com\/wp-content\/uploads\/2018\/04\/af-17042018-l1005280.jpg\" class=\"imagelink\" title=\"The Residence Jules Falret provides accommodation and provides medical and paramedical, social and educational (including animal therapy). The Residence welcomes men and women who can not perform the essential acts of life alone and whose condition requires assistance with daily life, medical supervision and constant care. Draveil, France, April 17, 2018.\rLa R\u00e9sidence Jules Falret apporte un h\u00e9bergement et assure un accompagnement m\u00e9dical et param\u00e9dical, social et \u00e9ducatif (notamment la th\u00e9rapie animale). La R\u00e9sidence accueille des hommes et des femmes ne pouvant effectuer seuls les actes essentiels de la vie et dont l&#039;\u00e9tat requiert une aide \u00e0 la vie quotidienne, une surveillance m\u00e9dicale et des soins constants. Draveil, France, le 17 avril 2018.\"><img decoding=\"async\" width=\"1920\" height=\"1283\" src=\"https:\/\/www.arnaudfonquerne.com\/wp-content\/uploads\/2018\/04\/af-17042018-l1005280.jpg\" class=\"attachment-full size-full\" alt=\"\" loading=\"lazy\" srcset=\"https:\/\/www.arnaudfonquerne.com\/wp-content\/uploads\/2018\/04\/af-17042018-l1005280.jpg 1920w, https:\/\/www.arnaudfonquerne.com\/wp-content\/uploads\/2018\/04\/af-17042018-l1005280-1280x855.jpg 1280w, https:\/\/www.arnaudfonquerne.com\/wp-content\/uploads\/2018\/04\/af-17042018-l1005280-768x513.jpg 768w, https:\/\/www.arnaudfonquerne.com\/wp-content\/uploads\/2018\/04\/af-17042018-l1005280-1536x1026.jpg 1536w, https:\/\/www.arnaudfonquerne.com\/wp-content\/uploads\/2018\/04\/af-17042018-l1005280-600x401.jpg 600w\" sizes=\"auto, (max-width: 1920px) 100vw, 1920px\" \/><\/a><a href=\"https:\/\/www.arnaudfonquerne.com\/wp-content\/uploads\/2018\/04\/af-17042018-l1004867.jpg\" class=\"imagelink\" title=\"The Residence Jules Falret provides accommodation and provides medical and paramedical, social and educational (including animal therapy). The Residence welcomes men and women who can not perform the essential acts of life alone and whose condition requires assistance with daily life, medical supervision and constant care. Draveil, France, April 17, 2018.\rLa R\u00e9sidence Jules Falret apporte un h\u00e9bergement et assure un accompagnement m\u00e9dical et param\u00e9dical, social et \u00e9ducatif (notamment la th\u00e9rapie animale). La R\u00e9sidence accueille des hommes et des femmes ne pouvant effectuer seuls les actes essentiels de la vie et dont l&#039;\u00e9tat requiert une aide \u00e0 la vie quotidienne, une surveillance m\u00e9dicale et des soins constants. Draveil, France, le 17 avril 2018.\"><img decoding=\"async\" width=\"1920\" height=\"1283\" src=\"https:\/\/www.arnaudfonquerne.com\/wp-content\/uploads\/2018\/04\/af-17042018-l1004867.jpg\" class=\"attachment-full size-full\" alt=\"\" loading=\"lazy\" srcset=\"https:\/\/www.arnaudfonquerne.com\/wp-content\/uploads\/2018\/04\/af-17042018-l1004867.jpg 1920w, https:\/\/www.arnaudfonquerne.com\/wp-content\/uploads\/2018\/04\/af-17042018-l1004867-1280x855.jpg 1280w, https:\/\/www.arnaudfonquerne.com\/wp-content\/uploads\/2018\/04\/af-17042018-l1004867-768x513.jpg 768w, https:\/\/www.arnaudfonquerne.com\/wp-content\/uploads\/2018\/04\/af-17042018-l1004867-1536x1026.jpg 1536w, https:\/\/www.arnaudfonquerne.com\/wp-content\/uploads\/2018\/04\/af-17042018-l1004867-600x401.jpg 600w\" sizes=\"auto, (max-width: 1920px) 100vw, 1920px\" \/><\/a><a href=\"https:\/\/www.arnaudfonquerne.com\/wp-content\/uploads\/2018\/04\/af-17042018-l1005572.jpg\" class=\"imagelink\" title=\"Portrait of Sa\u00efd, schizophreniac resident.\nThe Residence Jules Falret provides accommodation and provides medical and paramedical, social and educational (including animal therapy). The Residence welcomes men and women who can not perform the essential acts of life alone and whose condition requires assistance with daily life, medical supervision and constant care. Draveil, France, April 17, 2018.\nPortrait de Sa\u00efd, r\u00e9sident schizophr\u00e8ne. La R\u00e9sidence Jules Falret apporte un h\u00e9bergement et assure un accompagnement m\u00e9dical et param\u00e9dical, social et \u00e9ducatif (notamment la th\u00e9rapie animale). La R\u00e9sidence accueille des hommes et des femmes ne pouvant effectuer seuls les actes essentiels de la vie et dont l&#039;\u00e9tat requiert une aide \u00e0 la vie quotidienne, une surveillance m\u00e9dicale et des soins constants. Draveil, France, le 17 avril 2018.\"><img decoding=\"async\" width=\"1920\" height=\"1283\" src=\"https:\/\/www.arnaudfonquerne.com\/wp-content\/uploads\/2018\/04\/af-17042018-l1005572.jpg\" class=\"attachment-full size-full\" alt=\"\" loading=\"lazy\" srcset=\"https:\/\/www.arnaudfonquerne.com\/wp-content\/uploads\/2018\/04\/af-17042018-l1005572.jpg 1920w, https:\/\/www.arnaudfonquerne.com\/wp-content\/uploads\/2018\/04\/af-17042018-l1005572-1280x855.jpg 1280w, https:\/\/www.arnaudfonquerne.com\/wp-content\/uploads\/2018\/04\/af-17042018-l1005572-768x513.jpg 768w, https:\/\/www.arnaudfonquerne.com\/wp-content\/uploads\/2018\/04\/af-17042018-l1005572-1536x1026.jpg 1536w, https:\/\/www.arnaudfonquerne.com\/wp-content\/uploads\/2018\/04\/af-17042018-l1005572-600x401.jpg 600w\" sizes=\"auto, (max-width: 1920px) 100vw, 1920px\" \/><\/a><a href=\"https:\/\/www.arnaudfonquerne.com\/wp-content\/uploads\/2018\/04\/af-17042018-dscf7422.jpg\" class=\"imagelink\" title=\"The Residence Jules Falret provides accommodation and provides medical and paramedical, social and educational (including animal therapy). The Residence welcomes men and women who can not perform the essential acts of life alone and whose condition requires assistance with daily life, medical supervision and constant care. Draveil, France, April 17, 2018.\rLa R\u00e9sidence Jules Falret apporte un h\u00e9bergement et assure un accompagnement m\u00e9dical et param\u00e9dical, social et \u00e9ducatif (notamment la th\u00e9rapie animale). La R\u00e9sidence accueille des hommes et des femmes ne pouvant effectuer seuls les actes essentiels de la vie et dont l&#039;\u00e9tat requiert une aide \u00e0 la vie quotidienne, une surveillance m\u00e9dicale et des soins constants. Draveil, France, le 17 avril 2018.\"><img decoding=\"async\" width=\"1920\" height=\"1280\" src=\"https:\/\/www.arnaudfonquerne.com\/wp-content\/uploads\/2018\/04\/af-17042018-dscf7422.jpg\" class=\"attachment-full size-full\" alt=\"\" loading=\"lazy\" srcset=\"https:\/\/www.arnaudfonquerne.com\/wp-content\/uploads\/2018\/04\/af-17042018-dscf7422.jpg 1920w, https:\/\/www.arnaudfonquerne.com\/wp-content\/uploads\/2018\/04\/af-17042018-dscf7422-1280x853.jpg 1280w, https:\/\/www.arnaudfonquerne.com\/wp-content\/uploads\/2018\/04\/af-17042018-dscf7422-768x512.jpg 768w, https:\/\/www.arnaudfonquerne.com\/wp-content\/uploads\/2018\/04\/af-17042018-dscf7422-1536x1024.jpg 1536w, https:\/\/www.arnaudfonquerne.com\/wp-content\/uploads\/2018\/04\/af-17042018-dscf7422-600x400.jpg 600w\" sizes=\"auto, (max-width: 1920px) 100vw, 1920px\" \/><\/a><a href=\"https:\/\/www.arnaudfonquerne.com\/wp-content\/uploads\/2018\/04\/af-17042018-dscf7294.jpg\" class=\"imagelink\" title=\"The Residence Jules Falret provides accommodation and provides medical and paramedical, social and educational (including animal therapy). The Residence welcomes men and women who can not perform the essential acts of life alone and whose condition requires assistance with daily life, medical supervision and constant care. Draveil, France, April 17, 2018. \rLa R\u00e9sidence Jules Falret apporte un h\u00e9bergement et assure un accompagnement m\u00e9dical et param\u00e9dical, social et \u00e9ducatif (notamment la th\u00e9rapie animale). La R\u00e9sidence accueille des hommes et des femmes ne pouvant effectuer seuls les actes essentiels de la vie et dont l&#039;\u00e9tat requiert une aide \u00e0 la vie quotidienne, une surveillance m\u00e9dicale et des soins constants. Draveil, France, le 17 avril 2018.\"><img decoding=\"async\" width=\"1920\" height=\"1280\" src=\"https:\/\/www.arnaudfonquerne.com\/wp-content\/uploads\/2018\/04\/af-17042018-dscf7294.jpg\" class=\"attachment-full size-full\" alt=\"\" loading=\"lazy\" srcset=\"https:\/\/www.arnaudfonquerne.com\/wp-content\/uploads\/2018\/04\/af-17042018-dscf7294.jpg 1920w, https:\/\/www.arnaudfonquerne.com\/wp-content\/uploads\/2018\/04\/af-17042018-dscf7294-1280x853.jpg 1280w, https:\/\/www.arnaudfonquerne.com\/wp-content\/uploads\/2018\/04\/af-17042018-dscf7294-768x512.jpg 768w, https:\/\/www.arnaudfonquerne.com\/wp-content\/uploads\/2018\/04\/af-17042018-dscf7294-1536x1024.jpg 1536w, https:\/\/www.arnaudfonquerne.com\/wp-content\/uploads\/2018\/04\/af-17042018-dscf7294-600x400.jpg 600w\" sizes=\"auto, (max-width: 1920px) 100vw, 1920px\" \/><\/a><a href=\"https:\/\/www.arnaudfonquerne.com\/wp-content\/uploads\/2018\/04\/af-17042018-l1004932.jpg\" class=\"imagelink\" title=\"Snoezelen Space at the Jules Falret Residence. The Snoezelen spaces are comfortable and reassuring sensory stimulation rooms, in which stimulation of the 5 senses through music, play of light, vibration, tactile and olfactory sensations is encouraged. The Residence Jules Falret provides accommodation and provides medical and paramedical, social and educational (including animal therapy). The Residence welcomes men and women who can not perform the essential acts of life alone and whose condition requires assistance with daily life, medical supervision and constant care. Draveil, France, April 17, 2018. \nEspace Snoezelen de La R\u00e9sidence Jules Falret. Les espaces Snoezelen sont des salles de stimulation sensorielle confortables et rassurantes, dans lesquels on favorise la stimulation des 5 sens par la musique, les jeux de lumi\u00e8re, la vibration, les sensations tactiles et olfactives. \nLa R\u00e9sidence Jules Falret apporte un h\u00e9bergement et assure un accompagnement m\u00e9dical et param\u00e9dical, social et \u00e9ducatif (notamment la th\u00e9rapie animale). La R\u00e9sidence accueille des hommes et des femmes ne pouvant effectuer seuls les actes essentiels de la vie et dont l&#039;\u00e9tat requiert une aide \u00e0 la vie quotidienne, une surveillance m\u00e9dicale et des soins constants. Draveil, France, le 17 avril 2018.\"><img decoding=\"async\" width=\"1920\" height=\"1283\" src=\"https:\/\/www.arnaudfonquerne.com\/wp-content\/uploads\/2018\/04\/af-17042018-l1004932.jpg\" class=\"attachment-full size-full\" alt=\"\" loading=\"lazy\" srcset=\"https:\/\/www.arnaudfonquerne.com\/wp-content\/uploads\/2018\/04\/af-17042018-l1004932.jpg 1920w, https:\/\/www.arnaudfonquerne.com\/wp-content\/uploads\/2018\/04\/af-17042018-l1004932-1280x855.jpg 1280w, https:\/\/www.arnaudfonquerne.com\/wp-content\/uploads\/2018\/04\/af-17042018-l1004932-768x513.jpg 768w, https:\/\/www.arnaudfonquerne.com\/wp-content\/uploads\/2018\/04\/af-17042018-l1004932-1536x1026.jpg 1536w, https:\/\/www.arnaudfonquerne.com\/wp-content\/uploads\/2018\/04\/af-17042018-l1004932-600x401.jpg 600w\" sizes=\"auto, (max-width: 1920px) 100vw, 1920px\" \/><\/a><a href=\"https:\/\/www.arnaudfonquerne.com\/wp-content\/uploads\/2018\/04\/af-17042018-l1004945.jpg\" class=\"imagelink\" title=\"Snoezelen Space at the Jules Falret Residence. The Snoezelen spaces are comfortable and reassuring sensory stimulation rooms, in which stimulation of the 5 senses through music, play of light, vibration, tactile and olfactory sensations is encouraged. The Residence Jules Falret provides accommodation and provides medical and paramedical, social and educational (including animal therapy). The Residence welcomes men and women who can not perform the essential acts of life alone and whose condition requires assistance with daily life, medical supervision and constant care. Draveil, France, April 17, 2018. \rEspace Snoezelen de La R\u00e9sidence Jules Falret. Les espaces Snoezelen sont des salles de stimulation sensorielle confortables et rassurantes, dans lesquels on favorise la stimulation des 5 sens par la musique, les jeux de lumi\u00e8re, la vibration, les sensations tactiles et olfactives. \rLa R\u00e9sidence Jules Falret apporte un h\u00e9bergement et assure un accompagnement m\u00e9dical et param\u00e9dical, social et \u00e9ducatif (notamment la th\u00e9rapie animale). La R\u00e9sidence accueille des hommes et des femmes ne pouvant effectuer seuls les actes essentiels de la vie et dont l&#039;\u00e9tat requiert une aide \u00e0 la vie quotidienne, une surveillance m\u00e9dicale et des soins constants. Draveil, France, le 17 avril 2018.\"><img decoding=\"async\" width=\"1920\" height=\"1283\" src=\"https:\/\/www.arnaudfonquerne.com\/wp-content\/uploads\/2018\/04\/af-17042018-l1004945.jpg\" class=\"attachment-full size-full\" alt=\"\" loading=\"lazy\" srcset=\"https:\/\/www.arnaudfonquerne.com\/wp-content\/uploads\/2018\/04\/af-17042018-l1004945.jpg 1920w, https:\/\/www.arnaudfonquerne.com\/wp-content\/uploads\/2018\/04\/af-17042018-l1004945-1280x855.jpg 1280w, https:\/\/www.arnaudfonquerne.com\/wp-content\/uploads\/2018\/04\/af-17042018-l1004945-768x513.jpg 768w, https:\/\/www.arnaudfonquerne.com\/wp-content\/uploads\/2018\/04\/af-17042018-l1004945-1536x1026.jpg 1536w, https:\/\/www.arnaudfonquerne.com\/wp-content\/uploads\/2018\/04\/af-17042018-l1004945-600x401.jpg 600w\" sizes=\"auto, (max-width: 1920px) 100vw, 1920px\" \/><\/a><a href=\"https:\/\/www.arnaudfonquerne.com\/wp-content\/uploads\/2018\/04\/af-17042018-l1005032.jpg\" class=\"imagelink\" title=\"The Residence Jules Falret provides accommodation and provides medical and paramedical, social and educational (including animal therapy). The Residence welcomes men and women who can not perform the essential acts of life alone and whose condition requires assistance with daily life, medical supervision and constant care. Draveil, France, April 17, 2018.\nLa R\u00e9sidence Jules Falret apporte un h\u00e9bergement et assure un accompagnement m\u00e9dical et param\u00e9dical, social et \u00e9ducatif (notamment la th\u00e9rapie animale). La R\u00e9sidence accueille des hommes et des femmes ne pouvant effectuer seuls les actes essentiels de la vie et dont l&#039;\u00e9tat requiert une aide \u00e0 la vie quotidienne, une surveillance m\u00e9dicale et des soins constants. Draveil, France, le 17 avril 2018.\"><img decoding=\"async\" width=\"1920\" height=\"1283\" src=\"https:\/\/www.arnaudfonquerne.com\/wp-content\/uploads\/2018\/04\/af-17042018-l1005032.jpg\" class=\"attachment-full size-full\" alt=\"\" loading=\"lazy\" srcset=\"https:\/\/www.arnaudfonquerne.com\/wp-content\/uploads\/2018\/04\/af-17042018-l1005032.jpg 1920w, https:\/\/www.arnaudfonquerne.com\/wp-content\/uploads\/2018\/04\/af-17042018-l1005032-1280x855.jpg 1280w, https:\/\/www.arnaudfonquerne.com\/wp-content\/uploads\/2018\/04\/af-17042018-l1005032-768x513.jpg 768w, https:\/\/www.arnaudfonquerne.com\/wp-content\/uploads\/2018\/04\/af-17042018-l1005032-1536x1026.jpg 1536w, https:\/\/www.arnaudfonquerne.com\/wp-content\/uploads\/2018\/04\/af-17042018-l1005032-600x401.jpg 600w\" sizes=\"auto, (max-width: 1920px) 100vw, 1920px\" \/><\/a><a href=\"https:\/\/www.arnaudfonquerne.com\/wp-content\/uploads\/2018\/04\/af-17042018-l1005499.jpg\" class=\"imagelink\" title=\"Portrait of Christophe, schizophreniac resident. The Residence Jules Falret provides accommodation and provides medical and paramedical, social and educational (including animal therapy). The Residence welcomes men and women who can not perform the essential acts of life alone and whose condition requires assistance with daily life, medical supervision and constant care. Draveil, France, April 17, 2018.\nPortrait de Christophe, r\u00e9sident schizophr\u00e8ne. La R\u00e9sidence Jules Falret apporte un h\u00e9bergement et assure un accompagnement m\u00e9dical et param\u00e9dical, social et \u00e9ducatif (notamment la th\u00e9rapie animale). La R\u00e9sidence accueille des hommes et des femmes ne pouvant effectuer seuls les actes essentiels de la vie et dont l&#039;\u00e9tat requiert une aide \u00e0 la vie quotidienne, une surveillance m\u00e9dicale et des soins constants. Draveil, France, le 17 avril 2018.\"><img decoding=\"async\" width=\"1920\" height=\"1283\" src=\"https:\/\/www.arnaudfonquerne.com\/wp-content\/uploads\/2018\/04\/af-17042018-l1005499.jpg\" class=\"attachment-full size-full\" alt=\"\" loading=\"lazy\" srcset=\"https:\/\/www.arnaudfonquerne.com\/wp-content\/uploads\/2018\/04\/af-17042018-l1005499.jpg 1920w, https:\/\/www.arnaudfonquerne.com\/wp-content\/uploads\/2018\/04\/af-17042018-l1005499-1280x855.jpg 1280w, https:\/\/www.arnaudfonquerne.com\/wp-content\/uploads\/2018\/04\/af-17042018-l1005499-768x513.jpg 768w, https:\/\/www.arnaudfonquerne.com\/wp-content\/uploads\/2018\/04\/af-17042018-l1005499-1536x1026.jpg 1536w, https:\/\/www.arnaudfonquerne.com\/wp-content\/uploads\/2018\/04\/af-17042018-l1005499-600x401.jpg 600w\" sizes=\"auto, (max-width: 1920px) 100vw, 1920px\" \/><\/a><a href=\"https:\/\/www.arnaudfonquerne.com\/wp-content\/uploads\/2018\/04\/af-17042018-l1005723.jpg\" class=\"imagelink\" title=\"The Residence Jules Falret provides accommodation and provides medical and paramedical, social and educational (including animal therapy). The Residence welcomes men and women who can not perform the essential acts of life alone and whose condition requires assistance with daily life, medical supervision and constant care. Draveil, France, April 17, 2018.\rLa R\u00e9sidence Jules Falret apporte un h\u00e9bergement et assure un accompagnement m\u00e9dical et param\u00e9dical, social et \u00e9ducatif (notamment la th\u00e9rapie animale). La R\u00e9sidence accueille des hommes et des femmes ne pouvant effectuer seuls les actes essentiels de la vie et dont l&#039;\u00e9tat requiert une aide \u00e0 la vie quotidienne, une surveillance m\u00e9dicale et des soins constants. Draveil, France, le 17 avril 2018.\"><img decoding=\"async\" width=\"1920\" height=\"1283\" src=\"https:\/\/www.arnaudfonquerne.com\/wp-content\/uploads\/2018\/04\/af-17042018-l1005723.jpg\" class=\"attachment-full size-full\" alt=\"\" loading=\"lazy\" srcset=\"https:\/\/www.arnaudfonquerne.com\/wp-content\/uploads\/2018\/04\/af-17042018-l1005723.jpg 1920w, https:\/\/www.arnaudfonquerne.com\/wp-content\/uploads\/2018\/04\/af-17042018-l1005723-1280x855.jpg 1280w, https:\/\/www.arnaudfonquerne.com\/wp-content\/uploads\/2018\/04\/af-17042018-l1005723-768x513.jpg 768w, https:\/\/www.arnaudfonquerne.com\/wp-content\/uploads\/2018\/04\/af-17042018-l1005723-1536x1026.jpg 1536w, https:\/\/www.arnaudfonquerne.com\/wp-content\/uploads\/2018\/04\/af-17042018-l1005723-600x401.jpg 600w\" sizes=\"auto, (max-width: 1920px) 100vw, 1920px\" \/><\/a><a href=\"https:\/\/www.arnaudfonquerne.com\/wp-content\/uploads\/2018\/04\/af-11042018-l1004563.jpg\" class=\"imagelink\" title=\"David&#039;s room, Residence Les Sources. Residence Les Sources welcomes adults who can not work. The residence brings the educational and therapeutic services indissociable to promote well-being and autonomy. On April 11, 2018, in Fontenay-le-Fleury, France.\nLa chambre de David, R\u00e9sidence Les Sources. La R\u00e9sidence Les Sources accueille des adultes ne pouvant pas exercer d&#039;activit\u00e9 professionnelle. La r\u00e9sidence apporte les prestations \u00e9ducatives et th\u00e9rapeutiques indissociables pour favoriser bien-\u00eatre et autonomie. Le 11 avril 2018, \u00e0 Fontenay-le-Fleury, France.\"><img decoding=\"async\" width=\"1920\" height=\"1283\" src=\"https:\/\/www.arnaudfonquerne.com\/wp-content\/uploads\/2018\/04\/af-11042018-l1004563.jpg\" class=\"attachment-full size-full\" alt=\"\" loading=\"lazy\" srcset=\"https:\/\/www.arnaudfonquerne.com\/wp-content\/uploads\/2018\/04\/af-11042018-l1004563.jpg 1920w, https:\/\/www.arnaudfonquerne.com\/wp-content\/uploads\/2018\/04\/af-11042018-l1004563-1280x855.jpg 1280w, https:\/\/www.arnaudfonquerne.com\/wp-content\/uploads\/2018\/04\/af-11042018-l1004563-768x513.jpg 768w, https:\/\/www.arnaudfonquerne.com\/wp-content\/uploads\/2018\/04\/af-11042018-l1004563-1536x1026.jpg 1536w, https:\/\/www.arnaudfonquerne.com\/wp-content\/uploads\/2018\/04\/af-11042018-l1004563-600x401.jpg 600w\" sizes=\"auto, (max-width: 1920px) 100vw, 1920px\" \/><\/a><\/div><\/div>\n<!-- SERIES-GALLERY-END -->\n\n","protected":false},"featured_media":4565,"template":"","meta":{"_acf_changed":false,"_gspb_post_css":""},"categorie-series":[208],"class_list":["post-7485","series","type-series","status-publish","has-post-thumbnail","hentry","categorie-series-stories"],"acf":[],"_links":{"self":[{"href":"https:\/\/www.arnaudfonquerne.com\/en\/wp-json\/wp\/v2\/series\/7485","targetHints":{"allow":["GET"]}}],"collection":[{"href":"https:\/\/www.arnaudfonquerne.com\/en\/wp-json\/wp\/v2\/series"}],"about":[{"href":"https:\/\/www.arnaudfonquerne.com\/en\/wp-json\/wp\/v2\/types\/series"}],"wp:featuredmedia":[{"embeddable":true,"href":"https:\/\/www.arnaudfonquerne.com\/en\/wp-json\/wp\/v2\/media\/4565"}],"wp:attachment":[{"href":"https:\/\/www.arnaudfonquerne.com\/en\/wp-json\/wp\/v2\/media?parent=7485"}],"wp:term":[{"taxonomy":"categorie-series","embeddable":true,"href":"https:\/\/www.arnaudfonquerne.com\/en\/wp-json\/wp\/v2\/categorie-series?post=7485"}],"curies":[{"name":"wp","href":"https:\/\/api.w.org\/{rel}","templated":true}]}}